{"id":19268,"date":"2019-09-13T09:50:00","date_gmt":"2019-09-13T07:50:00","guid":{"rendered":"https:\/\/ffbozen.it\/de\/einsatzberichte\/grossflaechige-ueberschwemmung\/"},"modified":"2019-09-13T09:50:00","modified_gmt":"2019-09-13T07:50:00","slug":"grossflaechige-ueberschwemmung","status":"publish","type":"einsatz","link":"https:\/\/ffbozen.it\/de\/einsatzberichte\/grossflaechige-ueberschwemmung\/","title":{"rendered":"Gro\u00dffl\u00e4chige \u00dcberschwemmung"},"content":{"rendered":"<p>Am heutigen Freitagvormittag kam es im Einkaufszentrum &#8222;Centrum&#8220; aufgrund eines technischen Defekts einer Schwimmbadanlage zu einer gro\u00dffl\u00e4chigen \u00fcberschwemmung eines Elektrofachgesch\u00e4fts f\u00fcr Haushaltsartikel. Die betroffene Verkaufsfl\u00e4che wurde von mehreren Einsatzmannschaften der Berufsfeuerwehr sowie der Freiwilligen Feuerwehr Bozen mit Wassersaugern von den Wassermengen befreit und das Inventar mit Abdeckmaterial vor weiteren Sch\u00e4den gesch\u00fctzt.<\/p>\n","protected":false},"author":5,"featured_media":0,"template":"","meta":{"einsatz_weight":1},"categories":[],"einsatzart":[99],"fahrzeug":[5,4],"exteinsatzmittel":[15,260],"alarmierungsart":[],"evw_unit":[],"yoast_head":"<!-- This site is optimized with the Yoast SEO plugin v20.4 - https:\/\/yoast.com\/wordpress\/plugins\/seo\/ -->\n<title>Gro\u00dffl\u00e4chige \u00dcberschwemmung - Freiwillige Feuerwehr Bozen EO<\/title>\n<meta name=\"robots\" content=\"index, follow, max-snippet:-1, max-image-preview:large, max-video-preview:-1\" \/>\n<link rel=\"canonical\" href=\"https:\/\/ffbozen.it\/de\/einsatzberichte\/grossflaechige-ueberschwemmung\/\" \/>\n<meta property=\"og:locale\" content=\"de_DE\" \/>\n<meta property=\"og:type\" content=\"article\" \/>\n<meta property=\"og:title\" content=\"Gro\u00dffl\u00e4chige \u00dcberschwemmung - Freiwillige Feuerwehr Bozen EO\" \/>\n<meta property=\"og:description\" content=\"Am heutigen Freitagvormittag kam es im Einkaufszentrum &#8222;Centrum&#8220; aufgrund eines technischen Defekts einer Schwimmbadanlage zu einer gro\u00dffl\u00e4chigen \u00fcberschwemmung eines Elektrofachgesch\u00e4fts f\u00fcr Haushaltsartikel. Die betroffene Verkaufsfl\u00e4che wurde von mehreren Einsatzmannschaften der Berufsfeuerwehr sowie der Freiwilligen Feuerwehr Bozen mit Wassersaugern von den Wassermengen befreit und das Inventar mit Abdeckmaterial vor weiteren Sch\u00e4den gesch\u00fctzt.\" \/>\n<meta property=\"og:url\" content=\"https:\/\/ffbozen.it\/de\/einsatzberichte\/grossflaechige-ueberschwemmung\/\" \/>\n<meta property=\"og:site_name\" content=\"Freiwillige Feuerwehr Bozen EO\" \/>\n<meta property=\"article:publisher\" content=\"https:\/\/www.facebook.com\/ff.bozen\" \/>\n<meta name=\"twitter:card\" content=\"summary_large_image\" \/>\n<script type=\"application\/ld+json\" class=\"yoast-schema-graph\">{\"@context\":\"https:\/\/schema.org\",\"@graph\":[{\"@type\":\"WebPage\",\"@id\":\"https:\/\/ffbozen.it\/de\/einsatzberichte\/grossflaechige-ueberschwemmung\/\",\"url\":\"https:\/\/ffbozen.it\/de\/einsatzberichte\/grossflaechige-ueberschwemmung\/\",\"name\":\"Gro\u00dffl\u00e4chige \u00dcberschwemmung - Freiwillige Feuerwehr Bozen EO\",\"isPartOf\":{\"@id\":\"https:\/\/ffbozen.it\/de\/#website\"},\"datePublished\":\"2019-09-13T07:50:00+00:00\",\"dateModified\":\"2019-09-13T07:50:00+00:00\",\"breadcrumb\":{\"@id\":\"https:\/\/ffbozen.it\/de\/einsatzberichte\/grossflaechige-ueberschwemmung\/#breadcrumb\"},\"inLanguage\":\"de\",\"potentialAction\":[{\"@type\":\"ReadAction\",\"target\":[\"https:\/\/ffbozen.it\/de\/einsatzberichte\/grossflaechige-ueberschwemmung\/\"]}]},{\"@type\":\"BreadcrumbList\",\"@id\":\"https:\/\/ffbozen.it\/de\/einsatzberichte\/grossflaechige-ueberschwemmung\/#breadcrumb\",\"itemListElement\":[{\"@type\":\"ListItem\",\"position\":1,\"name\":\"Startseite\",\"item\":\"https:\/\/ffbozen.it\/de\/\"},{\"@type\":\"ListItem\",\"position\":2,\"name\":\"Einsatzberichte\",\"item\":\"https:\/\/ffbozen.it\/de\/einsatzberichte\/\"},{\"@type\":\"ListItem\",\"position\":3,\"name\":\"Gro\u00dffl\u00e4chige \u00dcberschwemmung\"}]},{\"@type\":\"WebSite\",\"@id\":\"https:\/\/ffbozen.it\/de\/#website\",\"url\":\"https:\/\/ffbozen.it\/de\/\",\"name\":\"Freiwillige Feuerwehr Bozen EO\",\"description\":\"\",\"publisher\":{\"@id\":\"https:\/\/ffbozen.it\/de\/#organization\"},\"potentialAction\":[{\"@type\":\"SearchAction\",\"target\":{\"@type\":\"EntryPoint\",\"urlTemplate\":\"https:\/\/ffbozen.it\/de\/?s={search_term_string}\"},\"query-input\":\"required name=search_term_string\"}],\"inLanguage\":\"de\"},{\"@type\":\"Organization\",\"@id\":\"https:\/\/ffbozen.it\/de\/#organization\",\"name\":\"Freiwillige Feuerwehr Bozen\",\"url\":\"https:\/\/ffbozen.it\/de\/\",\"logo\":{\"@type\":\"ImageObject\",\"inLanguage\":\"de\",\"@id\":\"https:\/\/ffbozen.it\/de\/#\/schema\/logo\/image\/\",\"url\":\"https:\/\/ffbozen.it\/de\/wp-content\/uploads\/2020\/11\/Logo-ohne-Text-scaled-e1606231422963.jpg\",\"contentUrl\":\"https:\/\/ffbozen.it\/de\/wp-content\/uploads\/2020\/11\/Logo-ohne-Text-scaled-e1606231422963.jpg\",\"width\":350,\"height\":140,\"caption\":\"Freiwillige Feuerwehr Bozen\"},\"image\":{\"@id\":\"https:\/\/ffbozen.it\/de\/#\/schema\/logo\/image\/\"},\"sameAs\":[\"https:\/\/www.facebook.com\/ff.bozen\",\"https:\/\/www.instagram.com\/ff.bozen\/\"]}]}<\/script>\n<!-- \/ Yoast SEO plugin. -->","yoast_head_json":{"title":"Gro\u00dffl\u00e4chige \u00dcberschwemmung - Freiwillige Feuerwehr Bozen EO","robots":{"index":"index","follow":"follow","max-snippet":"max-snippet:-1","max-image-preview":"max-image-preview:large","max-video-preview":"max-video-preview:-1"},"canonical":"https:\/\/ffbozen.it\/de\/einsatzberichte\/grossflaechige-ueberschwemmung\/","og_locale":"de_DE","og_type":"article","og_title":"Gro\u00dffl\u00e4chige \u00dcberschwemmung - Freiwillige Feuerwehr Bozen EO","og_description":"Am heutigen Freitagvormittag kam es im Einkaufszentrum &#8222;Centrum&#8220; aufgrund eines technischen Defekts einer Schwimmbadanlage zu einer gro\u00dffl\u00e4chigen \u00fcberschwemmung eines Elektrofachgesch\u00e4fts f\u00fcr Haushaltsartikel. Die betroffene Verkaufsfl\u00e4che wurde von mehreren Einsatzmannschaften der Berufsfeuerwehr sowie der Freiwilligen Feuerwehr Bozen mit Wassersaugern von den Wassermengen befreit und das Inventar mit Abdeckmaterial vor weiteren Sch\u00e4den gesch\u00fctzt.","og_url":"https:\/\/ffbozen.it\/de\/einsatzberichte\/grossflaechige-ueberschwemmung\/","og_site_name":"Freiwillige Feuerwehr Bozen EO","article_publisher":"https:\/\/www.facebook.com\/ff.bozen","twitter_card":"summary_large_image","schema":{"@context":"https:\/\/schema.org","@graph":[{"@type":"WebPage","@id":"https:\/\/ffbozen.it\/de\/einsatzberichte\/grossflaechige-ueberschwemmung\/","url":"https:\/\/ffbozen.it\/de\/einsatzberichte\/grossflaechige-ueberschwemmung\/","name":"Gro\u00dffl\u00e4chige \u00dcberschwemmung - Freiwillige Feuerwehr Bozen EO","isPartOf":{"@id":"https:\/\/ffbozen.it\/de\/#website"},"datePublished":"2019-09-13T07:50:00+00:00","dateModified":"2019-09-13T07:50:00+00:00","breadcrumb":{"@id":"https:\/\/ffbozen.it\/de\/einsatzberichte\/grossflaechige-ueberschwemmung\/#breadcrumb"},"inLanguage":"de","potentialAction":[{"@type":"ReadAction","target":["https:\/\/ffbozen.it\/de\/einsatzberichte\/grossflaechige-ueberschwemmung\/"]}]},{"@type":"BreadcrumbList","@id":"https:\/\/ffbozen.it\/de\/einsatzberichte\/grossflaechige-ueberschwemmung\/#breadcrumb","itemListElement":[{"@type":"ListItem","position":1,"name":"Startseite","item":"https:\/\/ffbozen.it\/de\/"},{"@type":"ListItem","position":2,"name":"Einsatzberichte","item":"https:\/\/ffbozen.it\/de\/einsatzberichte\/"},{"@type":"ListItem","position":3,"name":"Gro\u00dffl\u00e4chige \u00dcberschwemmung"}]},{"@type":"WebSite","@id":"https:\/\/ffbozen.it\/de\/#website","url":"https:\/\/ffbozen.it\/de\/","name":"Freiwillige Feuerwehr Bozen EO","description":"","publisher":{"@id":"https:\/\/ffbozen.it\/de\/#organization"},"potentialAction":[{"@type":"SearchAction","target":{"@type":"EntryPoint","urlTemplate":"https:\/\/ffbozen.it\/de\/?s={search_term_string}"},"query-input":"required name=search_term_string"}],"inLanguage":"de"},{"@type":"Organization","@id":"https:\/\/ffbozen.it\/de\/#organization","name":"Freiwillige Feuerwehr Bozen","url":"https:\/\/ffbozen.it\/de\/","logo":{"@type":"ImageObject","inLanguage":"de","@id":"https:\/\/ffbozen.it\/de\/#\/schema\/logo\/image\/","url":"https:\/\/ffbozen.it\/de\/wp-content\/uploads\/2020\/11\/Logo-ohne-Text-scaled-e1606231422963.jpg","contentUrl":"https:\/\/ffbozen.it\/de\/wp-content\/uploads\/2020\/11\/Logo-ohne-Text-scaled-e1606231422963.jpg","width":350,"height":140,"caption":"Freiwillige Feuerwehr Bozen"},"image":{"@id":"https:\/\/ffbozen.it\/de\/#\/schema\/logo\/image\/"},"sameAs":["https:\/\/www.facebook.com\/ff.bozen","https:\/\/www.instagram.com\/ff.bozen\/"]}]}},"_links":{"self":[{"href":"https:\/\/ffbozen.it\/de\/wp-json\/wp\/v2\/einsatz\/19268"}],"collection":[{"href":"https:\/\/ffbozen.it\/de\/wp-json\/wp\/v2\/einsatz"}],"about":[{"href":"https:\/\/ffbozen.it\/de\/wp-json\/wp\/v2\/types\/einsatz"}],"author":[{"embeddable":true,"href":"https:\/\/ffbozen.it\/de\/wp-json\/wp\/v2\/users\/5"}],"version-history":[{"count":0,"href":"https:\/\/ffbozen.it\/de\/wp-json\/wp\/v2\/einsatz\/19268\/revisions"}],"wp:attachment":[{"href":"https:\/\/ffbozen.it\/de\/wp-json\/wp\/v2\/media?parent=19268"}],"wp:term":[{"taxonomy":"category","embeddable":true,"href":"https:\/\/ffbozen.it\/de\/wp-json\/wp\/v2\/categories?post=19268"},{"taxonomy":"einsatzart","embeddable":true,"href":"https:\/\/ffbozen.it\/de\/wp-json\/wp\/v2\/einsatzart?post=19268"},{"taxonomy":"fahrzeug","embeddable":true,"href":"https:\/\/ffbozen.it\/de\/wp-json\/wp\/v2\/fahrzeug?post=19268"},{"taxonomy":"exteinsatzmittel","embeddable":true,"href":"https:\/\/ffbozen.it\/de\/wp-json\/wp\/v2\/exteinsatzmittel?post=19268"},{"taxonomy":"alarmierungsart","embeddable":true,"href":"https:\/\/ffbozen.it\/de\/wp-json\/wp\/v2\/alarmierungsart?post=19268"},{"taxonomy":"evw_unit","embeddable":true,"href":"https:\/\/ffbozen.it\/de\/wp-json\/wp\/v2\/evw_unit?post=19268"}],"curies":[{"name":"wp","href":"https:\/\/api.w.org\/{rel}","templated":true}]}}