{"id":22621,"date":"2021-03-18T13:22:00","date_gmt":"2021-03-18T12:22:00","guid":{"rendered":"https:\/\/ffbozen.it\/de\/?post_type=einsatz&#038;p=22621"},"modified":"2021-03-18T16:02:40","modified_gmt":"2021-03-18T15:02:40","slug":"fahrzeugbrand-3","status":"publish","type":"einsatz","link":"https:\/\/ffbozen.it\/de\/einsatzberichte\/fahrzeugbrand-3\/","title":{"rendered":"Fahrzeugbrand"},"content":{"rendered":"<div class=\"gridContainer\">\n<p>Am fr\u00fchen Nachmittag des heutigen Donnerstag ereignete sich auf der Gemeindestra\u00dfe nach Kohlern ein PKW-Brand. Aus bisher nicht n\u00e4her bekannten Gr\u00fcnden fing ein Personenkraftwagen der Marke BMW Feuer und brannte trotz des schnellen Eingreifens der Feuerwehr nahezu vollst\u00e4ndig aus. Weithin sichtbar war auch die durch den Brand verursachte Rauchentwicklung, welche vom Bozner Talkessel aus gut sichtbar war. Der Brand konnte rasch gel\u00f6scht werden am Fahrzeug entstand jedoch Totalschaden.<br>Im Einsatz standen die Berufsfeuerwehr und die Freiwillige Feuerwehr Bozen sowie der Streifendienst der Staatspolizei von Bozen. N\u00e4here Untersuchungen zur Brandursache wurden eingeleitet. Die Stra\u00dfe von Bozen nach Kohlern wurde f\u00fcr die Dauer des Einsatzes f\u00fcr den Verkehr gesperrt.<\/p>\n<\/div>\n\n<div class=\"wp-container-2 wp-block-gallery-1 gridContainer\">\n<figure class=\"wp-block-gallery columns-2\"><ul class=\"blocks-gallery-grid\"><li class=\"blocks-gallery-item\"><figure><a href=\"https:\/\/ffbozen.it\/de\/wp-content\/uploads\/2021\/03\/Foto-2.jpg\"><img loading=\"lazy\" width=\"138\" height=\"300\" src=\"https:\/\/ffbozen.it\/de\/wp-content\/uploads\/2021\/03\/Foto-2-138x300.jpg\" alt=\"\" data-id=\"22622\" data-full-url=\"https:\/\/ffbozen.it\/de\/wp-content\/uploads\/2021\/03\/Foto-2.jpg\" data-link=\"https:\/\/ffbozen.it\/de\/?attachment_id=22622\" class=\"wp-image-22622\" srcset=\"https:\/\/ffbozen.it\/de\/wp-content\/uploads\/2021\/03\/Foto-2-138x300.jpg 138w, https:\/\/ffbozen.it\/de\/wp-content\/uploads\/2021\/03\/Foto-2.jpg 354w\" sizes=\"(max-width: 138px) 100vw, 138px\" \/><\/a><\/figure><\/li><li class=\"blocks-gallery-item\"><figure><a href=\"https:\/\/ffbozen.it\/de\/wp-content\/uploads\/2021\/03\/Foto-1.jpg\"><img loading=\"lazy\" width=\"300\" height=\"169\" src=\"https:\/\/ffbozen.it\/de\/wp-content\/uploads\/2021\/03\/Foto-1-300x169.jpg\" alt=\"\" data-id=\"22623\" data-full-url=\"https:\/\/ffbozen.it\/de\/wp-content\/uploads\/2021\/03\/Foto-1.jpg\" data-link=\"https:\/\/ffbozen.it\/de\/?attachment_id=22623\" class=\"wp-image-22623\" srcset=\"https:\/\/ffbozen.it\/de\/wp-content\/uploads\/2021\/03\/Foto-1-300x169.jpg 300w, https:\/\/ffbozen.it\/de\/wp-content\/uploads\/2021\/03\/Foto-1-768x432.jpg 768w, https:\/\/ffbozen.it\/de\/wp-content\/uploads\/2021\/03\/Foto-1.jpg 1024w\" sizes=\"(max-width: 300px) 100vw, 300px\" \/><\/a><\/figure><\/li><\/ul><\/figure>\n<\/div>\n\n<div class=\"gridContainer\">\n<p><\/p>\n<\/div>","protected":false},"author":5,"featured_media":0,"template":"","meta":{"einsatz_weight":1},"categories":[],"einsatzart":[112],"fahrzeug":[85,90],"exteinsatzmittel":[19,15],"alarmierungsart":[],"evw_unit":[266],"yoast_head":"<!-- This site is optimized with the Yoast SEO plugin v20.4 - https:\/\/yoast.com\/wordpress\/plugins\/seo\/ -->\n<title>Fahrzeugbrand - Freiwillige Feuerwehr Bozen EO<\/title>\n<meta name=\"robots\" content=\"index, follow, max-snippet:-1, max-image-preview:large, max-video-preview:-1\" \/>\n<link rel=\"canonical\" href=\"https:\/\/ffbozen.it\/de\/einsatzberichte\/fahrzeugbrand-3\/\" \/>\n<meta property=\"og:locale\" content=\"de_DE\" \/>\n<meta property=\"og:type\" content=\"article\" \/>\n<meta property=\"og:title\" content=\"Fahrzeugbrand - Freiwillige Feuerwehr Bozen EO\" \/>\n<meta property=\"og:description\" content=\"Am fr\u00fchen Nachmittag des heutigen Donnerstag ereignete sich auf der Gemeindestra\u00dfe nach Kohlern ein PKW-Brand. Aus bisher nicht n\u00e4her bekannten Gr\u00fcnden fing ein Personenkraftwagen der Marke BMW Feuer und brannte trotz des schnellen Eingreifens der Feuerwehr nahezu vollst\u00e4ndig aus. Weithin sichtbar war auch die durch den Brand verursachte Rauchentwicklung, welche vom Bozner Talkessel aus gut&nbsp;&hellip;\" \/>\n<meta property=\"og:url\" content=\"https:\/\/ffbozen.it\/de\/einsatzberichte\/fahrzeugbrand-3\/\" \/>\n<meta property=\"og:site_name\" content=\"Freiwillige Feuerwehr Bozen EO\" \/>\n<meta property=\"article:publisher\" content=\"https:\/\/www.facebook.com\/ff.bozen\" \/>\n<meta property=\"article:modified_time\" content=\"2021-03-18T15:02:40+00:00\" \/>\n<meta property=\"og:image\" content=\"https:\/\/ffbozen.it\/de\/wp-content\/uploads\/2021\/03\/Foto-2-138x300.jpg\" \/>\n<meta name=\"twitter:card\" content=\"summary_large_image\" \/>\n<meta name=\"twitter:label1\" content=\"Gesch\u00e4tzte Lesezeit\" \/>\n\t<meta name=\"twitter:data1\" content=\"1\u00a0Minute\" \/>\n<script type=\"application\/ld+json\" class=\"yoast-schema-graph\">{\"@context\":\"https:\/\/schema.org\",\"@graph\":[{\"@type\":\"WebPage\",\"@id\":\"https:\/\/ffbozen.it\/de\/einsatzberichte\/fahrzeugbrand-3\/\",\"url\":\"https:\/\/ffbozen.it\/de\/einsatzberichte\/fahrzeugbrand-3\/\",\"name\":\"Fahrzeugbrand - Freiwillige Feuerwehr Bozen EO\",\"isPartOf\":{\"@id\":\"https:\/\/ffbozen.it\/de\/#website\"},\"datePublished\":\"2021-03-18T12:22:00+00:00\",\"dateModified\":\"2021-03-18T15:02:40+00:00\",\"breadcrumb\":{\"@id\":\"https:\/\/ffbozen.it\/de\/einsatzberichte\/fahrzeugbrand-3\/#breadcrumb\"},\"inLanguage\":\"de\",\"potentialAction\":[{\"@type\":\"ReadAction\",\"target\":[\"https:\/\/ffbozen.it\/de\/einsatzberichte\/fahrzeugbrand-3\/\"]}]},{\"@type\":\"BreadcrumbList\",\"@id\":\"https:\/\/ffbozen.it\/de\/einsatzberichte\/fahrzeugbrand-3\/#breadcrumb\",\"itemListElement\":[{\"@type\":\"ListItem\",\"position\":1,\"name\":\"Startseite\",\"item\":\"https:\/\/ffbozen.it\/de\/\"},{\"@type\":\"ListItem\",\"position\":2,\"name\":\"Einsatzberichte\",\"item\":\"https:\/\/ffbozen.it\/de\/einsatzberichte\/\"},{\"@type\":\"ListItem\",\"position\":3,\"name\":\"Fahrzeugbrand\"}]},{\"@type\":\"WebSite\",\"@id\":\"https:\/\/ffbozen.it\/de\/#website\",\"url\":\"https:\/\/ffbozen.it\/de\/\",\"name\":\"Freiwillige Feuerwehr Bozen EO\",\"description\":\"\",\"publisher\":{\"@id\":\"https:\/\/ffbozen.it\/de\/#organization\"},\"potentialAction\":[{\"@type\":\"SearchAction\",\"target\":{\"@type\":\"EntryPoint\",\"urlTemplate\":\"https:\/\/ffbozen.it\/de\/?s={search_term_string}\"},\"query-input\":\"required name=search_term_string\"}],\"inLanguage\":\"de\"},{\"@type\":\"Organization\",\"@id\":\"https:\/\/ffbozen.it\/de\/#organization\",\"name\":\"Freiwillige Feuerwehr Bozen\",\"url\":\"https:\/\/ffbozen.it\/de\/\",\"logo\":{\"@type\":\"ImageObject\",\"inLanguage\":\"de\",\"@id\":\"https:\/\/ffbozen.it\/de\/#\/schema\/logo\/image\/\",\"url\":\"https:\/\/ffbozen.it\/de\/wp-content\/uploads\/2020\/11\/Logo-ohne-Text-scaled-e1606231422963.jpg\",\"contentUrl\":\"https:\/\/ffbozen.it\/de\/wp-content\/uploads\/2020\/11\/Logo-ohne-Text-scaled-e1606231422963.jpg\",\"width\":350,\"height\":140,\"caption\":\"Freiwillige Feuerwehr Bozen\"},\"image\":{\"@id\":\"https:\/\/ffbozen.it\/de\/#\/schema\/logo\/image\/\"},\"sameAs\":[\"https:\/\/www.facebook.com\/ff.bozen\",\"https:\/\/www.instagram.com\/ff.bozen\/\"]}]}<\/script>\n<!-- \/ Yoast SEO plugin. -->","yoast_head_json":{"title":"Fahrzeugbrand - Freiwillige Feuerwehr Bozen EO","robots":{"index":"index","follow":"follow","max-snippet":"max-snippet:-1","max-image-preview":"max-image-preview:large","max-video-preview":"max-video-preview:-1"},"canonical":"https:\/\/ffbozen.it\/de\/einsatzberichte\/fahrzeugbrand-3\/","og_locale":"de_DE","og_type":"article","og_title":"Fahrzeugbrand - Freiwillige Feuerwehr Bozen EO","og_description":"Am fr\u00fchen Nachmittag des heutigen Donnerstag ereignete sich auf der Gemeindestra\u00dfe nach Kohlern ein PKW-Brand. Aus bisher nicht n\u00e4her bekannten Gr\u00fcnden fing ein Personenkraftwagen der Marke BMW Feuer und brannte trotz des schnellen Eingreifens der Feuerwehr nahezu vollst\u00e4ndig aus. Weithin sichtbar war auch die durch den Brand verursachte Rauchentwicklung, welche vom Bozner Talkessel aus gut&nbsp;&hellip;","og_url":"https:\/\/ffbozen.it\/de\/einsatzberichte\/fahrzeugbrand-3\/","og_site_name":"Freiwillige Feuerwehr Bozen EO","article_publisher":"https:\/\/www.facebook.com\/ff.bozen","article_modified_time":"2021-03-18T15:02:40+00:00","og_image":[{"url":"https:\/\/ffbozen.it\/de\/wp-content\/uploads\/2021\/03\/Foto-2-138x300.jpg"}],"twitter_card":"summary_large_image","twitter_misc":{"Gesch\u00e4tzte Lesezeit":"1\u00a0Minute"},"schema":{"@context":"https:\/\/schema.org","@graph":[{"@type":"WebPage","@id":"https:\/\/ffbozen.it\/de\/einsatzberichte\/fahrzeugbrand-3\/","url":"https:\/\/ffbozen.it\/de\/einsatzberichte\/fahrzeugbrand-3\/","name":"Fahrzeugbrand - Freiwillige Feuerwehr Bozen EO","isPartOf":{"@id":"https:\/\/ffbozen.it\/de\/#website"},"datePublished":"2021-03-18T12:22:00+00:00","dateModified":"2021-03-18T15:02:40+00:00","breadcrumb":{"@id":"https:\/\/ffbozen.it\/de\/einsatzberichte\/fahrzeugbrand-3\/#breadcrumb"},"inLanguage":"de","potentialAction":[{"@type":"ReadAction","target":["https:\/\/ffbozen.it\/de\/einsatzberichte\/fahrzeugbrand-3\/"]}]},{"@type":"BreadcrumbList","@id":"https:\/\/ffbozen.it\/de\/einsatzberichte\/fahrzeugbrand-3\/#breadcrumb","itemListElement":[{"@type":"ListItem","position":1,"name":"Startseite","item":"https:\/\/ffbozen.it\/de\/"},{"@type":"ListItem","position":2,"name":"Einsatzberichte","item":"https:\/\/ffbozen.it\/de\/einsatzberichte\/"},{"@type":"ListItem","position":3,"name":"Fahrzeugbrand"}]},{"@type":"WebSite","@id":"https:\/\/ffbozen.it\/de\/#website","url":"https:\/\/ffbozen.it\/de\/","name":"Freiwillige Feuerwehr Bozen EO","description":"","publisher":{"@id":"https:\/\/ffbozen.it\/de\/#organization"},"potentialAction":[{"@type":"SearchAction","target":{"@type":"EntryPoint","urlTemplate":"https:\/\/ffbozen.it\/de\/?s={search_term_string}"},"query-input":"required name=search_term_string"}],"inLanguage":"de"},{"@type":"Organization","@id":"https:\/\/ffbozen.it\/de\/#organization","name":"Freiwillige Feuerwehr Bozen","url":"https:\/\/ffbozen.it\/de\/","logo":{"@type":"ImageObject","inLanguage":"de","@id":"https:\/\/ffbozen.it\/de\/#\/schema\/logo\/image\/","url":"https:\/\/ffbozen.it\/de\/wp-content\/uploads\/2020\/11\/Logo-ohne-Text-scaled-e1606231422963.jpg","contentUrl":"https:\/\/ffbozen.it\/de\/wp-content\/uploads\/2020\/11\/Logo-ohne-Text-scaled-e1606231422963.jpg","width":350,"height":140,"caption":"Freiwillige Feuerwehr Bozen"},"image":{"@id":"https:\/\/ffbozen.it\/de\/#\/schema\/logo\/image\/"},"sameAs":["https:\/\/www.facebook.com\/ff.bozen","https:\/\/www.instagram.com\/ff.bozen\/"]}]}},"_links":{"self":[{"href":"https:\/\/ffbozen.it\/de\/wp-json\/wp\/v2\/einsatz\/22621"}],"collection":[{"href":"https:\/\/ffbozen.it\/de\/wp-json\/wp\/v2\/einsatz"}],"about":[{"href":"https:\/\/ffbozen.it\/de\/wp-json\/wp\/v2\/types\/einsatz"}],"author":[{"embeddable":true,"href":"https:\/\/ffbozen.it\/de\/wp-json\/wp\/v2\/users\/5"}],"version-history":[{"count":2,"href":"https:\/\/ffbozen.it\/de\/wp-json\/wp\/v2\/einsatz\/22621\/revisions"}],"predecessor-version":[{"id":22626,"href":"https:\/\/ffbozen.it\/de\/wp-json\/wp\/v2\/einsatz\/22621\/revisions\/22626"}],"wp:attachment":[{"href":"https:\/\/ffbozen.it\/de\/wp-json\/wp\/v2\/media?parent=22621"}],"wp:term":[{"taxonomy":"category","embeddable":true,"href":"https:\/\/ffbozen.it\/de\/wp-json\/wp\/v2\/categories?post=22621"},{"taxonomy":"einsatzart","embeddable":true,"href":"https:\/\/ffbozen.it\/de\/wp-json\/wp\/v2\/einsatzart?post=22621"},{"taxonomy":"fahrzeug","embeddable":true,"href":"https:\/\/ffbozen.it\/de\/wp-json\/wp\/v2\/fahrzeug?post=22621"},{"taxonomy":"exteinsatzmittel","embeddable":true,"href":"https:\/\/ffbozen.it\/de\/wp-json\/wp\/v2\/exteinsatzmittel?post=22621"},{"taxonomy":"alarmierungsart","embeddable":true,"href":"https:\/\/ffbozen.it\/de\/wp-json\/wp\/v2\/alarmierungsart?post=22621"},{"taxonomy":"evw_unit","embeddable":true,"href":"https:\/\/ffbozen.it\/de\/wp-json\/wp\/v2\/evw_unit?post=22621"}],"curies":[{"name":"wp","href":"https:\/\/api.w.org\/{rel}","templated":true}]}}