{"id":23229,"date":"2022-04-18T18:36:00","date_gmt":"2022-04-18T16:36:00","guid":{"rendered":"https:\/\/ffbozen.it\/de\/?post_type=einsatz&#038;p=23229"},"modified":"2022-04-20T10:40:14","modified_gmt":"2022-04-20T08:40:14","slug":"wald-und-gebaeudebrand","status":"publish","type":"einsatz","link":"https:\/\/ffbozen.it\/de\/einsatzberichte\/wald-und-gebaeudebrand\/","title":{"rendered":"Geb\u00e4ude- und Waldbrand"},"content":{"rendered":"<div class=\"gridContainer\">\n<p>Am sp\u00e4ten Nachmittag des diesj\u00e4hrigen Ostermontages wurde die Freiwillige Feuerwehr Bozen wegen eines Brandeinsatzes zum Virgl gerufen.<\/p>\n<\/div>\n\n<div class=\"gridContainer\">\n<p>W\u00e4hrend urspr\u00fcnglich von einem reinen Waldbrand ausgegangen wurde, stellte sich vor Ort heraus, dass ein Anbau eines Wohngeb\u00e4udes Feuer gefangen hatte, wobei die Flammen in Folge auf den angrenzenden Wald \u00fcbergegriffen haben. Nur Dank eines komplexen mehrst\u00fcndigen Einsatzes unter schweren Atemschutz gelang es den Einsatzkr\u00e4ften die Flammen unter Kontrolle zu bringen. Ein Ausbreiten des Feuers auf naheliegende Geb\u00e4ude konnte rechtzeitig verhindert werden.<\/p>\n<\/div>\n\n<div class=\"gridContainer\">\n<p>F\u00fcr die Bek\u00e4mpfung des angrenzenden Waldbrandes wurde unter anderem auch ein L\u00f6schhubschrauber zur Unterst\u00fctzung hinzugezogen.<\/p>\n<\/div>\n\n<div class=\"gridContainer\">\n<p>Der Einsatz konnte f\u00fcr die Freiwillige Feuerwehr Bozen um kurz nach Mitternacht beendet werden.<\/p>\n<\/div>\n\n<div class=\"wp-container-2 wp-block-gallery-1 gridContainer\">\n<figure class=\"wp-block-gallery has-nested-images columns-2 is-cropped\"><div class=\"gridContainer\">\n<figure class=\"wp-block-image size-large\"><a href=\"https:\/\/ffbozen.it\/de\/wp-content\/uploads\/2022\/04\/1.jpg\"><img loading=\"lazy\" width=\"768\" height=\"768\" data-id=\"23239\"  src=\"https:\/\/ffbozen.it\/de\/wp-content\/uploads\/2022\/04\/1.jpg\" alt=\"\" class=\"wp-image-23239\" srcset=\"https:\/\/ffbozen.it\/de\/wp-content\/uploads\/2022\/04\/1.jpg 768w, https:\/\/ffbozen.it\/de\/wp-content\/uploads\/2022\/04\/1-300x300.jpg 300w, https:\/\/ffbozen.it\/de\/wp-content\/uploads\/2022\/04\/1-150x150.jpg 150w\" sizes=\"(max-width: 768px) 100vw, 768px\" \/><\/a><\/figure>\n<\/div>\n\n<div class=\"gridContainer\">\n<figure class=\"wp-block-image size-large\"><a href=\"https:\/\/ffbozen.it\/de\/wp-content\/uploads\/2022\/04\/2.jpg\"><img loading=\"lazy\" width=\"769\" height=\"768\" data-id=\"23235\"  src=\"https:\/\/ffbozen.it\/de\/wp-content\/uploads\/2022\/04\/2.jpg\" alt=\"\" class=\"wp-image-23235\" srcset=\"https:\/\/ffbozen.it\/de\/wp-content\/uploads\/2022\/04\/2.jpg 769w, https:\/\/ffbozen.it\/de\/wp-content\/uploads\/2022\/04\/2-300x300.jpg 300w, https:\/\/ffbozen.it\/de\/wp-content\/uploads\/2022\/04\/2-150x150.jpg 150w\" sizes=\"(max-width: 769px) 100vw, 769px\" \/><\/a><\/figure>\n<\/div>\n\n<div class=\"gridContainer\">\n<figure class=\"wp-block-image size-large\"><a href=\"https:\/\/ffbozen.it\/de\/wp-content\/uploads\/2022\/04\/5.jpg\"><img loading=\"lazy\" width=\"768\" height=\"768\" data-id=\"23237\"  src=\"https:\/\/ffbozen.it\/de\/wp-content\/uploads\/2022\/04\/5.jpg\" alt=\"\" class=\"wp-image-23237\" srcset=\"https:\/\/ffbozen.it\/de\/wp-content\/uploads\/2022\/04\/5.jpg 768w, https:\/\/ffbozen.it\/de\/wp-content\/uploads\/2022\/04\/5-300x300.jpg 300w, https:\/\/ffbozen.it\/de\/wp-content\/uploads\/2022\/04\/5-150x150.jpg 150w\" sizes=\"(max-width: 768px) 100vw, 768px\" \/><\/a><\/figure>\n<\/div>\n\n<div class=\"gridContainer\">\n<figure class=\"wp-block-image size-large\"><a href=\"https:\/\/ffbozen.it\/de\/wp-content\/uploads\/2022\/04\/4.jpg\"><img loading=\"lazy\" width=\"768\" height=\"768\" data-id=\"23236\"  src=\"https:\/\/ffbozen.it\/de\/wp-content\/uploads\/2022\/04\/4.jpg\" alt=\"\" class=\"wp-image-23236\" srcset=\"https:\/\/ffbozen.it\/de\/wp-content\/uploads\/2022\/04\/4.jpg 768w, https:\/\/ffbozen.it\/de\/wp-content\/uploads\/2022\/04\/4-300x300.jpg 300w, https:\/\/ffbozen.it\/de\/wp-content\/uploads\/2022\/04\/4-150x150.jpg 150w\" sizes=\"(max-width: 768px) 100vw, 768px\" \/><\/a><\/figure>\n<\/div>\n\n<div class=\"gridContainer\">\n<figure class=\"wp-block-image size-large\"><a href=\"https:\/\/ffbozen.it\/de\/wp-content\/uploads\/2022\/04\/3.jpg\"><img loading=\"lazy\" width=\"769\" height=\"768\" data-id=\"23238\"  src=\"https:\/\/ffbozen.it\/de\/wp-content\/uploads\/2022\/04\/3.jpg\" alt=\"\" class=\"wp-image-23238\" srcset=\"https:\/\/ffbozen.it\/de\/wp-content\/uploads\/2022\/04\/3.jpg 769w, https:\/\/ffbozen.it\/de\/wp-content\/uploads\/2022\/04\/3-300x300.jpg 300w, https:\/\/ffbozen.it\/de\/wp-content\/uploads\/2022\/04\/3-150x150.jpg 150w\" sizes=\"(max-width: 769px) 100vw, 769px\" \/><\/a><\/figure>\n<\/div>\n\n<div class=\"gridContainer\">\n<figure class=\"wp-block-image size-large\"><a href=\"https:\/\/ffbozen.it\/de\/wp-content\/uploads\/2022\/04\/6.jpg\"><img loading=\"lazy\" width=\"768\" height=\"768\" data-id=\"23233\"  src=\"https:\/\/ffbozen.it\/de\/wp-content\/uploads\/2022\/04\/6.jpg\" alt=\"\" class=\"wp-image-23233\" srcset=\"https:\/\/ffbozen.it\/de\/wp-content\/uploads\/2022\/04\/6.jpg 768w, https:\/\/ffbozen.it\/de\/wp-content\/uploads\/2022\/04\/6-300x300.jpg 300w, https:\/\/ffbozen.it\/de\/wp-content\/uploads\/2022\/04\/6-150x150.jpg 150w\" sizes=\"(max-width: 768px) 100vw, 768px\" \/><\/a><\/figure>\n<\/div>\n\n<div class=\"gridContainer\">\n<figure class=\"wp-block-image size-large\"><a href=\"https:\/\/ffbozen.it\/de\/wp-content\/uploads\/2022\/04\/7.jpg\"><img loading=\"lazy\" width=\"768\" height=\"768\" data-id=\"23234\"  src=\"https:\/\/ffbozen.it\/de\/wp-content\/uploads\/2022\/04\/7.jpg\" alt=\"\" class=\"wp-image-23234\" srcset=\"https:\/\/ffbozen.it\/de\/wp-content\/uploads\/2022\/04\/7.jpg 768w, https:\/\/ffbozen.it\/de\/wp-content\/uploads\/2022\/04\/7-300x300.jpg 300w, https:\/\/ffbozen.it\/de\/wp-content\/uploads\/2022\/04\/7-150x150.jpg 150w\" sizes=\"(max-width: 768px) 100vw, 768px\" \/><\/a><\/figure>\n<\/div><\/figure>\n<\/div>","protected":false},"author":5,"featured_media":0,"template":"","meta":{"einsatz_weight":1},"categories":[],"einsatzart":[275],"fahrzeug":[11,12,5,9,10,4,89,7],"exteinsatzmittel":[19,15,17,16,18,21],"alarmierungsart":[],"evw_unit":[267],"yoast_head":"<!-- This site is optimized with the Yoast SEO plugin v20.4 - https:\/\/yoast.com\/wordpress\/plugins\/seo\/ -->\n<title>Geb\u00e4ude- und Waldbrand - Freiwillige Feuerwehr Bozen EO<\/title>\n<meta name=\"robots\" content=\"index, follow, max-snippet:-1, max-image-preview:large, max-video-preview:-1\" \/>\n<link rel=\"canonical\" href=\"https:\/\/ffbozen.it\/de\/einsatzberichte\/wald-und-gebaeudebrand\/\" \/>\n<meta property=\"og:locale\" content=\"de_DE\" \/>\n<meta property=\"og:type\" content=\"article\" \/>\n<meta property=\"og:title\" content=\"Geb\u00e4ude- und Waldbrand - Freiwillige Feuerwehr Bozen EO\" \/>\n<meta property=\"og:description\" content=\"Am sp\u00e4ten Nachmittag des diesj\u00e4hrigen Ostermontages wurde die Freiwillige Feuerwehr Bozen wegen eines Brandeinsatzes zum Virgl gerufen. W\u00e4hrend urspr\u00fcnglich von einem reinen Waldbrand ausgegangen wurde, stellte sich vor Ort heraus, dass ein Anbau eines Wohngeb\u00e4udes Feuer gefangen hatte, wobei die Flammen in Folge auf den angrenzenden Wald \u00fcbergegriffen haben. Nur Dank eines komplexen mehrst\u00fcndigen Einsatzes&nbsp;&hellip;\" \/>\n<meta property=\"og:url\" content=\"https:\/\/ffbozen.it\/de\/einsatzberichte\/wald-und-gebaeudebrand\/\" \/>\n<meta property=\"og:site_name\" content=\"Freiwillige Feuerwehr Bozen EO\" \/>\n<meta property=\"article:publisher\" content=\"https:\/\/www.facebook.com\/ff.bozen\" \/>\n<meta property=\"article:modified_time\" content=\"2022-04-20T08:40:14+00:00\" \/>\n<meta property=\"og:image\" content=\"https:\/\/ffbozen.it\/de\/wp-content\/uploads\/2022\/04\/1.jpg\" \/>\n<meta name=\"twitter:card\" content=\"summary_large_image\" \/>\n<meta name=\"twitter:label1\" content=\"Gesch\u00e4tzte Lesezeit\" \/>\n\t<meta name=\"twitter:data1\" content=\"3\u00a0Minuten\" \/>\n<script type=\"application\/ld+json\" class=\"yoast-schema-graph\">{\"@context\":\"https:\/\/schema.org\",\"@graph\":[{\"@type\":\"WebPage\",\"@id\":\"https:\/\/ffbozen.it\/de\/einsatzberichte\/wald-und-gebaeudebrand\/\",\"url\":\"https:\/\/ffbozen.it\/de\/einsatzberichte\/wald-und-gebaeudebrand\/\",\"name\":\"Geb\u00e4ude- und Waldbrand - Freiwillige Feuerwehr Bozen EO\",\"isPartOf\":{\"@id\":\"https:\/\/ffbozen.it\/de\/#website\"},\"datePublished\":\"2022-04-18T16:36:00+00:00\",\"dateModified\":\"2022-04-20T08:40:14+00:00\",\"breadcrumb\":{\"@id\":\"https:\/\/ffbozen.it\/de\/einsatzberichte\/wald-und-gebaeudebrand\/#breadcrumb\"},\"inLanguage\":\"de\",\"potentialAction\":[{\"@type\":\"ReadAction\",\"target\":[\"https:\/\/ffbozen.it\/de\/einsatzberichte\/wald-und-gebaeudebrand\/\"]}]},{\"@type\":\"BreadcrumbList\",\"@id\":\"https:\/\/ffbozen.it\/de\/einsatzberichte\/wald-und-gebaeudebrand\/#breadcrumb\",\"itemListElement\":[{\"@type\":\"ListItem\",\"position\":1,\"name\":\"Startseite\",\"item\":\"https:\/\/ffbozen.it\/de\/\"},{\"@type\":\"ListItem\",\"position\":2,\"name\":\"Einsatzberichte\",\"item\":\"https:\/\/ffbozen.it\/de\/einsatzberichte\/\"},{\"@type\":\"ListItem\",\"position\":3,\"name\":\"Geb\u00e4ude- und Waldbrand\"}]},{\"@type\":\"WebSite\",\"@id\":\"https:\/\/ffbozen.it\/de\/#website\",\"url\":\"https:\/\/ffbozen.it\/de\/\",\"name\":\"Freiwillige Feuerwehr Bozen EO\",\"description\":\"\",\"publisher\":{\"@id\":\"https:\/\/ffbozen.it\/de\/#organization\"},\"potentialAction\":[{\"@type\":\"SearchAction\",\"target\":{\"@type\":\"EntryPoint\",\"urlTemplate\":\"https:\/\/ffbozen.it\/de\/?s={search_term_string}\"},\"query-input\":\"required name=search_term_string\"}],\"inLanguage\":\"de\"},{\"@type\":\"Organization\",\"@id\":\"https:\/\/ffbozen.it\/de\/#organization\",\"name\":\"Freiwillige Feuerwehr Bozen\",\"url\":\"https:\/\/ffbozen.it\/de\/\",\"logo\":{\"@type\":\"ImageObject\",\"inLanguage\":\"de\",\"@id\":\"https:\/\/ffbozen.it\/de\/#\/schema\/logo\/image\/\",\"url\":\"https:\/\/ffbozen.it\/de\/wp-content\/uploads\/2020\/11\/Logo-ohne-Text-scaled-e1606231422963.jpg\",\"contentUrl\":\"https:\/\/ffbozen.it\/de\/wp-content\/uploads\/2020\/11\/Logo-ohne-Text-scaled-e1606231422963.jpg\",\"width\":350,\"height\":140,\"caption\":\"Freiwillige Feuerwehr Bozen\"},\"image\":{\"@id\":\"https:\/\/ffbozen.it\/de\/#\/schema\/logo\/image\/\"},\"sameAs\":[\"https:\/\/www.facebook.com\/ff.bozen\",\"https:\/\/www.instagram.com\/ff.bozen\/\"]}]}<\/script>\n<!-- \/ Yoast SEO plugin. -->","yoast_head_json":{"title":"Geb\u00e4ude- und Waldbrand - Freiwillige Feuerwehr Bozen EO","robots":{"index":"index","follow":"follow","max-snippet":"max-snippet:-1","max-image-preview":"max-image-preview:large","max-video-preview":"max-video-preview:-1"},"canonical":"https:\/\/ffbozen.it\/de\/einsatzberichte\/wald-und-gebaeudebrand\/","og_locale":"de_DE","og_type":"article","og_title":"Geb\u00e4ude- und Waldbrand - Freiwillige Feuerwehr Bozen EO","og_description":"Am sp\u00e4ten Nachmittag des diesj\u00e4hrigen Ostermontages wurde die Freiwillige Feuerwehr Bozen wegen eines Brandeinsatzes zum Virgl gerufen. W\u00e4hrend urspr\u00fcnglich von einem reinen Waldbrand ausgegangen wurde, stellte sich vor Ort heraus, dass ein Anbau eines Wohngeb\u00e4udes Feuer gefangen hatte, wobei die Flammen in Folge auf den angrenzenden Wald \u00fcbergegriffen haben. Nur Dank eines komplexen mehrst\u00fcndigen Einsatzes&nbsp;&hellip;","og_url":"https:\/\/ffbozen.it\/de\/einsatzberichte\/wald-und-gebaeudebrand\/","og_site_name":"Freiwillige Feuerwehr Bozen EO","article_publisher":"https:\/\/www.facebook.com\/ff.bozen","article_modified_time":"2022-04-20T08:40:14+00:00","og_image":[{"url":"https:\/\/ffbozen.it\/de\/wp-content\/uploads\/2022\/04\/1.jpg"}],"twitter_card":"summary_large_image","twitter_misc":{"Gesch\u00e4tzte Lesezeit":"3\u00a0Minuten"},"schema":{"@context":"https:\/\/schema.org","@graph":[{"@type":"WebPage","@id":"https:\/\/ffbozen.it\/de\/einsatzberichte\/wald-und-gebaeudebrand\/","url":"https:\/\/ffbozen.it\/de\/einsatzberichte\/wald-und-gebaeudebrand\/","name":"Geb\u00e4ude- und Waldbrand - Freiwillige Feuerwehr Bozen EO","isPartOf":{"@id":"https:\/\/ffbozen.it\/de\/#website"},"datePublished":"2022-04-18T16:36:00+00:00","dateModified":"2022-04-20T08:40:14+00:00","breadcrumb":{"@id":"https:\/\/ffbozen.it\/de\/einsatzberichte\/wald-und-gebaeudebrand\/#breadcrumb"},"inLanguage":"de","potentialAction":[{"@type":"ReadAction","target":["https:\/\/ffbozen.it\/de\/einsatzberichte\/wald-und-gebaeudebrand\/"]}]},{"@type":"BreadcrumbList","@id":"https:\/\/ffbozen.it\/de\/einsatzberichte\/wald-und-gebaeudebrand\/#breadcrumb","itemListElement":[{"@type":"ListItem","position":1,"name":"Startseite","item":"https:\/\/ffbozen.it\/de\/"},{"@type":"ListItem","position":2,"name":"Einsatzberichte","item":"https:\/\/ffbozen.it\/de\/einsatzberichte\/"},{"@type":"ListItem","position":3,"name":"Geb\u00e4ude- und Waldbrand"}]},{"@type":"WebSite","@id":"https:\/\/ffbozen.it\/de\/#website","url":"https:\/\/ffbozen.it\/de\/","name":"Freiwillige Feuerwehr Bozen EO","description":"","publisher":{"@id":"https:\/\/ffbozen.it\/de\/#organization"},"potentialAction":[{"@type":"SearchAction","target":{"@type":"EntryPoint","urlTemplate":"https:\/\/ffbozen.it\/de\/?s={search_term_string}"},"query-input":"required name=search_term_string"}],"inLanguage":"de"},{"@type":"Organization","@id":"https:\/\/ffbozen.it\/de\/#organization","name":"Freiwillige Feuerwehr Bozen","url":"https:\/\/ffbozen.it\/de\/","logo":{"@type":"ImageObject","inLanguage":"de","@id":"https:\/\/ffbozen.it\/de\/#\/schema\/logo\/image\/","url":"https:\/\/ffbozen.it\/de\/wp-content\/uploads\/2020\/11\/Logo-ohne-Text-scaled-e1606231422963.jpg","contentUrl":"https:\/\/ffbozen.it\/de\/wp-content\/uploads\/2020\/11\/Logo-ohne-Text-scaled-e1606231422963.jpg","width":350,"height":140,"caption":"Freiwillige Feuerwehr Bozen"},"image":{"@id":"https:\/\/ffbozen.it\/de\/#\/schema\/logo\/image\/"},"sameAs":["https:\/\/www.facebook.com\/ff.bozen","https:\/\/www.instagram.com\/ff.bozen\/"]}]}},"_links":{"self":[{"href":"https:\/\/ffbozen.it\/de\/wp-json\/wp\/v2\/einsatz\/23229"}],"collection":[{"href":"https:\/\/ffbozen.it\/de\/wp-json\/wp\/v2\/einsatz"}],"about":[{"href":"https:\/\/ffbozen.it\/de\/wp-json\/wp\/v2\/types\/einsatz"}],"author":[{"embeddable":true,"href":"https:\/\/ffbozen.it\/de\/wp-json\/wp\/v2\/users\/5"}],"version-history":[{"count":4,"href":"https:\/\/ffbozen.it\/de\/wp-json\/wp\/v2\/einsatz\/23229\/revisions"}],"predecessor-version":[{"id":23241,"href":"https:\/\/ffbozen.it\/de\/wp-json\/wp\/v2\/einsatz\/23229\/revisions\/23241"}],"wp:attachment":[{"href":"https:\/\/ffbozen.it\/de\/wp-json\/wp\/v2\/media?parent=23229"}],"wp:term":[{"taxonomy":"category","embeddable":true,"href":"https:\/\/ffbozen.it\/de\/wp-json\/wp\/v2\/categories?post=23229"},{"taxonomy":"einsatzart","embeddable":true,"href":"https:\/\/ffbozen.it\/de\/wp-json\/wp\/v2\/einsatzart?post=23229"},{"taxonomy":"fahrzeug","embeddable":true,"href":"https:\/\/ffbozen.it\/de\/wp-json\/wp\/v2\/fahrzeug?post=23229"},{"taxonomy":"exteinsatzmittel","embeddable":true,"href":"https:\/\/ffbozen.it\/de\/wp-json\/wp\/v2\/exteinsatzmittel?post=23229"},{"taxonomy":"alarmierungsart","embeddable":true,"href":"https:\/\/ffbozen.it\/de\/wp-json\/wp\/v2\/alarmierungsart?post=23229"},{"taxonomy":"evw_unit","embeddable":true,"href":"https:\/\/ffbozen.it\/de\/wp-json\/wp\/v2\/evw_unit?post=23229"}],"curies":[{"name":"wp","href":"https:\/\/api.w.org\/{rel}","templated":true}]}}