{"id":12695,"date":"2020-11-25T11:52:51","date_gmt":"2020-11-25T10:52:51","guid":{"rendered":"http:\/\/ffbozen.it\/de\/?page_id=12695"},"modified":"2026-03-28T12:04:41","modified_gmt":"2026-03-28T11:04:41","slug":"greifzugcontainer","status":"publish","type":"page","link":"https:\/\/ffbozen.it\/de\/ausruestung\/geraete\/greifzugcontainer\/","title":{"rendered":"Greifzugcontainer"},"content":{"rendered":"<div class=\"brz-root__container brz-reset-all\">\n<section data-uid=\"wdotymfnirgcpyhmqgnoxuegemhhjkxsbzrg\" id=\"wdotymfnirgcpyhmqgnoxuegemhhjkxsbzrg\" class=\"brz-section brz-css-oswrg brz-css-gsugh\">\n<div class=\"brz-slick-slider brz-slick-slider__section\" data-slides-to-show=\"1\" data-slides-to-scroll=\"1\" data-arrows=\"true\" data-dots=\"true\" data-dots-class=\"brz-slick-slider__dots brz-slick-slider__dots--circle\" data-fade=\"false\" data-vertical=\"false\" data-auto-play=\"true\" data-auto-play-speed=\"3000\" data-swipe=\"true\" data-responsive=\"%5B%7B%22breakpoint%22%3A767%2C%22settings%22%3A%7B%22slidesToShow%22%3A1%2C%22slidesToScroll%22%3A1%7D%7D%5D\">\n<div>\n<div class=\"brz-section__content brz-section--fullWidth brz-css-atwpi brz-css-vudph\" data-custom-id=\"tbfrdicsfxexyhdihdmprtzhuuaskrxdcywh\">\n<div class=\"brz-container brz-css-udhdj brz-css-lfydd\">\n<div class=\"brz-css-vesgr brz-css-hymax brz-wrapper\">\n<div class=\"brz-image brz-image__lightbox brz-css-fbnin\"><a class=\"brz-a\" href=\"https:\/\/ffbozen.it\/de\/wp-content\/uploads\/2020\/12\/FFBozen_Greifzugcontainer.jpeg\" data-brz-link-type=\"lightBox\" id data-custom-id=\"opiwmawmjvfuyqprfowwzxbujwpyppgwdysl\"><img class=\"brz-img\" src=\"https:\/\/ffbozen.it\/de\/wp-content\/uploads\/brizy\/imgs\/FFBozen_Greifzugcontainer-1920x1080x0x0x1920x1080x1614349904.jpeg\" alt=\"\" loading=\"lazy\" \/><\/a><\/div>\n<\/div>\n<\/div>\n<\/div>\n<\/div>\n<div>\n<div class=\"brz-section__content brz-section--fullWidth brz-css-atwpi brz-css-hduyx\" data-custom-id=\"uvurqrrgveyvyshoyukqlkitkyqjdmofoglz\">\n<div class=\"brz-container brz-css-udhdj brz-css-wytkx\">\n<div class=\"brz-css-vesgr brz-css-rjjjg brz-wrapper\">\n<div class=\"brz-image brz-image__lightbox brz-css-wzvfm\"><a class=\"brz-a\" href=\"https:\/\/ffbozen.it\/de\/wp-content\/uploads\/2020\/12\/FFBozen_Gera\u0308te_Greifzugcontainer_02.jpg\" data-brz-link-type=\"lightBox\" id data-custom-id=\"trdznimtzetepqfqiixlvbsfuflndheqhivg\"><img class=\"brz-img\" src=\"https:\/\/ffbozen.it\/de\/wp-content\/uploads\/brizy\/imgs\/FFBozen_Gera\u0308te_Greifzugcontainer_02-1920x1164x0x0x1920x1164x1607434478.jpg\" alt=\"\" loading=\"lazy\" \/><\/a><\/div>\n<\/div>\n<\/div>\n<\/div>\n<\/div>\n<p><title>tail<\/title>\n<\/div>\n<\/section>\n<section data-uid=\"smvtimedzngjwmxpunvyszlsqhkvofkgbnee\" id=\"smvtimedzngjwmxpunvyszlsqhkvofkgbnee\" class=\"brz-section brz-css-oswrg\">\n<div class=\"brz-section__content brz-section--fullWidth brz-css-atwpi brz-css-juqqi\" data-custom-id=\"apihmoxksljlhhngcjamrapprtawznuwkkex\">\n<div class=\"brz-bg\">\n<div class=\"brz-bg-color\"><\/div>\n<\/div>\n<div class=\"brz-container brz-css-udhdj brz-css-yadbz\">\n<div class=\"brz-row__container brz-css-sevhd\" data-custom-id=\"wmlivrlznecjbbnhmlopxfwelvjlkbxknpou\">\n<div class=\"brz-row brz-css-wzkjd brz-css-ajnhy\">\n<div class=\"brz-columns brz-css-wfksq brz-css-fhdrl\" data-custom-id=\"chmcvajqixxvlnelgmarwoszeqlomgywiehi\">\n<div class=\"brz-column__items brz-css-wgkfz brz-css-kzzgo\">\n<div class=\"brz-css-vesgr brz-css-rfeqt brz-wrapper\">\n<div class=\"brz-rich-text brz-css-elpti\" data-custom-id=\"numoojbayqwpsncuwqpwaeetxhcwaqqockfu\">\n<div>\n<h2 class=\"brz-css-zjzaq\"><span>Greifzugcontainer<\/span><\/h2>\n<\/div>\n<\/div>\n<\/div>\n<\/div>\n<\/div>\n<\/div>\n<\/div>\n<div class=\"brz-row__container brz-css-sevhd\" data-custom-id=\"jzfhhzagqherawkescksialkkercxtbckogf\">\n<div class=\"brz-row brz-css-wzkjd brz-css-ajnhy\">\n<div class=\"brz-columns brz-css-wfksq brz-css-zhkzd\" data-custom-id=\"hmasmpjxoplfgpxcvfynxzaaqwbudvcmzfaf\">\n<div class=\"brz-column__items brz-css-wgkfz brz-css-oihgj\">\n<div class=\"brz-css-vesgr brz-css-lcqsz brz-wrapper\">\n<div class=\"brz-rich-text brz-css-elpti\" data-custom-id=\"muqftsucmoobwtqturzrayschbwwfkjqewgm\">\n<div>\n<p class=\"brz-css-usmws\"><span class=\"brz-cp-color2\">Dieser Container wird bei technischen Eins\u00e4tzen verwendet, um beispielsweise Sicherungsarbeiten an Gegenst\u00e4nden oder deren Bergung durchzuf\u00fchren. Er erweitert die Ausr\u00fcstungspalette des\u00a0<\/span><a href=\"\/de\/ausruestung\/fahrzeuge\/ruestfahrzeug\/\" class=\"link--external\" data-brz-link-type=\"external\">R\u00fcstfahrzeugs<\/a><span class=\"brz-cp-color2\">\u00a0und dient auch als Unterst\u00fctzung bei Eins\u00e4tzen mit <\/span><a href=\"\/de\/ausruestung\/fahrzeuge\/transportfahrzeug-mit-kran\/\" class=\"link--external\" data-brz-link-type=\"external\">Kran<\/a><span class=\"brz-cp-color2\">. Zus\u00e4tzlich wird im Ger\u00e4tehaus ein Container mit Unterlegmaterialien in verschiedenen Gr\u00f6\u00dfen aufbewahrt.<\/span><\/p>\n<\/div>\n<\/div>\n<\/div>\n<\/div>\n<\/div>\n<\/div>\n<\/div>\n<\/div>\n<\/div>\n<\/section>\n<section data-uid=\"nhhgzlmcpdmheeuzbnjkcruvfqwgahxwxddm\" id=\"nhhgzlmcpdmheeuzbnjkcruvfqwgahxwxddm\" class=\"brz-section brz-css-oswrg\">\n<div class=\"brz-section__content brz-section--boxed brz-css-atwpi brz-css-hoxhr\" data-custom-id=\"ojhwasrcywvxxpompuqiogbhhrtzjqrtxzor\">\n<div class=\"brz-container brz-css-udhdj\">\n<div class=\"brz-css-vesgr brz-wrapper\">\n<div class=\"brz-rich-text brz-css-elpti\" data-custom-id=\"fnzxtwyserxkhlagbqtjqgwpfcgaefmvuthv\">\n<div>\n<p class=\"brz-css-qoauy\"><strong>Ausstattung<\/strong><\/p>\n<\/div>\n<\/div>\n<\/div>\n<\/div>\n<\/div>\n<\/section>\n<section data-uid=\"loafbrkkukcsuzrrjskevobwkvubbzigxcig\" id=\"loafbrkkukcsuzrrjskevobwkvubbzigxcig\" class=\"brz-section brz-css-oswrg\">\n<div class=\"brz-section__content brz-section--boxed brz-css-atwpi brz-css-oodws\" data-custom-id=\"gepezcnhzqnwmkhednutvxiqiflzpipidcer\">\n<div class=\"brz-container brz-css-udhdj\">\n<div class=\"brz-css-vesgr brz-css-mwtha brz-wrapper\">\n<div class=\"brz-rich-text brz-css-elpti\" data-custom-id=\"mdtlvwtgdjplrsvefowwxajcrgrbxqoepmrh\">\n<div>\n<ul>\n<li class=\"brz-css-hierz\"><span class=\"brz-cp-color7\">Greifzug mit Zubeh\u00f6r<\/span><\/li>\n<li class=\"brz-css-xqmre\"><span class=\"brz-cp-color7\">Stahlseile in verschiedenen L\u00e4ngen<\/span><\/li>\n<li class=\"brz-css-xnmkb\"><span class=\"brz-cp-color7\">Sch\u00e4kel in verschiedenen Gr\u00f6\u00dfen<\/span><\/li>\n<li class=\"brz-css-izmei\"><span class=\"brz-cp-color7\">Verschiedene Hebeb\u00e4nder und Endlosschlingen<\/span><\/li>\n<li class=\"brz-css-nntxr\"><span class=\"brz-cp-color7\">Umlenkrollen<\/span><\/li>\n<li class=\"brz-css-mxsed\"><span class=\"brz-cp-color7\">Freilandverankerung<\/span><\/li>\n<li class=\"brz-css-ktorb\"><span class=\"brz-cp-color7\">Seilbahnvorrichtung<\/span><\/li>\n<li class=\"brz-css-lafpc\"><span class=\"brz-cp-color7\">Unterlegmaterialien<\/span><\/li>\n<\/ul>\n<\/div>\n<\/div>\n<\/div>\n<\/div>\n<\/div>\n<\/section>\n<\/div>\n<p><!-- version:1774695881 --><\/p>\n","protected":false},"excerpt":{"rendered":"<p>tail Greifzugcontainer Dieser Container wird bei technischen Eins\u00e4tzen verwendet, um beispielsweise Sicherungsarbeiten an Gegenst\u00e4nden oder deren Bergung durchzuf\u00fchren. Er erweitert die Ausr\u00fcstungspalette des\u00a0R\u00fcstfahrzeugs\u00a0und dient auch als Unterst\u00fctzung bei Eins\u00e4tzen mit Kran. Zus\u00e4tzlich wird im Ger\u00e4tehaus ein Container mit Unterlegmaterialien in verschiedenen Gr\u00f6\u00dfen aufbewahrt. Ausstattung Greifzug mit Zubeh\u00f6r Stahlseile in verschiedenen L\u00e4ngen Sch\u00e4kel in verschiedenen Gr\u00f6\u00dfen&nbsp;&hellip;<\/p>\n","protected":false},"author":1,"featured_media":0,"parent":11190,"menu_order":0,"comment_status":"closed","ping_status":"closed","template":"","meta":[],"yoast_head":"<!-- This site is optimized with the Yoast SEO plugin v20.4 - https:\/\/yoast.com\/wordpress\/plugins\/seo\/ -->\n<title>Greifzugcontainer - Freiwillige Feuerwehr Bozen EO<\/title>\n<meta name=\"robots\" content=\"index, follow, max-snippet:-1, max-image-preview:large, max-video-preview:-1\" \/>\n<link rel=\"canonical\" href=\"https:\/\/ffbozen.it\/de\/ausruestung\/geraete\/greifzugcontainer\/\" \/>\n<meta property=\"og:locale\" content=\"de_DE\" \/>\n<meta property=\"og:type\" content=\"article\" \/>\n<meta property=\"og:title\" content=\"Greifzugcontainer - Freiwillige Feuerwehr Bozen EO\" \/>\n<meta property=\"og:description\" content=\"tail Greifzugcontainer Dieser Container wird bei technischen Eins\u00e4tzen verwendet, um beispielsweise Sicherungsarbeiten an Gegenst\u00e4nden oder deren Bergung durchzuf\u00fchren. Er erweitert die Ausr\u00fcstungspalette des\u00a0R\u00fcstfahrzeugs\u00a0und dient auch als Unterst\u00fctzung bei Eins\u00e4tzen mit Kran. Zus\u00e4tzlich wird im Ger\u00e4tehaus ein Container mit Unterlegmaterialien in verschiedenen Gr\u00f6\u00dfen aufbewahrt. Ausstattung Greifzug mit Zubeh\u00f6r Stahlseile in verschiedenen L\u00e4ngen Sch\u00e4kel in verschiedenen Gr\u00f6\u00dfen&nbsp;&hellip;\" \/>\n<meta property=\"og:url\" content=\"https:\/\/ffbozen.it\/de\/ausruestung\/geraete\/greifzugcontainer\/\" \/>\n<meta property=\"og:site_name\" content=\"Freiwillige Feuerwehr Bozen EO\" \/>\n<meta property=\"article:publisher\" content=\"https:\/\/www.facebook.com\/ff.bozen\" \/>\n<meta property=\"article:modified_time\" content=\"2026-03-28T11:04:41+00:00\" \/>\n<meta property=\"og:image\" content=\"https:\/\/ffbozen.it\/de\/wp-content\/uploads\/brizy\/imgs\/FFBozen_Greifzugcontainer-1920x1080x0x0x1920x1080x1614349904.jpeg\" \/>\n<meta name=\"twitter:card\" content=\"summary_large_image\" \/>\n<script type=\"application\/ld+json\" class=\"yoast-schema-graph\">{\"@context\":\"https:\/\/schema.org\",\"@graph\":[{\"@type\":\"WebPage\",\"@id\":\"https:\/\/ffbozen.it\/de\/ausruestung\/geraete\/greifzugcontainer\/\",\"url\":\"https:\/\/ffbozen.it\/de\/ausruestung\/geraete\/greifzugcontainer\/\",\"name\":\"Greifzugcontainer - Freiwillige Feuerwehr Bozen EO\",\"isPartOf\":{\"@id\":\"https:\/\/ffbozen.it\/de\/#website\"},\"datePublished\":\"2020-11-25T10:52:51+00:00\",\"dateModified\":\"2026-03-28T11:04:41+00:00\",\"breadcrumb\":{\"@id\":\"https:\/\/ffbozen.it\/de\/ausruestung\/geraete\/greifzugcontainer\/#breadcrumb\"},\"inLanguage\":\"de\",\"potentialAction\":[{\"@type\":\"ReadAction\",\"target\":[\"https:\/\/ffbozen.it\/de\/ausruestung\/geraete\/greifzugcontainer\/\"]}]},{\"@type\":\"BreadcrumbList\",\"@id\":\"https:\/\/ffbozen.it\/de\/ausruestung\/geraete\/greifzugcontainer\/#breadcrumb\",\"itemListElement\":[{\"@type\":\"ListItem\",\"position\":1,\"name\":\"Startseite\",\"item\":\"https:\/\/ffbozen.it\/de\/\"},{\"@type\":\"ListItem\",\"position\":2,\"name\":\"Ausr\u00fcstung\",\"item\":\"https:\/\/ffbozen.it\/de\/ausruestung\/\"},{\"@type\":\"ListItem\",\"position\":3,\"name\":\"Ger\u00e4te\",\"item\":\"https:\/\/ffbozen.it\/de\/ausruestung\/geraete\/\"},{\"@type\":\"ListItem\",\"position\":4,\"name\":\"Greifzugcontainer\"}]},{\"@type\":\"WebSite\",\"@id\":\"https:\/\/ffbozen.it\/de\/#website\",\"url\":\"https:\/\/ffbozen.it\/de\/\",\"name\":\"Freiwillige Feuerwehr Bozen EO\",\"description\":\"\",\"publisher\":{\"@id\":\"https:\/\/ffbozen.it\/de\/#organization\"},\"potentialAction\":[{\"@type\":\"SearchAction\",\"target\":{\"@type\":\"EntryPoint\",\"urlTemplate\":\"https:\/\/ffbozen.it\/de\/?s={search_term_string}\"},\"query-input\":\"required name=search_term_string\"}],\"inLanguage\":\"de\"},{\"@type\":\"Organization\",\"@id\":\"https:\/\/ffbozen.it\/de\/#organization\",\"name\":\"Freiwillige Feuerwehr Bozen\",\"url\":\"https:\/\/ffbozen.it\/de\/\",\"logo\":{\"@type\":\"ImageObject\",\"inLanguage\":\"de\",\"@id\":\"https:\/\/ffbozen.it\/de\/#\/schema\/logo\/image\/\",\"url\":\"https:\/\/ffbozen.it\/de\/wp-content\/uploads\/2020\/11\/Logo-ohne-Text-scaled-e1606231422963.jpg\",\"contentUrl\":\"https:\/\/ffbozen.it\/de\/wp-content\/uploads\/2020\/11\/Logo-ohne-Text-scaled-e1606231422963.jpg\",\"width\":350,\"height\":140,\"caption\":\"Freiwillige Feuerwehr Bozen\"},\"image\":{\"@id\":\"https:\/\/ffbozen.it\/de\/#\/schema\/logo\/image\/\"},\"sameAs\":[\"https:\/\/www.facebook.com\/ff.bozen\",\"https:\/\/www.instagram.com\/ff.bozen\/\"]}]}<\/script>\n<!-- \/ Yoast SEO plugin. -->","yoast_head_json":{"title":"Greifzugcontainer - Freiwillige Feuerwehr Bozen EO","robots":{"index":"index","follow":"follow","max-snippet":"max-snippet:-1","max-image-preview":"max-image-preview:large","max-video-preview":"max-video-preview:-1"},"canonical":"https:\/\/ffbozen.it\/de\/ausruestung\/geraete\/greifzugcontainer\/","og_locale":"de_DE","og_type":"article","og_title":"Greifzugcontainer - Freiwillige Feuerwehr Bozen EO","og_description":"tail Greifzugcontainer Dieser Container wird bei technischen Eins\u00e4tzen verwendet, um beispielsweise Sicherungsarbeiten an Gegenst\u00e4nden oder deren Bergung durchzuf\u00fchren. Er erweitert die Ausr\u00fcstungspalette des\u00a0R\u00fcstfahrzeugs\u00a0und dient auch als Unterst\u00fctzung bei Eins\u00e4tzen mit Kran. Zus\u00e4tzlich wird im Ger\u00e4tehaus ein Container mit Unterlegmaterialien in verschiedenen Gr\u00f6\u00dfen aufbewahrt. Ausstattung Greifzug mit Zubeh\u00f6r Stahlseile in verschiedenen L\u00e4ngen Sch\u00e4kel in verschiedenen Gr\u00f6\u00dfen&nbsp;&hellip;","og_url":"https:\/\/ffbozen.it\/de\/ausruestung\/geraete\/greifzugcontainer\/","og_site_name":"Freiwillige Feuerwehr Bozen EO","article_publisher":"https:\/\/www.facebook.com\/ff.bozen","article_modified_time":"2026-03-28T11:04:41+00:00","og_image":[{"url":"https:\/\/ffbozen.it\/de\/wp-content\/uploads\/brizy\/imgs\/FFBozen_Greifzugcontainer-1920x1080x0x0x1920x1080x1614349904.jpeg"}],"twitter_card":"summary_large_image","schema":{"@context":"https:\/\/schema.org","@graph":[{"@type":"WebPage","@id":"https:\/\/ffbozen.it\/de\/ausruestung\/geraete\/greifzugcontainer\/","url":"https:\/\/ffbozen.it\/de\/ausruestung\/geraete\/greifzugcontainer\/","name":"Greifzugcontainer - Freiwillige Feuerwehr Bozen EO","isPartOf":{"@id":"https:\/\/ffbozen.it\/de\/#website"},"datePublished":"2020-11-25T10:52:51+00:00","dateModified":"2026-03-28T11:04:41+00:00","breadcrumb":{"@id":"https:\/\/ffbozen.it\/de\/ausruestung\/geraete\/greifzugcontainer\/#breadcrumb"},"inLanguage":"de","potentialAction":[{"@type":"ReadAction","target":["https:\/\/ffbozen.it\/de\/ausruestung\/geraete\/greifzugcontainer\/"]}]},{"@type":"BreadcrumbList","@id":"https:\/\/ffbozen.it\/de\/ausruestung\/geraete\/greifzugcontainer\/#breadcrumb","itemListElement":[{"@type":"ListItem","position":1,"name":"Startseite","item":"https:\/\/ffbozen.it\/de\/"},{"@type":"ListItem","position":2,"name":"Ausr\u00fcstung","item":"https:\/\/ffbozen.it\/de\/ausruestung\/"},{"@type":"ListItem","position":3,"name":"Ger\u00e4te","item":"https:\/\/ffbozen.it\/de\/ausruestung\/geraete\/"},{"@type":"ListItem","position":4,"name":"Greifzugcontainer"}]},{"@type":"WebSite","@id":"https:\/\/ffbozen.it\/de\/#website","url":"https:\/\/ffbozen.it\/de\/","name":"Freiwillige Feuerwehr Bozen EO","description":"","publisher":{"@id":"https:\/\/ffbozen.it\/de\/#organization"},"potentialAction":[{"@type":"SearchAction","target":{"@type":"EntryPoint","urlTemplate":"https:\/\/ffbozen.it\/de\/?s={search_term_string}"},"query-input":"required name=search_term_string"}],"inLanguage":"de"},{"@type":"Organization","@id":"https:\/\/ffbozen.it\/de\/#organization","name":"Freiwillige Feuerwehr Bozen","url":"https:\/\/ffbozen.it\/de\/","logo":{"@type":"ImageObject","inLanguage":"de","@id":"https:\/\/ffbozen.it\/de\/#\/schema\/logo\/image\/","url":"https:\/\/ffbozen.it\/de\/wp-content\/uploads\/2020\/11\/Logo-ohne-Text-scaled-e1606231422963.jpg","contentUrl":"https:\/\/ffbozen.it\/de\/wp-content\/uploads\/2020\/11\/Logo-ohne-Text-scaled-e1606231422963.jpg","width":350,"height":140,"caption":"Freiwillige Feuerwehr Bozen"},"image":{"@id":"https:\/\/ffbozen.it\/de\/#\/schema\/logo\/image\/"},"sameAs":["https:\/\/www.facebook.com\/ff.bozen","https:\/\/www.instagram.com\/ff.bozen\/"]}]}},"_links":{"self":[{"href":"https:\/\/ffbozen.it\/de\/wp-json\/wp\/v2\/pages\/12695"}],"collection":[{"href":"https:\/\/ffbozen.it\/de\/wp-json\/wp\/v2\/pages"}],"about":[{"href":"https:\/\/ffbozen.it\/de\/wp-json\/wp\/v2\/types\/page"}],"author":[{"embeddable":true,"href":"https:\/\/ffbozen.it\/de\/wp-json\/wp\/v2\/users\/1"}],"replies":[{"embeddable":true,"href":"https:\/\/ffbozen.it\/de\/wp-json\/wp\/v2\/comments?post=12695"}],"version-history":[{"count":0,"href":"https:\/\/ffbozen.it\/de\/wp-json\/wp\/v2\/pages\/12695\/revisions"}],"up":[{"embeddable":true,"href":"https:\/\/ffbozen.it\/de\/wp-json\/wp\/v2\/pages\/11190"}],"wp:attachment":[{"href":"https:\/\/ffbozen.it\/de\/wp-json\/wp\/v2\/media?parent=12695"}],"curies":[{"name":"wp","href":"https:\/\/api.w.org\/{rel}","templated":true}]}}