{"id":16005,"date":"2020-12-22T15:46:31","date_gmt":"2020-12-22T14:46:31","guid":{"rendered":"https:\/\/ffbozen.it\/de\/?page_id=16005"},"modified":"2026-03-26T09:35:09","modified_gmt":"2026-03-26T08:35:09","slug":"mannschaftstransportfahrzeug","status":"publish","type":"page","link":"https:\/\/ffbozen.it\/de\/ausruestung\/fuhrpark\/mannschaftstransportfahrzeug\/","title":{"rendered":"Mannschaftstransportfahrzeug"},"content":{"rendered":"<div class=\"brz-root__container brz-reset-all\">\n<section data-uid=\"wdotymfnirgcpyhmqgnoxuegemhhjkxsbzrg\" id=\"wdotymfnirgcpyhmqgnoxuegemhhjkxsbzrg\" class=\"brz-section brz-css-gquwz brz-css-yqfso\">\n<div class=\"brz-slick-slider brz-slick-slider__section\" data-slides-to-show=\"1\" data-slides-to-scroll=\"1\" data-arrows=\"true\" data-dots=\"true\" data-dots-class=\"brz-slick-slider__dots brz-slick-slider__dots--circle\" data-fade=\"false\" data-vertical=\"false\" data-auto-play=\"true\" data-auto-play-speed=\"3000\" data-swipe=\"true\" data-responsive=\"%5B%7B%22breakpoint%22%3A767%2C%22settings%22%3A%7B%22slidesToShow%22%3A1%2C%22slidesToScroll%22%3A1%7D%7D%5D\">\n<div>\n<div class=\"brz-section__content brz-section--fullWidth brz-css-ymhjm brz-css-xhyyk\" data-custom-id=\"tbfrdicsfxexyhdihdmprtzhuuaskrxdcywh\">\n<div class=\"brz-container brz-css-fihdi brz-css-cqqig\">\n<div class=\"brz-css-rtlke brz-css-rwsoa brz-wrapper\">\n<div class=\"brz-image brz-image__lightbox brz-css-utucd\"><a class=\"brz-a\" href=\"https:\/\/ffbozen.it\/de\/wp-content\/uploads\/2020\/12\/FFBozen_Fahrzeug4_02.jpg\" data-brz-link-type=\"lightBox\" id data-custom-id=\"opiwmawmjvfuyqprfowwzxbujwpyppgwdysl\"><img class=\"brz-img\" src=\"https:\/\/ffbozen.it\/de\/wp-content\/uploads\/brizy\/imgs\/FFBozen_Fahrzeug4_02-1920x1080x0x0x1920x1080x1610544118.jpg\" alt=\"\" loading=\"lazy\" \/><\/a><\/div>\n<\/div>\n<\/div>\n<\/div>\n<\/div>\n<div>\n<div class=\"brz-section__content brz-section--fullWidth brz-css-ymhjm brz-css-gnaut\" data-custom-id=\"uvurqrrgveyvyshoyukqlkitkyqjdmofoglz\">\n<div class=\"brz-container brz-css-fihdi brz-css-llmxe\">\n<div class=\"brz-css-rtlke brz-css-haver brz-wrapper\">\n<div class=\"brz-image brz-css-rhvnx\"><img class=\"brz-img\" src=\"https:\/\/ffbozen.it\/de\/wp-content\/uploads\/brizy\/imgs\/FFBozen_Fahrzeug4_01-1920x1080x0x0x1920x1080x1610544141.jpg\" alt=\"\" loading=\"lazy\" \/><\/div>\n<\/div>\n<\/div>\n<\/div>\n<\/div>\n<p><title>tail<\/title>\n<\/div>\n<\/section>\n<section data-uid=\"smvtimedzngjwmxpunvyszlsqhkvofkgbnee\" id=\"smvtimedzngjwmxpunvyszlsqhkvofkgbnee\" class=\"brz-section brz-css-gquwz\">\n<div class=\"brz-section__content brz-section--fullWidth brz-css-ymhjm brz-css-lxidn\" data-custom-id=\"apihmoxksljlhhngcjamrapprtawznuwkkex\">\n<div class=\"brz-bg\">\n<div class=\"brz-bg-color\"><\/div>\n<\/div>\n<div class=\"brz-container brz-css-fihdi brz-css-gxiuh\">\n<div class=\"brz-row__container brz-css-qppca\" data-custom-id=\"wmlivrlznecjbbnhmlopxfwelvjlkbxknpou\">\n<div class=\"brz-row brz-css-vrvvm brz-css-budrh\">\n<div class=\"brz-columns brz-css-jeuul brz-css-wosfn\" data-custom-id=\"chmcvajqixxvlnelgmarwoszeqlomgywiehi\">\n<div class=\"brz-column__items brz-css-ywfsr brz-css-bncbv\">\n<div class=\"brz-css-rtlke brz-css-decwt brz-wrapper\">\n<div class=\"brz-rich-text brz-css-cvbke\" data-custom-id=\"numoojbayqwpsncuwqpwaeetxhcwaqqockfu\">\n<div>\n<h2 class=\"brz-css-wwljy\"><span>Mannschaftstransportfahrzeug<\/span><\/h2>\n<\/div>\n<\/div>\n<\/div>\n<\/div>\n<\/div>\n<\/div>\n<\/div>\n<div class=\"brz-row__container brz-css-qppca\" data-custom-id=\"jzfhhzagqherawkescksialkkercxtbckogf\">\n<div class=\"brz-row brz-css-vrvvm brz-css-budrh\">\n<div class=\"brz-columns brz-css-jeuul brz-css-blxlg\" data-custom-id=\"hmasmpjxoplfgpxcvfynxzaaqwbudvcmzfaf\">\n<div class=\"brz-column__items brz-css-ywfsr brz-css-wgkag\">\n<div class=\"brz-css-rtlke brz-css-xbzpo brz-wrapper\">\n<div class=\"brz-rich-text brz-css-cvbke\" data-custom-id=\"muqftsucmoobwtqturzrayschbwwfkjqewgm\">\n<div>\n<p class=\"brz-css-qahfz\"><span class=\"brz-cp-color7\">Dieses Fahrzeug dient vor Allem zum Transport von Einsatzkr\u00e4ften. Durch einen aufklappbaren Schreibtisch im Inneren des Fahrzeugs kann es auch als Atemschutz\u00fcberwachungsstelle bzw. -sammelstelle verwendet werden.<\/span><\/p>\n<\/div>\n<\/div>\n<\/div>\n<\/div>\n<\/div>\n<\/div>\n<\/div>\n<div class=\"brz-row__container brz-css-qppca\" data-custom-id=\"scuxysjgcppjfcqqrlsimjyrpswozrznywuq\">\n<div class=\"brz-row brz-css-vrvvm brz-css-budrh\">\n<div class=\"brz-columns brz-css-jeuul brz-css-myieg\" data-custom-id=\"iqnjnbdeqgkqcmclomnalhhzayryczjrgbam\">\n<div class=\"brz-column__items brz-css-ywfsr\">\n<div class=\"brz-css-rtlke brz-css-uwnqo brz-wrapper\">\n<div class=\"brz-icon-text brz-css-saica\" data-custom-id=\"mwkcyjxhdgjbgugsedigwvjtgxzcfvifzbkz\">\n<div id class=\"brz-icon__container\" data-custom-id=\"cqglkpjuorfabgfrugtbymdbftdhdpmprewq\"><span class=\"brz-span brz-icon css-8lc2bu\"><\/span><\/div>\n<div class=\"brz-text-btn\">\n<div class=\"brz-rich-text brz-css-cvbke\" data-custom-id=\"fjzzucokqqcportoltexcmngdsfuquaigrej\">\n<div>\n<p class=\"brz-css-drxym\"><span class=\"brz-cp-color7\">Besatzung:<\/span><\/p>\n<p class=\"brz-css-nzify\"><span class=\"brz-cp-color7\">8 + 1 Mann<\/span><\/p>\n<\/div>\n<\/div>\n<\/div>\n<\/div>\n<\/div>\n<\/div>\n<\/div>\n<div class=\"brz-columns brz-css-jeuul brz-css-ofzli\" data-custom-id=\"mnodxcfetnpxxiuqmfrctbpylowyosmkbefs\">\n<div class=\"brz-column__items brz-css-ywfsr\">\n<div class=\"brz-css-rtlke brz-css-ctbgm brz-wrapper\">\n<div class=\"brz-icon-text brz-css-saica\" data-custom-id=\"vptvrzevxrpughbqyyzaeslgbxsmgydooqeb\">\n<div id class=\"brz-icon__container\" data-custom-id=\"lhwztugzttkxivhdmnznxusiukhjsaqufolw\"><span class=\"brz-span brz-icon css-1q3m5hw\"><\/span><\/div>\n<div class=\"brz-text-btn\">\n<div class=\"brz-rich-text brz-css-cvbke\" data-custom-id=\"xcqbyzvkgfagnxyrmoeqlzgsmdfvglkfaphx\">\n<div>\n<p class=\"brz-css-ubinm\"><strong class=\"brz-cp-color7\" style=\"background-color: initial\">Gewicht:<\/strong><\/p>\n<p class=\"brz-css-ouquo\"><strong class=\"brz-cp-color7\">3.060 kg<\/strong><\/p>\n<\/div>\n<\/div>\n<\/div>\n<\/div>\n<\/div>\n<\/div>\n<\/div>\n<div class=\"brz-columns brz-css-jeuul brz-css-xruaj\" data-custom-id=\"xqrfikeghxnnqyxiewztrkixhakgqrslprho\">\n<div class=\"brz-column__items brz-css-ywfsr\">\n<div class=\"brz-css-rtlke brz-css-ydoyk brz-wrapper\">\n<div class=\"brz-icon-text brz-css-saica\" data-custom-id=\"tqktojylcsosyprpezootmeqdztxwxdzikom\">\n<div id class=\"brz-icon__container\" data-custom-id=\"sgbougjutrdntdhdiqvuosmlfwpqjzndxkxi\"><span class=\"brz-span brz-icon css-8lc2bu\"><\/span><\/div>\n<div class=\"brz-text-btn\">\n<div class=\"brz-rich-text brz-css-cvbke\" data-custom-id=\"txmttaahrysdyudgxpfhrsmssjkhhdqegflt\">\n<div>\n<p class=\"brz-css-hwpko\"><span class=\"brz-cp-color7\">Leistung:<\/span><\/p>\n<p class=\"brz-css-cwhsp\"><span class=\"brz-cp-color7\">130 PS<\/span><\/p>\n<\/div>\n<\/div>\n<\/div>\n<\/div>\n<\/div>\n<\/div>\n<\/div>\n<\/div>\n<\/div>\n<div class=\"brz-row__container brz-css-qppca\" data-custom-id=\"dqydcauruewgwkyenoyjntvyeqypsqtujzrm\">\n<div class=\"brz-row brz-css-vrvvm brz-css-budrh\">\n<div class=\"brz-columns brz-css-jeuul brz-css-jpvub\" data-custom-id=\"cdgarcdpnesgnqmydzbcpypdtfziebxcbxbh\">\n<div class=\"brz-column__items brz-css-ywfsr\">\n<div class=\"brz-css-rtlke brz-css-rcplg brz-wrapper\">\n<div class=\"brz-icon-text brz-css-saica\" data-custom-id=\"tncdpxfguqrqmgnhurvfzjxdxohusbaljygv\">\n<div id class=\"brz-icon__container\" data-custom-id=\"ftrcbnxsfrbgirvbfcuhoztzkfqukfdmoear\"><span class=\"brz-span brz-icon css-8lc2bu\"><\/span><\/div>\n<div class=\"brz-text-btn\">\n<div class=\"brz-rich-text brz-css-cvbke\" data-custom-id=\"vnhplfhpqylzndbltyissuagskilazyobjwr\">\n<div>\n<p class=\"brz-css-mgywh\"><span class=\"brz-cp-color7\">Baujahr:<\/span><\/p>\n<p class=\"brz-css-zluxc\"><span class=\"brz-cp-color7\">2005<\/span><\/p>\n<\/div>\n<\/div>\n<\/div>\n<\/div>\n<\/div>\n<\/div>\n<\/div>\n<div class=\"brz-columns brz-css-jeuul brz-css-tggad\" data-custom-id=\"oinupviwtpcwkhyoznrfnvfeuxfekrnovjri\">\n<div class=\"brz-column__items brz-css-ywfsr\">\n<div class=\"brz-css-rtlke brz-css-khvru brz-wrapper\">\n<div class=\"brz-icon-text brz-css-saica\" data-custom-id=\"axezyfesryfhtesueuqhvujmjcyewjcgfsvz\">\n<div id class=\"brz-icon__container\" data-custom-id=\"zrytxnjuxgghefecdeogvfcvgchrngaoreme\"><span class=\"brz-span brz-icon css-8lc2bu\"><\/span><\/div>\n<div class=\"brz-text-btn\">\n<div class=\"brz-rich-text brz-css-cvbke\" data-custom-id=\"wvayunmlyacjkfhtuvzwemgcddaksgcqbsii\">\n<div>\n<p class=\"brz-css-jokkp\"><span class=\"brz-cp-color7\">Antriebsart:<\/span><\/p>\n<p class=\"brz-css-gdgro\"><span class=\"brz-cp-color7\">4&#215;2<\/span><\/p>\n<\/div>\n<\/div>\n<\/div>\n<\/div>\n<\/div>\n<\/div>\n<\/div>\n<\/div>\n<\/div>\n<\/div>\n<\/div>\n<\/section>\n<section data-uid=\"nhhgzlmcpdmheeuzbnjkcruvfqwgahxwxddm\" id=\"nhhgzlmcpdmheeuzbnjkcruvfqwgahxwxddm\" class=\"brz-section brz-css-gquwz brz-css-tbqaq\">\n<div class=\"brz-section__content brz-section--boxed brz-css-ymhjm brz-css-epggv\" data-custom-id=\"ojhwasrcywvxxpompuqiogbhhrtzjqrtxzor\">\n<div class=\"brz-container brz-css-fihdi\">\n<div class=\"brz-css-rtlke brz-css-klcph brz-wrapper\">\n<div class=\"brz-rich-text brz-css-cvbke\" data-custom-id=\"fnzxtwyserxkhlagbqtjqgwpfcgaefmvuthv\">\n<div>\n<p class=\"brz-css-gmela\"><strong>Ausstattung<\/strong><\/p>\n<\/div>\n<\/div>\n<\/div>\n<\/div>\n<\/div>\n<\/section>\n<section data-uid=\"loafbrkkukcsuzrrjskevobwkvubbzigxcig\" id=\"loafbrkkukcsuzrrjskevobwkvubbzigxcig\" class=\"brz-section brz-css-gquwz\">\n<div class=\"brz-section__content brz-section--boxed brz-css-ymhjm brz-css-kjdcm\" data-custom-id=\"gepezcnhzqnwmkhednutvxiqiflzpipidcer\">\n<div class=\"brz-container brz-css-fihdi\">\n<div class=\"brz-css-rtlke brz-css-aduci brz-wrapper\">\n<div class=\"brz-rich-text brz-css-cvbke\" data-custom-id=\"mdtlvwtgdjplrsvefowwxajcrgrbxqoepmrh\">\n<div>\n<ul>\n<li class=\"brz-css-obrfm\"><span class=\"brz-cp-color7\">Kleinl\u00f6schger\u00e4te (L\u00f6schdecke, Pulverl\u00f6scher)<\/span><\/li>\n<li class=\"brz-css-xxhsn\"><span class=\"brz-cp-color7\">Absicherungsmaterial (Warndreieck, Blitzleuchte, etc.)<\/span><\/li>\n<li class=\"brz-css-cqruf\"><span class=\"brz-cp-color7\">Steckleiter <\/span><\/li>\n<li class=\"brz-css-pbcgo\"><span class=\"brz-cp-color7\">Abnehmbarer Aufsatz mit Schreibunterlage zur Einsatzf\u00fchrung<\/span><\/li>\n<\/ul>\n<\/div>\n<\/div>\n<\/div>\n<\/div>\n<\/div>\n<\/section>\n<\/div>\n<p><!-- version:1774514109 --><\/p>\n","protected":false},"excerpt":{"rendered":"<p>tail Mannschaftstransportfahrzeug Dieses Fahrzeug dient vor Allem zum Transport von Einsatzkr\u00e4ften. Durch einen aufklappbaren Schreibtisch im Inneren des Fahrzeugs kann es auch als Atemschutz\u00fcberwachungsstelle bzw. -sammelstelle verwendet werden. Besatzung: 8 + 1 Mann Gewicht: 3.060 kg Leistung: 130 PS Baujahr: 2005 Antriebsart: 4&#215;2 Ausstattung Kleinl\u00f6schger\u00e4te (L\u00f6schdecke, Pulverl\u00f6scher) Absicherungsmaterial (Warndreieck, Blitzleuchte, etc.) Steckleiter Abnehmbarer Aufsatz mit&nbsp;&hellip;<\/p>\n","protected":false},"author":5,"featured_media":0,"parent":175,"menu_order":0,"comment_status":"closed","ping_status":"closed","template":"","meta":[],"yoast_head":"<!-- This site is optimized with the Yoast SEO plugin v20.4 - https:\/\/yoast.com\/wordpress\/plugins\/seo\/ -->\n<title>Mannschaftstransportfahrzeug - Freiwillige Feuerwehr Bozen EO<\/title>\n<meta name=\"robots\" content=\"index, follow, max-snippet:-1, max-image-preview:large, max-video-preview:-1\" \/>\n<link rel=\"canonical\" href=\"https:\/\/ffbozen.it\/de\/ausruestung\/fuhrpark\/mannschaftstransportfahrzeug\/\" \/>\n<meta property=\"og:locale\" content=\"de_DE\" \/>\n<meta property=\"og:type\" content=\"article\" \/>\n<meta property=\"og:title\" content=\"Mannschaftstransportfahrzeug - Freiwillige Feuerwehr Bozen EO\" \/>\n<meta property=\"og:description\" content=\"tail Mannschaftstransportfahrzeug Dieses Fahrzeug dient vor Allem zum Transport von Einsatzkr\u00e4ften. Durch einen aufklappbaren Schreibtisch im Inneren des Fahrzeugs kann es auch als Atemschutz\u00fcberwachungsstelle bzw. -sammelstelle verwendet werden. Besatzung: 8 + 1 Mann Gewicht: 3.060 kg Leistung: 130 PS Baujahr: 2005 Antriebsart: 4&#215;2 Ausstattung Kleinl\u00f6schger\u00e4te (L\u00f6schdecke, Pulverl\u00f6scher) Absicherungsmaterial (Warndreieck, Blitzleuchte, etc.) Steckleiter Abnehmbarer Aufsatz mit&nbsp;&hellip;\" \/>\n<meta property=\"og:url\" content=\"https:\/\/ffbozen.it\/de\/ausruestung\/fuhrpark\/mannschaftstransportfahrzeug\/\" \/>\n<meta property=\"og:site_name\" content=\"Freiwillige Feuerwehr Bozen EO\" \/>\n<meta property=\"article:publisher\" content=\"https:\/\/www.facebook.com\/ff.bozen\" \/>\n<meta property=\"article:modified_time\" content=\"2026-03-26T08:35:09+00:00\" \/>\n<meta property=\"og:image\" content=\"https:\/\/ffbozen.it\/de\/wp-content\/uploads\/brizy\/imgs\/FFBozen_Fahrzeug4_02-1920x1080x0x0x1920x1080x1610544118.jpg\" \/>\n<meta name=\"twitter:card\" content=\"summary_large_image\" \/>\n<script type=\"application\/ld+json\" class=\"yoast-schema-graph\">{\"@context\":\"https:\/\/schema.org\",\"@graph\":[{\"@type\":\"WebPage\",\"@id\":\"https:\/\/ffbozen.it\/de\/ausruestung\/fuhrpark\/mannschaftstransportfahrzeug\/\",\"url\":\"https:\/\/ffbozen.it\/de\/ausruestung\/fuhrpark\/mannschaftstransportfahrzeug\/\",\"name\":\"Mannschaftstransportfahrzeug - Freiwillige Feuerwehr Bozen EO\",\"isPartOf\":{\"@id\":\"https:\/\/ffbozen.it\/de\/#website\"},\"datePublished\":\"2020-12-22T14:46:31+00:00\",\"dateModified\":\"2026-03-26T08:35:09+00:00\",\"breadcrumb\":{\"@id\":\"https:\/\/ffbozen.it\/de\/ausruestung\/fuhrpark\/mannschaftstransportfahrzeug\/#breadcrumb\"},\"inLanguage\":\"de\",\"potentialAction\":[{\"@type\":\"ReadAction\",\"target\":[\"https:\/\/ffbozen.it\/de\/ausruestung\/fuhrpark\/mannschaftstransportfahrzeug\/\"]}]},{\"@type\":\"BreadcrumbList\",\"@id\":\"https:\/\/ffbozen.it\/de\/ausruestung\/fuhrpark\/mannschaftstransportfahrzeug\/#breadcrumb\",\"itemListElement\":[{\"@type\":\"ListItem\",\"position\":1,\"name\":\"Startseite\",\"item\":\"https:\/\/ffbozen.it\/de\/\"},{\"@type\":\"ListItem\",\"position\":2,\"name\":\"Ausr\u00fcstung\",\"item\":\"https:\/\/ffbozen.it\/de\/ausruestung\/\"},{\"@type\":\"ListItem\",\"position\":3,\"name\":\"Fuhrpark\",\"item\":\"https:\/\/ffbozen.it\/de\/ausruestung\/fuhrpark\/\"},{\"@type\":\"ListItem\",\"position\":4,\"name\":\"Mannschaftstransportfahrzeug\"}]},{\"@type\":\"WebSite\",\"@id\":\"https:\/\/ffbozen.it\/de\/#website\",\"url\":\"https:\/\/ffbozen.it\/de\/\",\"name\":\"Freiwillige Feuerwehr Bozen EO\",\"description\":\"\",\"publisher\":{\"@id\":\"https:\/\/ffbozen.it\/de\/#organization\"},\"potentialAction\":[{\"@type\":\"SearchAction\",\"target\":{\"@type\":\"EntryPoint\",\"urlTemplate\":\"https:\/\/ffbozen.it\/de\/?s={search_term_string}\"},\"query-input\":\"required name=search_term_string\"}],\"inLanguage\":\"de\"},{\"@type\":\"Organization\",\"@id\":\"https:\/\/ffbozen.it\/de\/#organization\",\"name\":\"Freiwillige Feuerwehr Bozen\",\"url\":\"https:\/\/ffbozen.it\/de\/\",\"logo\":{\"@type\":\"ImageObject\",\"inLanguage\":\"de\",\"@id\":\"https:\/\/ffbozen.it\/de\/#\/schema\/logo\/image\/\",\"url\":\"https:\/\/ffbozen.it\/de\/wp-content\/uploads\/2020\/11\/Logo-ohne-Text-scaled-e1606231422963.jpg\",\"contentUrl\":\"https:\/\/ffbozen.it\/de\/wp-content\/uploads\/2020\/11\/Logo-ohne-Text-scaled-e1606231422963.jpg\",\"width\":350,\"height\":140,\"caption\":\"Freiwillige Feuerwehr Bozen\"},\"image\":{\"@id\":\"https:\/\/ffbozen.it\/de\/#\/schema\/logo\/image\/\"},\"sameAs\":[\"https:\/\/www.facebook.com\/ff.bozen\",\"https:\/\/www.instagram.com\/ff.bozen\/\"]}]}<\/script>\n<!-- \/ Yoast SEO plugin. -->","yoast_head_json":{"title":"Mannschaftstransportfahrzeug - Freiwillige Feuerwehr Bozen EO","robots":{"index":"index","follow":"follow","max-snippet":"max-snippet:-1","max-image-preview":"max-image-preview:large","max-video-preview":"max-video-preview:-1"},"canonical":"https:\/\/ffbozen.it\/de\/ausruestung\/fuhrpark\/mannschaftstransportfahrzeug\/","og_locale":"de_DE","og_type":"article","og_title":"Mannschaftstransportfahrzeug - Freiwillige Feuerwehr Bozen EO","og_description":"tail Mannschaftstransportfahrzeug Dieses Fahrzeug dient vor Allem zum Transport von Einsatzkr\u00e4ften. Durch einen aufklappbaren Schreibtisch im Inneren des Fahrzeugs kann es auch als Atemschutz\u00fcberwachungsstelle bzw. -sammelstelle verwendet werden. Besatzung: 8 + 1 Mann Gewicht: 3.060 kg Leistung: 130 PS Baujahr: 2005 Antriebsart: 4&#215;2 Ausstattung Kleinl\u00f6schger\u00e4te (L\u00f6schdecke, Pulverl\u00f6scher) Absicherungsmaterial (Warndreieck, Blitzleuchte, etc.) Steckleiter Abnehmbarer Aufsatz mit&nbsp;&hellip;","og_url":"https:\/\/ffbozen.it\/de\/ausruestung\/fuhrpark\/mannschaftstransportfahrzeug\/","og_site_name":"Freiwillige Feuerwehr Bozen EO","article_publisher":"https:\/\/www.facebook.com\/ff.bozen","article_modified_time":"2026-03-26T08:35:09+00:00","og_image":[{"url":"https:\/\/ffbozen.it\/de\/wp-content\/uploads\/brizy\/imgs\/FFBozen_Fahrzeug4_02-1920x1080x0x0x1920x1080x1610544118.jpg"}],"twitter_card":"summary_large_image","schema":{"@context":"https:\/\/schema.org","@graph":[{"@type":"WebPage","@id":"https:\/\/ffbozen.it\/de\/ausruestung\/fuhrpark\/mannschaftstransportfahrzeug\/","url":"https:\/\/ffbozen.it\/de\/ausruestung\/fuhrpark\/mannschaftstransportfahrzeug\/","name":"Mannschaftstransportfahrzeug - Freiwillige Feuerwehr Bozen EO","isPartOf":{"@id":"https:\/\/ffbozen.it\/de\/#website"},"datePublished":"2020-12-22T14:46:31+00:00","dateModified":"2026-03-26T08:35:09+00:00","breadcrumb":{"@id":"https:\/\/ffbozen.it\/de\/ausruestung\/fuhrpark\/mannschaftstransportfahrzeug\/#breadcrumb"},"inLanguage":"de","potentialAction":[{"@type":"ReadAction","target":["https:\/\/ffbozen.it\/de\/ausruestung\/fuhrpark\/mannschaftstransportfahrzeug\/"]}]},{"@type":"BreadcrumbList","@id":"https:\/\/ffbozen.it\/de\/ausruestung\/fuhrpark\/mannschaftstransportfahrzeug\/#breadcrumb","itemListElement":[{"@type":"ListItem","position":1,"name":"Startseite","item":"https:\/\/ffbozen.it\/de\/"},{"@type":"ListItem","position":2,"name":"Ausr\u00fcstung","item":"https:\/\/ffbozen.it\/de\/ausruestung\/"},{"@type":"ListItem","position":3,"name":"Fuhrpark","item":"https:\/\/ffbozen.it\/de\/ausruestung\/fuhrpark\/"},{"@type":"ListItem","position":4,"name":"Mannschaftstransportfahrzeug"}]},{"@type":"WebSite","@id":"https:\/\/ffbozen.it\/de\/#website","url":"https:\/\/ffbozen.it\/de\/","name":"Freiwillige Feuerwehr Bozen EO","description":"","publisher":{"@id":"https:\/\/ffbozen.it\/de\/#organization"},"potentialAction":[{"@type":"SearchAction","target":{"@type":"EntryPoint","urlTemplate":"https:\/\/ffbozen.it\/de\/?s={search_term_string}"},"query-input":"required name=search_term_string"}],"inLanguage":"de"},{"@type":"Organization","@id":"https:\/\/ffbozen.it\/de\/#organization","name":"Freiwillige Feuerwehr Bozen","url":"https:\/\/ffbozen.it\/de\/","logo":{"@type":"ImageObject","inLanguage":"de","@id":"https:\/\/ffbozen.it\/de\/#\/schema\/logo\/image\/","url":"https:\/\/ffbozen.it\/de\/wp-content\/uploads\/2020\/11\/Logo-ohne-Text-scaled-e1606231422963.jpg","contentUrl":"https:\/\/ffbozen.it\/de\/wp-content\/uploads\/2020\/11\/Logo-ohne-Text-scaled-e1606231422963.jpg","width":350,"height":140,"caption":"Freiwillige Feuerwehr Bozen"},"image":{"@id":"https:\/\/ffbozen.it\/de\/#\/schema\/logo\/image\/"},"sameAs":["https:\/\/www.facebook.com\/ff.bozen","https:\/\/www.instagram.com\/ff.bozen\/"]}]}},"_links":{"self":[{"href":"https:\/\/ffbozen.it\/de\/wp-json\/wp\/v2\/pages\/16005"}],"collection":[{"href":"https:\/\/ffbozen.it\/de\/wp-json\/wp\/v2\/pages"}],"about":[{"href":"https:\/\/ffbozen.it\/de\/wp-json\/wp\/v2\/types\/page"}],"author":[{"embeddable":true,"href":"https:\/\/ffbozen.it\/de\/wp-json\/wp\/v2\/users\/5"}],"replies":[{"embeddable":true,"href":"https:\/\/ffbozen.it\/de\/wp-json\/wp\/v2\/comments?post=16005"}],"version-history":[{"count":0,"href":"https:\/\/ffbozen.it\/de\/wp-json\/wp\/v2\/pages\/16005\/revisions"}],"up":[{"embeddable":true,"href":"https:\/\/ffbozen.it\/de\/wp-json\/wp\/v2\/pages\/175"}],"wp:attachment":[{"href":"https:\/\/ffbozen.it\/de\/wp-json\/wp\/v2\/media?parent=16005"}],"curies":[{"name":"wp","href":"https:\/\/api.w.org\/{rel}","templated":true}]}}