{"id":23889,"date":"2023-09-13T17:25:38","date_gmt":"2023-09-13T15:25:38","guid":{"rendered":"https:\/\/ffbozen.it\/de\/?page_id=23889"},"modified":"2026-03-25T23:19:49","modified_gmt":"2026-03-25T22:19:49","slug":"schutzkleidung2","status":"publish","type":"page","link":"https:\/\/ffbozen.it\/de\/ausruestung\/schutzkleidung2\/","title":{"rendered":"Schutzkleidung2"},"content":{"rendered":"<div class=\"brz-root__container brz-reset-all\">\n<section data-uid=\"fnempvqzhqbpktrvltrjusgxlysrxwbvhcxu\" id=\"fnempvqzhqbpktrvltrjusgxlysrxwbvhcxu\" class=\"brz-section brz-css-vsiqu\">\n<div class=\"brz-section__content brz-section--boxed brz-css-mpemz brz-css-oexqt\" data-custom-id=\"fuinafiewdypcgcpejevrapzcejuqrorddvc\">\n<div class=\"brz-container brz-css-dvgih\">\n<div class=\"brz-css-bbpky brz-css-ydalr brz-wrapper\">\n<div class=\"brz-rich-text brz-css-ikfue\" data-custom-id=\"pcucbmcnkqmhuobujlozuinicnzlwopulius\">\n<div>\n<p class=\"brz-css-wavqs\"><span>Uniform &amp; Schutzausr\u00fcstung<\/span><\/p>\n<\/div>\n<\/div>\n<\/div>\n<\/div>\n<\/div>\n<\/section>\n<section data-uid=\"rtwadwnjczqrvjmwwhetwqytqjwwyfhasbzr\" id=\"rtwadwnjczqrvjmwwhetwqytqjwwyfhasbzr\" class=\"brz-section brz-css-vsiqu\">\n<div class=\"brz-section__content brz-section--boxed brz-css-mpemz brz-css-uzebc\" data-custom-id=\"siviurmpkgvtsnpwdzrvzahzgpyzpmpeyzkd\">\n<div class=\"brz-bg\">\n<div class=\"brz-bg-color\"><\/div>\n<\/div>\n<div class=\"brz-container brz-css-dvgih brz-css-iozmm\">\n<div class=\"brz-css-bbpky brz-css-xqadd brz-css-nnbbm brz-wrapper\">\n<div class=\"brz-spacer brz-css-fhalp brz-css-mybmo\"><\/div>\n<\/div>\n<div class=\"brz-row__container brz-css-esmse brz-css-kfzmy\" data-custom-id=\"lxxtocgvxblppseolyhquolwdmubsrorlaym\">\n<div class=\"brz-row brz-css-msudc brz-css-yeror\">\n<div data-iteration-count=\"1\" class=\"brz-columns brz-css-jvwxr brz-css-zjfcy brz-animated brz-css-pmini brz-css-xqyta\" data-custom-id=\"dfehpfdzikcbykygaiiqokszkicmplrxjoeq\">\n<div class=\"brz-bg\">\n<div class=\"brz-bg-color\"><\/div>\n<\/div>\n<div class=\"brz-column__items brz-css-mrzdn brz-css-fmfnf\">\n<div class=\"brz-css-bbpky brz-wrapper\">\n<div class=\"brz-rich-text brz-css-ikfue\" data-custom-id=\"vlltpohfqbihvoxnoxmskkrfpyafzchivbgd\">\n<div>\n<h3 class=\"brz-css-sajxa\"><span>Paradeuniform<\/span><\/h3>\n<\/div>\n<\/div>\n<\/div>\n<div class=\"brz-css-bbpky brz-wrapper\">\n<div class=\"brz-rich-text brz-css-ikfue\" data-custom-id=\"ntqxlujbtegmafvbwlgscfbstkhmubhsfkew\">\n<div>\n<p class=\"brz-css-ebubi\"><span class=\"brz-cp-color7\">Diese Uniform wird f\u00fcr repr\u00e4sentative Zwecke und \u00f6ffentliche Veranstaltungen verwendet, u. a. f\u00fcr Brandverh\u00fctungsdienste.<\/span><\/p>\n<\/div>\n<\/div>\n<\/div>\n<\/div>\n<\/div>\n<div data-iteration-count=\"1\" class=\"brz-columns brz-css-jvwxr brz-css-vsmbd brz-animated brz-css-pmini brz-css-njonh\" data-custom-id=\"gfwwcewauvyxweckzqiitjppjkrqhvsikfcs\">\n<div class=\"brz-column__items brz-css-mrzdn\">\n<div class=\"brz-css-bbpky brz-wrapper\">\n<div class=\"brz-image brz-image__lightbox brz-css-ylrid\"><a class=\"brz-a\" href=\"https:\/\/ffbozen.it\/de\/wp-content\/uploads\/2021\/02\/FFBozen_Uniform_Paradeuniform.jpg\" data-brz-link-type=\"lightBox\" id data-custom-id=\"noopeolicchbvgemgpfrvjjyrzryqpezrueu\"><img class=\"brz-img\" src=\"https:\/\/ffbozen.it\/de\/wp-content\/uploads\/brizy\/imgs\/FFBozen_Uniform_Paradeuniform-368x817x0x41x368x736x1613987673.jpg\" alt=\"\" loading=\"lazy\" \/><\/a><\/div>\n<\/div>\n<\/div>\n<\/div>\n<\/div>\n<\/div>\n<\/div>\n<\/div>\n<\/section>\n<section data-uid=\"mfvkrmmfgolcerdleyrgxhengjwaxjfaiwtm\" id=\"mfvkrmmfgolcerdleyrgxhengjwaxjfaiwtm\" class=\"brz-section brz-css-vsiqu\">\n<div class=\"brz-slick-slider brz-slick-slider__section\" data-slides-to-show=\"1\" data-slides-to-scroll=\"1\" data-arrows=\"true\" data-dots=\"true\" data-dots-class=\"brz-slick-slider__dots brz-slick-slider__dots--circle\" data-fade=\"false\" data-vertical=\"false\" data-auto-play=\"false\" data-auto-play-speed=\"3000\" data-swipe=\"true\" data-responsive=\"%5B%7B%22breakpoint%22%3A767%2C%22settings%22%3A%7B%22slidesToShow%22%3A1%2C%22slidesToScroll%22%3A1%7D%7D%5D\">\n<div>\n<div class=\"brz-section__content brz-section--boxed brz-css-mpemz brz-css-wftqr\" data-custom-id=\"rqihxqqdkotmnzaaomrrsfozbplockxfpajv\">\n<div class=\"brz-bg\">\n<div class=\"brz-bg-color\"><\/div>\n<\/div>\n<div class=\"brz-container brz-css-dvgih brz-css-casll\">\n<div class=\"brz-row__container brz-css-esmse brz-css-nuonl\" data-custom-id=\"wnotfurkluxmyuypfqhczsgrlwavalqmqzxa\">\n<div class=\"brz-row brz-css-msudc brz-css-yeror\">\n<div data-iteration-count=\"1\" class=\"brz-columns brz-css-jvwxr brz-css-crfdb brz-animated brz-css-pmini brz-css-hlbgx\" data-custom-id=\"tigbqdltgjzoduznfzcyrtlvbbhgquetltru\">\n<div class=\"brz-column__items brz-css-mrzdn\">\n<div class=\"brz-css-bbpky brz-wrapper\">\n<div class=\"brz-image brz-image__lightbox brz-css-vtpij\"><a class=\"brz-a\" href=\"https:\/\/ffbozen.it\/de\/wp-content\/uploads\/2023\/09\/Dienstuniform-1-rotated.jpg\" data-brz-link-type=\"lightBox\" id data-custom-id=\"xseoskqpzayobzuxqcthntrencenpefimqck\"><img class=\"brz-img\" src=\"https:\/\/ffbozen.it\/de\/wp-content\/uploads\/brizy\/imgs\/Dienstuniform-1-rotated-368x551x0x0x368x551x1694619749.jpg\" alt=\"\" loading=\"lazy\" \/><\/a><\/div>\n<\/div>\n<\/div>\n<\/div>\n<div class=\"brz-columns brz-css-jvwxr brz-css-ubwef\" data-custom-id=\"rzuxspgznfqzzwipgvcxdkucelwphubcdcyb\">\n<div class=\"brz-bg\">\n<div class=\"brz-bg-color\"><\/div>\n<\/div>\n<div class=\"brz-column__items brz-css-mrzdn brz-css-zdlym\">\n<div class=\"brz-css-bbpky brz-wrapper\">\n<div class=\"brz-rich-text brz-css-ikfue\" data-custom-id=\"mlyjffzrgzmndghmnpuyikiautirwkuvanyn\">\n<div>\n<h3 class=\"brz-css-hlyzm\"><span>Dienstuniform<\/span><\/h3>\n<\/div>\n<\/div>\n<\/div>\n<div class=\"brz-css-bbpky brz-wrapper\">\n<div class=\"brz-rich-text brz-css-ikfue\" data-custom-id=\"ewswhusknpsskfczsbhplvurlxjxwsgnrdfl\">\n<div>\n<p class=\"brz-css-vlleh\" data-uniq-id=\"ocnht\" data-generated-css=\"brz-css-nmhcu\"><span class=\"brz-cp-color7\">Diese Uniform stellt die Grundausr\u00fcstung eines jeden Feuerwehrmitgliedes dar und wird v. a. f\u00fcr kleine technische Hilfeleistungen, sowie der Brandbek\u00e4mpfung im Freien, eingesetzt.<\/span><\/p>\n<\/div>\n<\/div>\n<\/div>\n<\/div>\n<\/div>\n<\/div>\n<\/div>\n<\/div>\n<\/div>\n<\/div>\n<div>\n<div class=\"brz-section__content brz-section--boxed brz-css-mpemz brz-css-liapa\" data-custom-id=\"djkolriycvzjlxtpjgotnbfihvbvcaerzdjt\">\n<div class=\"brz-bg\">\n<div class=\"brz-bg-color\"><\/div>\n<\/div>\n<div class=\"brz-container brz-css-dvgih brz-css-rjyan\">\n<div class=\"brz-row__container brz-css-esmse brz-css-iopvt\" data-custom-id=\"xtfuutrcimptxywwluaxwofqjaqbdqjjnljp\">\n<div class=\"brz-row brz-css-msudc brz-css-yeror\">\n<div data-iteration-count=\"1\" class=\"brz-columns brz-css-jvwxr brz-css-uenuc brz-animated brz-css-pmini brz-css-axbek\" data-custom-id=\"vvskwqpxssdjcgtdwlxclivsmxsziackxciv\">\n<div class=\"brz-column__items brz-css-mrzdn\">\n<div class=\"brz-css-bbpky brz-wrapper\">\n<div class=\"brz-image brz-image__lightbox brz-css-qgrup\"><a class=\"brz-a\" href=\"https:\/\/ffbozen.it\/de\/wp-content\/uploads\/2023\/09\/Dienstuniform-2-rotated.jpg\" data-brz-link-type=\"lightBox\" id data-custom-id=\"cagmjvufwlcalikekrowdyhputocygsztori\"><img class=\"brz-img\" src=\"https:\/\/ffbozen.it\/de\/wp-content\/uploads\/brizy\/imgs\/Dienstuniform-2-rotated-368x551x0x0x368x551x1694619755.jpg\" alt=\"\" loading=\"lazy\" \/><\/a><\/div>\n<\/div>\n<\/div>\n<\/div>\n<div class=\"brz-columns brz-css-jvwxr brz-css-lwxyw\" data-custom-id=\"ncbkuogbbuppcnombsjdgnsbynksxnlvrrta\">\n<div class=\"brz-bg\">\n<div class=\"brz-bg-color\"><\/div>\n<\/div>\n<div class=\"brz-column__items brz-css-mrzdn brz-css-jpbjz\">\n<div class=\"brz-css-bbpky brz-wrapper\">\n<div class=\"brz-rich-text brz-css-ikfue\" data-custom-id=\"csjrncvmdhipwgslxriiasaezmxjsgjcjkqf\">\n<div>\n<h3 class=\"brz-css-kaabd\"><span>Dienstuniform<\/span><\/h3>\n<\/div>\n<\/div>\n<\/div>\n<div class=\"brz-css-bbpky brz-wrapper\">\n<div class=\"brz-rich-text brz-css-ikfue\" data-custom-id=\"fefmmmlcbhtkrdvdkikfjbyqyhuqhkpevwid\">\n<div>\n<p class=\"brz-css-tolqg\" data-uniq-id=\"ocnht\" data-generated-css=\"brz-css-nmhcu\"><span class=\"brz-cp-color7\">Diese Uniform stellt die Grundausr\u00fcstung eines jeden Feuerwehrmitgliedes dar und wird v. a. f\u00fcr kleine technische Hilfeleistungen, sowie der Brandbek\u00e4mpfung im Freien, eingesetzt.<\/span><\/p>\n<\/div>\n<\/div>\n<\/div>\n<\/div>\n<\/div>\n<\/div>\n<\/div>\n<\/div>\n<\/div>\n<\/div>\n<div>\n<div class=\"brz-section__content brz-section--boxed brz-css-mpemz brz-css-bbaiw\" data-custom-id=\"fpsrxgrpebowfdzsinrpcrhfzgkqxcfngaex\">\n<div class=\"brz-bg\">\n<div class=\"brz-bg-color\"><\/div>\n<\/div>\n<div class=\"brz-container brz-css-dvgih brz-css-rbabk\">\n<div class=\"brz-row__container brz-css-esmse brz-css-ulqet\" data-custom-id=\"gfabkbpeaszzfuknyailudygjuerjcajpnmn\">\n<div class=\"brz-row brz-css-msudc brz-css-yeror\">\n<div data-iteration-count=\"1\" class=\"brz-columns brz-css-jvwxr brz-css-ulwdy brz-animated brz-css-pmini brz-css-krhec\" data-custom-id=\"nnhdfavpteqpndygvxgwiirdxvgvubjsurpp\">\n<div class=\"brz-column__items brz-css-mrzdn\">\n<div class=\"brz-css-bbpky brz-wrapper\">\n<div class=\"brz-image brz-image__lightbox brz-css-jmrxt\"><a class=\"brz-a\" href=\"https:\/\/ffbozen.it\/de\/wp-content\/uploads\/2023\/09\/Dienstuniform-3-rotated.jpg\" data-brz-link-type=\"lightBox\" id data-custom-id=\"zraxmyztlkurmkmnimxqseycgfeoeiqwktob\"><img class=\"brz-img\" src=\"https:\/\/ffbozen.it\/de\/wp-content\/uploads\/brizy\/imgs\/Dienstuniform-3-rotated-368x551x0x0x368x551x1694619760.jpg\" alt=\"\" loading=\"lazy\" \/><\/a><\/div>\n<\/div>\n<\/div>\n<\/div>\n<div class=\"brz-columns brz-css-jvwxr brz-css-nuedk\" data-custom-id=\"rclnnixrlyyigpxuhkswfablvarufirnrvxm\">\n<div class=\"brz-bg\">\n<div class=\"brz-bg-color\"><\/div>\n<\/div>\n<div class=\"brz-column__items brz-css-mrzdn brz-css-lzmbu\">\n<div class=\"brz-css-bbpky brz-wrapper\">\n<div class=\"brz-rich-text brz-css-ikfue\" data-custom-id=\"yweavebqmidgcmsowvizzpxjlzycyixhagcc\">\n<div>\n<h3 class=\"brz-css-rtvdy\"><span>Dienstuniform<\/span><\/h3>\n<\/div>\n<\/div>\n<\/div>\n<div class=\"brz-css-bbpky brz-wrapper\">\n<div class=\"brz-rich-text brz-css-ikfue\" data-custom-id=\"kzqevpiowrtkjoyjvjrsekjveipoiscdbhmv\">\n<div>\n<p class=\"brz-css-wyzmc\" data-uniq-id=\"ocnht\" data-generated-css=\"brz-css-nmhcu\"><span class=\"brz-cp-color7\">Diese Uniform stellt die Grundausr\u00fcstung eines jeden Feuerwehrmitgliedes dar und wird v. a. f\u00fcr kleine technische Hilfeleistungen, sowie der Brandbek\u00e4mpfung im Freien, eingesetzt.<\/span><\/p>\n<\/div>\n<\/div>\n<\/div>\n<\/div>\n<\/div>\n<\/div>\n<\/div>\n<\/div>\n<\/div>\n<\/div>\n<div>\n<div class=\"brz-section__content brz-section--boxed brz-css-mpemz brz-css-wljhc\" data-custom-id=\"slsdphwinlddykznttzqjqlhnwdbxagvnlff\">\n<div class=\"brz-bg\">\n<div class=\"brz-bg-color\"><\/div>\n<\/div>\n<div class=\"brz-container brz-css-dvgih brz-css-rrsjb\">\n<div class=\"brz-row__container brz-css-esmse brz-css-wkpwj\" data-custom-id=\"xvbkixjfrvoqheqnmjalpxqmtxxxmcywwing\">\n<div class=\"brz-row brz-css-msudc brz-css-yeror\">\n<div data-iteration-count=\"1\" class=\"brz-columns brz-css-jvwxr brz-css-yomoq brz-animated brz-css-pmini brz-css-dizgy\" data-custom-id=\"pwahvlkehcihnnessqzxtxjikthxfiktdjcs\">\n<div class=\"brz-column__items brz-css-mrzdn\">\n<div class=\"brz-css-bbpky brz-wrapper\">\n<div class=\"brz-image brz-image__lightbox brz-css-jumtv\"><a class=\"brz-a\" href=\"https:\/\/ffbozen.it\/de\/wp-content\/uploads\/2023\/09\/Dienstuniform-4-rotated.jpg\" data-brz-link-type=\"lightBox\" id data-custom-id=\"kyxrlvwxeakmvcimdaedsyuogqhvubvgcawy\"><img class=\"brz-img\" src=\"https:\/\/ffbozen.it\/de\/wp-content\/uploads\/brizy\/imgs\/Dienstuniform-4-rotated-368x551x0x0x368x551x1694619765.jpg\" alt=\"\" loading=\"lazy\" \/><\/a><\/div>\n<\/div>\n<\/div>\n<\/div>\n<div class=\"brz-columns brz-css-jvwxr brz-css-dwrte\" data-custom-id=\"mghvszndebilchxjboomfahyddjubhevqxux\">\n<div class=\"brz-bg\">\n<div class=\"brz-bg-color\"><\/div>\n<\/div>\n<div class=\"brz-column__items brz-css-mrzdn brz-css-tgfel\">\n<div class=\"brz-css-bbpky brz-wrapper\">\n<div class=\"brz-rich-text brz-css-ikfue\" data-custom-id=\"hyoiteflknzmkuodedvpzrzgegxbebiscpte\">\n<div>\n<h3 class=\"brz-css-yldvl\"><span>Dienstuniform<\/span><\/h3>\n<\/div>\n<\/div>\n<\/div>\n<div class=\"brz-css-bbpky brz-wrapper\">\n<div class=\"brz-rich-text brz-css-ikfue\" data-custom-id=\"argxyroolhnbaqcqlkyjcflkboswvnjkwmyi\">\n<div>\n<p class=\"brz-css-dkowz\" data-uniq-id=\"ocnht\" data-generated-css=\"brz-css-nmhcu\"><span class=\"brz-cp-color7\">Diese Uniform stellt die Grundausr\u00fcstung eines jeden Feuerwehrmitgliedes dar und wird v. a. f\u00fcr kleine technische Hilfeleistungen, sowie der Brandbek\u00e4mpfung im Freien, eingesetzt.<\/span><\/p>\n<\/div>\n<\/div>\n<\/div>\n<\/div>\n<\/div>\n<\/div>\n<\/div>\n<\/div>\n<\/div>\n<\/div>\n<p><title>thin<\/title>\n<\/div>\n<\/section>\n<section data-uid=\"ljdjwccziaehnsahirkbvigpftsaohcwgztu\" id=\"ljdjwccziaehnsahirkbvigpftsaohcwgztu\" class=\"brz-section brz-css-vsiqu\">\n<div class=\"brz-slick-slider brz-slick-slider__section\" data-slides-to-show=\"1\" data-slides-to-scroll=\"1\" data-arrows=\"true\" data-dots=\"true\" data-dots-class=\"brz-slick-slider__dots brz-slick-slider__dots--circle\" data-fade=\"false\" data-vertical=\"false\" data-auto-play=\"false\" data-auto-play-speed=\"3000\" data-swipe=\"true\" data-responsive=\"%5B%7B%22breakpoint%22%3A767%2C%22settings%22%3A%7B%22slidesToShow%22%3A1%2C%22slidesToScroll%22%3A1%7D%7D%5D\">\n<div>\n<div class=\"brz-section__content brz-section--boxed brz-css-mpemz brz-css-mlros\" data-custom-id=\"zrushkxcbixntmagatdnuvqopcdgcywiebmv\">\n<div class=\"brz-bg\">\n<div class=\"brz-bg-color\"><\/div>\n<\/div>\n<div class=\"brz-container brz-css-dvgih brz-css-dgvrd\">\n<div class=\"brz-row__container brz-css-esmse brz-css-slzsn\" data-custom-id=\"uyoqkfqjasxztxrgaruuqilrasccesnxcfti\">\n<div class=\"brz-row brz-css-msudc brz-css-yeror\">\n<div class=\"brz-columns brz-css-jvwxr brz-css-gntkz\" data-custom-id=\"cxaazxeictopbndjjpkvnsnykcotkdhcryej\">\n<div class=\"brz-bg\">\n<div class=\"brz-bg-color\"><\/div>\n<\/div>\n<div class=\"brz-column__items brz-css-mrzdn brz-css-weptb\">\n<div class=\"brz-css-bbpky brz-wrapper\">\n<div class=\"brz-rich-text brz-css-ikfue\" data-custom-id=\"dxvpelzwdvynxnxyonxcjihsaosrdxwcleit\">\n<div>\n<h3 class=\"brz-css-qpdpw\"><span>Brandeinsatzschutzkleidung<\/span><\/h3>\n<\/div>\n<\/div>\n<\/div>\n<div class=\"brz-css-bbpky brz-wrapper\">\n<div class=\"brz-rich-text brz-css-ikfue\" data-custom-id=\"psfuxzuiyhuiftaxhnhrixmypymmdpdemumi\">\n<div>\n<p class=\"brz-css-arxuk\" data-uniq-id=\"qhpof\" data-generated-css=\"brz-css-vkurb\"><span class=\"brz-cp-color7\">Diese Schutzausr\u00fcstung findet bei allen Brandeins\u00e4tzen Verwendung.<\/span><\/p>\n<p class=\"brz-css-ztooo\" data-uniq-id=\"mmvvm\" data-generated-css=\"brz-css-kmhoq\"><span class=\"brz-cp-color7\">Sie besteht Brandeinsatzmantel mit integriertem Gurt zur Absturzsicherung und Selbstrettung, Brandeinsatzhose und -handschuhen.<\/span><\/p>\n<p class=\"brz-css-lhnao\" data-uniq-id=\"utukf\" data-generated-css=\"brz-css-fygvb\"><span class=\"brz-cp-color7\">Der Mannschaftsf\u00fchrer wird bei Eins\u00e4tzen mit anderen Organisationen zur besseren Kennzeichnung mit einem roten Schulterkoller ausgestattet.<\/span><\/p>\n<\/div>\n<\/div>\n<\/div>\n<\/div>\n<\/div>\n<div data-iteration-count=\"1\" class=\"brz-columns brz-css-jvwxr brz-css-yngrl brz-animated brz-css-pmini brz-css-oftae\" data-custom-id=\"havzexqkisasrovqqyurvrfhyizmzkaerelf\">\n<div class=\"brz-column__items brz-css-mrzdn\">\n<div class=\"brz-css-bbpky brz-wrapper\">\n<div class=\"brz-image brz-image__lightbox brz-css-jlkry\"><a class=\"brz-a\" href=\"https:\/\/ffbozen.it\/de\/wp-content\/uploads\/2023\/09\/Brandeinsatzschutzkleidung-1-rotated.jpg\" data-brz-link-type=\"lightBox\" id data-custom-id=\"oizznlkbqvkzngnwncpzctjixdtmlxbzzsyi\"><img class=\"brz-img\" src=\"https:\/\/ffbozen.it\/de\/wp-content\/uploads\/brizy\/imgs\/Brandeinsatzschutzkleidung-1-rotated-368x551x0x0x368x551x1694622326.jpg\" alt=\"\" loading=\"lazy\" \/><\/a><\/div>\n<\/div>\n<\/div>\n<\/div>\n<\/div>\n<\/div>\n<\/div>\n<\/div>\n<\/div>\n<div>\n<div class=\"brz-section__content brz-section--boxed brz-css-mpemz brz-css-hqrqp\" data-custom-id=\"jvehaxehbwrzsydrvqflyaajpwrsuwqtmpiw\">\n<div class=\"brz-bg\">\n<div class=\"brz-bg-color\"><\/div>\n<\/div>\n<div class=\"brz-container brz-css-dvgih brz-css-tlodg\">\n<div class=\"brz-row__container brz-css-esmse brz-css-xzpeq\" data-custom-id=\"kdfvmahgxdoygyvsvyugtvflzxorrujawcie\">\n<div class=\"brz-row brz-css-msudc brz-css-yeror\">\n<div class=\"brz-columns brz-css-jvwxr brz-css-lfgkb\" data-custom-id=\"rlxksucnlrganqsbwvjxkkyiixixhnktkbvb\">\n<div class=\"brz-bg\">\n<div class=\"brz-bg-color\"><\/div>\n<\/div>\n<div class=\"brz-column__items brz-css-mrzdn brz-css-pzynh\">\n<div class=\"brz-css-bbpky brz-wrapper\">\n<div class=\"brz-rich-text brz-css-ikfue\" data-custom-id=\"qyrpsujfzgdjtgldilfdvexaexvhqvqhafth\">\n<div>\n<h3 class=\"brz-css-qsmdo\"><span>Brandeinsatzschutzkleidung<\/span><\/h3>\n<\/div>\n<\/div>\n<\/div>\n<div class=\"brz-css-bbpky brz-wrapper\">\n<div class=\"brz-rich-text brz-css-ikfue\" data-custom-id=\"fvnpyhddtvjyeysmhenangsjfaxawicpxuiv\">\n<div>\n<p class=\"brz-css-zobgw\" data-uniq-id=\"qhpof\" data-generated-css=\"brz-css-vkurb\"><span class=\"brz-cp-color7\">Diese Schutzausr\u00fcstung findet bei allen Brandeins\u00e4tzen Verwendung.<\/span><\/p>\n<p class=\"brz-css-nyypu\" data-uniq-id=\"mmvvm\" data-generated-css=\"brz-css-kmhoq\"><span class=\"brz-cp-color7\">Sie besteht Brandeinsatzmantel mit integriertem Gurt zur Absturzsicherung und Selbstrettung, Brandeinsatzhose und -handschuhen.<\/span><\/p>\n<p class=\"brz-css-scohi\" data-uniq-id=\"utukf\" data-generated-css=\"brz-css-fygvb\"><span class=\"brz-cp-color7\">Der Mannschaftsf\u00fchrer wird bei Eins\u00e4tzen mit anderen Organisationen zur besseren Kennzeichnung mit einem roten Schulterkoller ausgestattet.<\/span><\/p>\n<\/div>\n<\/div>\n<\/div>\n<\/div>\n<\/div>\n<div data-iteration-count=\"1\" class=\"brz-columns brz-css-jvwxr brz-css-jwllj brz-animated brz-css-pmini brz-css-isvli\" data-custom-id=\"cdubzeqdihncdhzftzfqnshkrmccatxypqgv\">\n<div class=\"brz-column__items brz-css-mrzdn\">\n<div class=\"brz-css-bbpky brz-wrapper\">\n<div class=\"brz-image brz-image__lightbox brz-css-kkkpv\"><a class=\"brz-a\" href=\"https:\/\/ffbozen.it\/de\/wp-content\/uploads\/2023\/09\/Brandeinsatzschutzkleidung-2-rotated.jpg\" data-brz-link-type=\"lightBox\" id data-custom-id=\"hsnamrrwwseilmxomozdzgcmglpvjyuzsfuk\"><img class=\"brz-img\" src=\"https:\/\/ffbozen.it\/de\/wp-content\/uploads\/brizy\/imgs\/Brandeinsatzschutzkleidung-2-rotated-368x551x0x0x368x551x1694622333.jpg\" alt=\"\" loading=\"lazy\" \/><\/a><\/div>\n<\/div>\n<\/div>\n<\/div>\n<\/div>\n<\/div>\n<\/div>\n<\/div>\n<\/div>\n<div>\n<div class=\"brz-section__content brz-section--boxed brz-css-mpemz brz-css-pirkx\" data-custom-id=\"pkzquniowdndzwmrqgebksfudatonjxuznto\">\n<div class=\"brz-bg\">\n<div class=\"brz-bg-color\"><\/div>\n<\/div>\n<div class=\"brz-container brz-css-dvgih brz-css-suloc\">\n<div class=\"brz-row__container brz-css-esmse brz-css-bayth\" data-custom-id=\"tnywdqelkxudilxncvvcehkyusgdkxfvmmgn\">\n<div class=\"brz-row brz-css-msudc brz-css-yeror\">\n<div class=\"brz-columns brz-css-jvwxr brz-css-liirn\" data-custom-id=\"xuwkuidceqwacugyrmqvevnuxprcodpaaehe\">\n<div class=\"brz-bg\">\n<div class=\"brz-bg-color\"><\/div>\n<\/div>\n<div class=\"brz-column__items brz-css-mrzdn brz-css-wldld\">\n<div class=\"brz-css-bbpky brz-wrapper\">\n<div class=\"brz-rich-text brz-css-ikfue\" data-custom-id=\"fewfrpogrwdxqoavxweiuggjwcrxcqvgapya\">\n<div>\n<h3 class=\"brz-css-dhnuh\"><span>Brandeinsatzschutzkleidung<\/span><\/h3>\n<\/div>\n<\/div>\n<\/div>\n<div class=\"brz-css-bbpky brz-wrapper\">\n<div class=\"brz-rich-text brz-css-ikfue\" data-custom-id=\"wqbfhrincdhxllfxcnrvypiftzpmnzjrtcih\">\n<div>\n<p class=\"brz-css-gedrf\" data-uniq-id=\"qhpof\" data-generated-css=\"brz-css-vkurb\"><span class=\"brz-cp-color7\">Diese Schutzausr\u00fcstung findet bei allen Brandeins\u00e4tzen Verwendung.<\/span><\/p>\n<p class=\"brz-css-tiiyj\" data-uniq-id=\"mmvvm\" data-generated-css=\"brz-css-kmhoq\"><span class=\"brz-cp-color7\">Sie besteht Brandeinsatzmantel mit integriertem Gurt zur Absturzsicherung und Selbstrettung, Brandeinsatzhose und -handschuhen.<\/span><\/p>\n<p class=\"brz-css-afnco\" data-uniq-id=\"utukf\" data-generated-css=\"brz-css-fygvb\"><span class=\"brz-cp-color7\">Der Mannschaftsf\u00fchrer wird bei Eins\u00e4tzen mit anderen Organisationen zur besseren Kennzeichnung mit einem roten Schulterkoller ausgestattet.<\/span><\/p>\n<\/div>\n<\/div>\n<\/div>\n<\/div>\n<\/div>\n<div data-iteration-count=\"1\" class=\"brz-columns brz-css-jvwxr brz-css-fawwf brz-animated brz-css-pmini brz-css-ziqwj\" data-custom-id=\"iflhiziptqsfpvfyuxzewgnqloxdblkqphul\">\n<div class=\"brz-column__items brz-css-mrzdn\">\n<div class=\"brz-css-bbpky brz-wrapper\">\n<div class=\"brz-image brz-image__lightbox brz-css-gkbhu\"><a class=\"brz-a\" href=\"https:\/\/ffbozen.it\/de\/wp-content\/uploads\/2023\/09\/Brandeinsatzschutzkleidung-mit-Koller-1-rotated.jpg\" data-brz-link-type=\"lightBox\" id data-custom-id=\"coqdhwxxawlkzdxezzdbhnrdyrtalvcpnddv\"><img class=\"brz-img\" src=\"https:\/\/ffbozen.it\/de\/wp-content\/uploads\/brizy\/imgs\/Brandeinsatzschutzkleidung-mit-Koller-1-rotated-368x551x0x0x368x551x1694622340.jpg\" alt=\"\" loading=\"lazy\" \/><\/a><\/div>\n<\/div>\n<\/div>\n<\/div>\n<\/div>\n<\/div>\n<\/div>\n<\/div>\n<\/div>\n<div>\n<div class=\"brz-section__content brz-section--boxed brz-css-mpemz brz-css-pezkb\" data-custom-id=\"lvnyspiqnnzczvyscneadagphvsbtibzrprr\">\n<div class=\"brz-bg\">\n<div class=\"brz-bg-color\"><\/div>\n<\/div>\n<div class=\"brz-container brz-css-dvgih brz-css-qygyc\">\n<div class=\"brz-row__container brz-css-esmse brz-css-jddni\" data-custom-id=\"qqjqpvpenegdnwxxounpyymzuoflaajarldt\">\n<div class=\"brz-row brz-css-msudc brz-css-yeror\">\n<div class=\"brz-columns brz-css-jvwxr brz-css-ukoab\" data-custom-id=\"cqneebzgrtspcswgdkmavmjzevfvolxvsegy\">\n<div class=\"brz-bg\">\n<div class=\"brz-bg-color\"><\/div>\n<\/div>\n<div class=\"brz-column__items brz-css-mrzdn brz-css-nvers\">\n<div class=\"brz-css-bbpky brz-wrapper\">\n<div class=\"brz-rich-text brz-css-ikfue\" data-custom-id=\"rjgtymnapidzddimukntxkegehnmeqhmtgef\">\n<div>\n<h3 class=\"brz-css-csxfw\"><span>Brandeinsatzschutzkleidung<\/span><\/h3>\n<\/div>\n<\/div>\n<\/div>\n<div class=\"brz-css-bbpky brz-wrapper\">\n<div class=\"brz-rich-text brz-css-ikfue\" data-custom-id=\"eowlwwuuqazqymclvdzmuhhpaiuidafguvdk\">\n<div>\n<p class=\"brz-css-ubcil\" data-uniq-id=\"qhpof\" data-generated-css=\"brz-css-vkurb\"><span class=\"brz-cp-color7\">Diese Schutzausr\u00fcstung findet bei allen Brandeins\u00e4tzen Verwendung.<\/span><\/p>\n<p class=\"brz-css-hypjr\" data-uniq-id=\"mmvvm\" data-generated-css=\"brz-css-kmhoq\"><span class=\"brz-cp-color7\">Sie besteht Brandeinsatzmantel mit integriertem Gurt zur Absturzsicherung und Selbstrettung, Brandeinsatzhose und -handschuhen.<\/span><\/p>\n<p class=\"brz-css-zyqjb\" data-uniq-id=\"utukf\" data-generated-css=\"brz-css-fygvb\"><span class=\"brz-cp-color7\">Der Mannschaftsf\u00fchrer wird bei Eins\u00e4tzen mit anderen Organisationen zur besseren Kennzeichnung mit einem roten Schulterkoller ausgestattet.<\/span><\/p>\n<\/div>\n<\/div>\n<\/div>\n<\/div>\n<\/div>\n<div data-iteration-count=\"1\" class=\"brz-columns brz-css-jvwxr brz-css-tegnd brz-animated brz-css-pmini brz-css-dxdax\" data-custom-id=\"rbivzzixvffbmjtbgtoqzbhhhyxnjqfhugjc\">\n<div class=\"brz-column__items brz-css-mrzdn\">\n<div class=\"brz-css-bbpky brz-wrapper\">\n<div class=\"brz-image brz-image__lightbox brz-css-nloew\"><a class=\"brz-a\" href=\"https:\/\/ffbozen.it\/de\/wp-content\/uploads\/2023\/09\/Brandeinsatzschutzkleidung-mit-Koller-2-rotated.jpg\" data-brz-link-type=\"lightBox\" id data-custom-id=\"gxsoofegsqpimommkjaxlspuhvzwqpyuljnq\"><img class=\"brz-img\" src=\"https:\/\/ffbozen.it\/de\/wp-content\/uploads\/brizy\/imgs\/Brandeinsatzschutzkleidung-mit-Koller-2-rotated-368x551x0x0x368x551x1694622348.jpg\" alt=\"\" loading=\"lazy\" \/><\/a><\/div>\n<\/div>\n<\/div>\n<\/div>\n<\/div>\n<\/div>\n<\/div>\n<\/div>\n<\/div>\n<p><title>thin<\/title>\n<\/div>\n<\/section>\n<section data-uid=\"muxpbvjrcjcjohyqtfehzozgutvhborkckuo\" id=\"muxpbvjrcjcjohyqtfehzozgutvhborkckuo\" class=\"brz-section brz-css-vsiqu\">\n<div class=\"brz-slick-slider brz-slick-slider__section\" data-slides-to-show=\"1\" data-slides-to-scroll=\"1\" data-arrows=\"true\" data-dots=\"true\" data-dots-class=\"brz-slick-slider__dots brz-slick-slider__dots--circle\" data-fade=\"false\" data-vertical=\"false\" data-auto-play=\"false\" data-auto-play-speed=\"3000\" data-swipe=\"true\" data-responsive=\"%5B%7B%22breakpoint%22%3A767%2C%22settings%22%3A%7B%22slidesToShow%22%3A1%2C%22slidesToScroll%22%3A1%7D%7D%5D\">\n<div>\n<div class=\"brz-section__content brz-section--boxed brz-css-mpemz brz-css-rgrzf\" data-custom-id=\"izbecvjmxoawrsaardnwschoqkngovcvhhku\">\n<div class=\"brz-bg\">\n<div class=\"brz-bg-color\"><\/div>\n<\/div>\n<div class=\"brz-container brz-css-dvgih brz-css-zeznb\">\n<div class=\"brz-row__container brz-css-esmse brz-css-tlybx\" data-custom-id=\"jrudngjysixtjdapewwtakukqdlqhrwegdyf\">\n<div class=\"brz-row brz-css-msudc brz-css-yeror\">\n<div data-iteration-count=\"1\" class=\"brz-columns brz-css-jvwxr brz-css-ufyfa brz-animated brz-css-pmini brz-css-ofncg\" data-custom-id=\"ffnklzetzcudhlwoddtnfywyxlvtxhlcsufy\">\n<div class=\"brz-column__items brz-css-mrzdn\">\n<div class=\"brz-css-bbpky brz-wrapper\">\n<div class=\"brz-image brz-image__lightbox brz-css-nstly\"><a class=\"brz-a\" href=\"https:\/\/ffbozen.it\/de\/wp-content\/uploads\/2023\/09\/Brandeinsatzschutzkleidung-mit-ATS-1-rotated.jpg\" data-brz-link-type=\"lightBox\" id data-custom-id=\"rrydkeaktneaqrlddtxbosukkcxcgquxnosx\"><img class=\"brz-img\" src=\"https:\/\/ffbozen.it\/de\/wp-content\/uploads\/brizy\/imgs\/Brandeinsatzschutzkleidung-mit-ATS-1-rotated-368x551x0x0x368x551x1694622515.jpg\" alt=\"\" loading=\"lazy\" \/><\/a><\/div>\n<\/div>\n<\/div>\n<\/div>\n<div class=\"brz-columns brz-css-jvwxr brz-css-imqxj\" data-custom-id=\"puytnbuhvuxjocxkbfgdwkwdlesqacrtnhew\">\n<div class=\"brz-bg\">\n<div class=\"brz-bg-color\"><\/div>\n<\/div>\n<div class=\"brz-column__items brz-css-mrzdn brz-css-orjsj\">\n<div class=\"brz-css-bbpky brz-wrapper\">\n<div class=\"brz-rich-text brz-css-ikfue\" data-custom-id=\"nhcaofuekxamwbblkwspfzyiawcnrzlvlbqn\">\n<div>\n<h3 class=\"brz-css-bdzmk\"><span>Brandeinsatzschutzkleidung mit Atemschutzger\u00e4t<\/span><\/h3>\n<\/div>\n<\/div>\n<\/div>\n<div class=\"brz-css-bbpky brz-wrapper\">\n<div class=\"brz-rich-text brz-css-ikfue\" data-custom-id=\"konqhujkqyzgjdasqypixkpftniwrjpehggn\">\n<div>\n<p class=\"brz-css-vdsdh\" data-uniq-id=\"qkmiu\" data-generated-css=\"brz-css-oupvs\"><span class=\"brz-cp-color7\">Diese Schutzausr\u00fcstung wird bei Eins\u00e4tzen mit Brand oder Rauchentwicklung verwendet, vor allem, wenn die Einatmung der Umgebungsluft unm\u00f6glich bzw. gesundheitssch\u00e4digend ist.<\/span><\/p>\n<p class=\"brz-css-qhjtt\" data-uniq-id=\"mdtcz\" data-generated-css=\"brz-css-teuez\"><span class=\"brz-cp-color7\">Sie besteht aus der Brandeinsatzschutzkleidung, Flammschutzhaube, Atemschutzger\u00e4t, sowie sonstigem Einsatzmaterial, wie Funkger\u00e4t, Atemschutz-Rettungsleine, Feuerwehraxt, explosionsgesch\u00fctzte Handlampe, usw.<\/span><\/p>\n<p class=\"brz-css-oozbh\" data-uniq-id=\"ahotk\" data-generated-css=\"brz-css-bmwls\"><span class=\"brz-cp-color7\">Das Atemschutzger\u00e4t selbst besteht aus dem Schulterger\u00e4t mit Atemluftflasche und der Atemschutzmaske. Die Wehrm\u00e4nner k\u00f6nnen sich mit dem Atemschutzger\u00e4t bereits w\u00e4hrend der Anfahrt im Fahrzeug ausr\u00fcsten. <\/span><\/p>\n<\/div>\n<\/div>\n<\/div>\n<\/div>\n<\/div>\n<\/div>\n<\/div>\n<\/div>\n<\/div>\n<\/div>\n<div>\n<div class=\"brz-section__content brz-section--boxed brz-css-mpemz brz-css-phogl\" data-custom-id=\"znlkuhwbtodphtoznzsvdkhrhuxczybwucqx\">\n<div class=\"brz-bg\">\n<div class=\"brz-bg-color\"><\/div>\n<\/div>\n<div class=\"brz-container brz-css-dvgih brz-css-jywle\">\n<div class=\"brz-row__container brz-css-esmse brz-css-boutl\" data-custom-id=\"tnucfyootcikvdekinesrpbwtjkhaiydlrtr\">\n<div class=\"brz-row brz-css-msudc brz-css-yeror\">\n<div data-iteration-count=\"1\" class=\"brz-columns brz-css-jvwxr brz-css-isptt brz-animated brz-css-pmini brz-css-ywfjn\" data-custom-id=\"tlacalxbzqmgaohirmgbkuovdjeezuyluqlh\">\n<div class=\"brz-column__items brz-css-mrzdn\">\n<div class=\"brz-css-bbpky brz-wrapper\">\n<div class=\"brz-image brz-image__lightbox brz-css-lhjfh\"><a class=\"brz-a\" href=\"https:\/\/ffbozen.it\/de\/wp-content\/uploads\/2023\/09\/Brandeinsatzschutzkleidung-mit-ATS-2-rotated.jpg\" data-brz-link-type=\"lightBox\" id data-custom-id=\"qhkonkyvlikcplrefjmnurgcriyetauwocwf\"><img class=\"brz-img\" src=\"https:\/\/ffbozen.it\/de\/wp-content\/uploads\/brizy\/imgs\/Brandeinsatzschutzkleidung-mit-ATS-2-rotated-368x551x0x0x368x551x1694622522.jpg\" alt=\"\" loading=\"lazy\" \/><\/a><\/div>\n<\/div>\n<\/div>\n<\/div>\n<div class=\"brz-columns brz-css-jvwxr brz-css-kopne\" data-custom-id=\"vfwourmsftnneyeifytoktnsejfjpuyhjwcm\">\n<div class=\"brz-bg\">\n<div class=\"brz-bg-color\"><\/div>\n<\/div>\n<div class=\"brz-column__items brz-css-mrzdn brz-css-tmxoz\">\n<div class=\"brz-css-bbpky brz-wrapper\">\n<div class=\"brz-rich-text brz-css-ikfue\" data-custom-id=\"kaunuorpudpihzgotsujqbskzisystmixvjs\">\n<div>\n<h3 class=\"brz-css-ljusw\"><span>Brandeinsatzschutzkleidung mit Atemschutzger\u00e4t<\/span><\/h3>\n<\/div>\n<\/div>\n<\/div>\n<div class=\"brz-css-bbpky brz-wrapper\">\n<div class=\"brz-rich-text brz-css-ikfue\" data-custom-id=\"egdgqttbtuvbyckiyoojuthhvfxpebuuucqf\">\n<div>\n<p class=\"brz-css-wchnw\" data-uniq-id=\"qkmiu\" data-generated-css=\"brz-css-oupvs\"><span class=\"brz-cp-color7\">Diese Schutzausr\u00fcstung wird bei Eins\u00e4tzen mit Brand oder Rauchentwicklung verwendet, vor allem, wenn die Einatmung der Umgebungsluft unm\u00f6glich bzw. gesundheitssch\u00e4digend ist.<\/span><\/p>\n<p class=\"brz-css-zlpcf\" data-uniq-id=\"mdtcz\" data-generated-css=\"brz-css-teuez\"><span class=\"brz-cp-color7\">Sie besteht aus der Brandeinsatzschutzkleidung, Flammschutzhaube, Atemschutzger\u00e4t, sowie sonstigem Einsatzmaterial, wie Funkger\u00e4t, Atemschutz-Rettungsleine, Feuerwehraxt, explosionsgesch\u00fctzte Handlampe, usw.<\/span><\/p>\n<p class=\"brz-css-ikwxi\" data-uniq-id=\"ahotk\" data-generated-css=\"brz-css-bmwls\"><span class=\"brz-cp-color7\">Das Atemschutzger\u00e4t selbst besteht aus dem Schulterger\u00e4t mit Atemluftflasche und der Atemschutzmaske. Die Wehrm\u00e4nner k\u00f6nnen sich mit dem Atemschutzger\u00e4t bereits w\u00e4hrend der Anfahrt im Fahrzeug ausr\u00fcsten. <\/span><\/p>\n<\/div>\n<\/div>\n<\/div>\n<\/div>\n<\/div>\n<\/div>\n<\/div>\n<\/div>\n<\/div>\n<\/div>\n<p><title>thin<\/title>\n<\/div>\n<\/section>\n<section data-uid=\"lqfxqhwlavigohgbbfuuivpkfxzevpqnstcg\" id=\"lqfxqhwlavigohgbbfuuivpkfxzevpqnstcg\" class=\"brz-section brz-css-vsiqu\">\n<div class=\"brz-slick-slider brz-slick-slider__section\" data-slides-to-show=\"1\" data-slides-to-scroll=\"1\" data-arrows=\"true\" data-dots=\"true\" data-dots-class=\"brz-slick-slider__dots brz-slick-slider__dots--circle\" data-fade=\"false\" data-vertical=\"false\" data-auto-play=\"false\" data-auto-play-speed=\"3000\" data-swipe=\"true\" data-responsive=\"%5B%7B%22breakpoint%22%3A767%2C%22settings%22%3A%7B%22slidesToShow%22%3A1%2C%22slidesToScroll%22%3A1%7D%7D%5D\">\n<div>\n<div class=\"brz-section__content brz-section--boxed brz-css-mpemz brz-css-ewzgi\" data-custom-id=\"wfnolxobblfpnvbhrmoflnldvxqclervvkxp\">\n<div class=\"brz-bg\">\n<div class=\"brz-bg-color\"><\/div>\n<\/div>\n<div class=\"brz-container brz-css-dvgih brz-css-zrpbz\">\n<div class=\"brz-row__container brz-css-esmse brz-css-deoil\" data-custom-id=\"pejciiddvrbhbmitrtfrgopvtcdlhgqvvara\">\n<div class=\"brz-row brz-css-msudc brz-css-yeror\">\n<div class=\"brz-columns brz-css-jvwxr brz-css-rklht\" data-custom-id=\"qjzfkcxoxayapikraebnfkekisginnwzhlqi\">\n<div class=\"brz-bg\">\n<div class=\"brz-bg-color\"><\/div>\n<\/div>\n<div class=\"brz-column__items brz-css-mrzdn brz-css-kumxl\">\n<div class=\"brz-css-bbpky brz-wrapper\">\n<div class=\"brz-rich-text brz-css-ikfue\" data-custom-id=\"wtauuucuamjtpfnffjaygcjyhnakfddqaqzv\">\n<div>\n<h3 class=\"brz-css-ktzck\" data-uniq-id=\"zekmf\" data-generated-css=\"brz-css-zqqvk\"><span>Ausr\u00fcstung f\u00fcr Absturzsicherung<\/span><\/h3>\n<\/div>\n<\/div>\n<\/div>\n<div class=\"brz-css-bbpky brz-wrapper\">\n<div class=\"brz-rich-text brz-css-ikfue\" data-custom-id=\"ceawggmqltdokmywxhizjgzbuabrspvxnqeb\">\n<div>\n<p class=\"brz-css-kzqyp\" data-uniq-id=\"fgufm\" data-generated-css=\"brz-css-vslhl\"><span class=\"brz-cp-color7\">Diese Schutzausr\u00fcstung wird bei allen Eins\u00e4tzen mit Absturzgefahr verwendet (Dach, Balkon, B\u00f6schung, usw.).<\/span><\/p>\n<\/div>\n<\/div>\n<\/div>\n<\/div>\n<\/div>\n<div data-iteration-count=\"1\" class=\"brz-columns brz-css-jvwxr brz-css-czkhp brz-animated brz-css-pmini brz-css-uvzmt\" data-custom-id=\"hpuxlcwqwoyjebsrbkabqkyruwujcewbovro\">\n<div class=\"brz-column__items brz-css-mrzdn\">\n<div class=\"brz-css-bbpky brz-wrapper\">\n<div class=\"brz-image brz-image__lightbox brz-css-lfjcp\"><a class=\"brz-a\" href=\"https:\/\/ffbozen.it\/de\/wp-content\/uploads\/2023\/09\/Absturzsicherung-1-rotated.jpg\" data-brz-link-type=\"lightBox\" id data-custom-id=\"xwykrukykljmxdwhyrrqfwoyuhyfqkcpsfxe\"><img class=\"brz-img\" src=\"https:\/\/ffbozen.it\/de\/wp-content\/uploads\/brizy\/imgs\/Absturzsicherung-1-rotated-368x551x0x0x368x551x1694621911.jpg\" alt=\"\" loading=\"lazy\" \/><\/a><\/div>\n<\/div>\n<\/div>\n<\/div>\n<\/div>\n<\/div>\n<\/div>\n<\/div>\n<\/div>\n<div>\n<div class=\"brz-section__content brz-section--boxed brz-css-mpemz brz-css-tgfjk\" data-custom-id=\"eobnljenqejgsdohfdnmevxyyiibhbuaefsm\">\n<div class=\"brz-bg\">\n<div class=\"brz-bg-color\"><\/div>\n<\/div>\n<div class=\"brz-container brz-css-dvgih brz-css-snnye\">\n<div class=\"brz-row__container brz-css-esmse brz-css-fpchi\" data-custom-id=\"bjavembxdojitjinxmghblmssbqkcjbqibvj\">\n<div class=\"brz-row brz-css-msudc brz-css-yeror\">\n<div class=\"brz-columns brz-css-jvwxr brz-css-efvmu\" data-custom-id=\"qpyltmkaezsbdtrundyfkflntytxqbvzejex\">\n<div class=\"brz-bg\">\n<div class=\"brz-bg-color\"><\/div>\n<\/div>\n<div class=\"brz-column__items brz-css-mrzdn brz-css-lxyqj\">\n<div class=\"brz-css-bbpky brz-wrapper\">\n<div class=\"brz-rich-text brz-css-ikfue\" data-custom-id=\"jdwxhvwrbdybfgbpcsulorrkwunzzskgpzfn\">\n<div>\n<h3 class=\"brz-css-lbvge\" data-uniq-id=\"zekmf\" data-generated-css=\"brz-css-zqqvk\"><span>Ausr\u00fcstung f\u00fcr Absturzsicherung<\/span><\/h3>\n<\/div>\n<\/div>\n<\/div>\n<div class=\"brz-css-bbpky brz-wrapper\">\n<div class=\"brz-rich-text brz-css-ikfue\" data-custom-id=\"yjdwbfqajdjnruxtrktfrizkhrntblhzpclv\">\n<div>\n<p class=\"brz-css-jwpcj\" data-uniq-id=\"fgufm\" data-generated-css=\"brz-css-vslhl\"><span class=\"brz-cp-color7\">Diese Schutzausr\u00fcstung wird bei allen Eins\u00e4tzen mit Absturzgefahr verwendet (Dach, Balkon, B\u00f6schung, usw.).<\/span><\/p>\n<\/div>\n<\/div>\n<\/div>\n<\/div>\n<\/div>\n<div data-iteration-count=\"1\" class=\"brz-columns brz-css-jvwxr brz-css-gushl brz-animated brz-css-pmini brz-css-lagax\" data-custom-id=\"zrzsukomxvsetlfjvtiwakfukphggsfhwpbn\">\n<div class=\"brz-column__items brz-css-mrzdn\">\n<div class=\"brz-css-bbpky brz-wrapper\">\n<div class=\"brz-image brz-image__lightbox brz-css-eptol\"><a class=\"brz-a\" href=\"https:\/\/ffbozen.it\/de\/wp-content\/uploads\/2023\/09\/Absturzsicherung-2-rotated.jpg\" data-brz-link-type=\"lightBox\" id data-custom-id=\"iiymvalmafllvdsiiiooyozcvuhvmilfylbi\"><img class=\"brz-img\" src=\"https:\/\/ffbozen.it\/de\/wp-content\/uploads\/brizy\/imgs\/Absturzsicherung-2-rotated-368x551x0x0x368x551x1694621918.jpg\" alt=\"\" loading=\"lazy\" \/><\/a><\/div>\n<\/div>\n<\/div>\n<\/div>\n<\/div>\n<\/div>\n<\/div>\n<\/div>\n<\/div>\n<p><title>thin<\/title>\n<\/div>\n<\/section>\n<section data-uid=\"hpcehkeqyssyfmukxwalrkniwwckjqkrmavi\" id=\"hpcehkeqyssyfmukxwalrkniwwckjqkrmavi\" class=\"brz-section brz-css-vsiqu\">\n<div class=\"brz-section__content brz-section--boxed brz-css-mpemz brz-css-ehizh\" data-custom-id=\"ytrbvkvqdfiznsshzirigmariaqlayjqjtbj\">\n<div class=\"brz-bg\">\n<div class=\"brz-bg-color\"><\/div>\n<\/div>\n<div class=\"brz-container brz-css-dvgih brz-css-cpkum\">\n<div class=\"brz-row__container brz-css-esmse brz-css-hcobi\" data-custom-id=\"mvifhunffglfmmlpqwgoqvkcuwcbbmdjfyys\">\n<div class=\"brz-row brz-css-msudc brz-css-yeror\">\n<div data-iteration-count=\"1\" class=\"brz-columns brz-css-jvwxr brz-css-nftje brz-animated brz-css-pmini brz-css-agqum\" data-custom-id=\"ryjscisgumgdkifnwpbqwbxfkbkhcpexbtzb\">\n<div class=\"brz-column__items brz-css-mrzdn\">\n<div class=\"brz-css-bbpky brz-wrapper\">\n<div class=\"brz-image brz-image__lightbox brz-css-lupfl\"><a class=\"brz-a\" href=\"https:\/\/ffbozen.it\/de\/wp-content\/uploads\/2021\/02\/FFBozen_Uniform_Schnittschutz.jpg\" data-brz-link-type=\"lightBox\" id data-custom-id=\"iopmbioocnfyrrwgauxhjgddhrgwvazehphq\"><img class=\"brz-img\" src=\"https:\/\/ffbozen.it\/de\/wp-content\/uploads\/brizy\/imgs\/FFBozen_Uniform_Schnittschutz-375x834x0x42x375x750x1613987677.jpg\" alt=\"\" loading=\"lazy\" \/><\/a><\/div>\n<\/div>\n<\/div>\n<\/div>\n<div data-iteration-count=\"1\" class=\"brz-columns brz-css-jvwxr brz-css-hucrj brz-animated brz-css-pmini brz-css-lfszo\" data-custom-id=\"ornyauwecjxtjgescbwoepbtarkkspaylczb\">\n<div class=\"brz-bg\">\n<div class=\"brz-bg-color\"><\/div>\n<\/div>\n<div class=\"brz-column__items brz-css-mrzdn brz-css-zfyhv\">\n<div class=\"brz-css-bbpky brz-wrapper\">\n<div class=\"brz-rich-text brz-css-ikfue\" data-custom-id=\"lljauqsxlfnyxfyptwczdwmvjbkgujkpyhmf\">\n<div>\n<h3 class=\"brz-css-vfphe\"><span>Schnittschutzkleidung f\u00fcr Eins\u00e4tze mit der Motors\u00e4ge<\/span><\/h3>\n<\/div>\n<\/div>\n<\/div>\n<div class=\"brz-css-bbpky brz-wrapper\">\n<div class=\"brz-rich-text brz-css-ikfue\" data-custom-id=\"yypaumpzmroozcvicwjpspwxxlplgffntomv\">\n<div>\n<p class=\"brz-css-kzlmw\"><span class=\"brz-cp-color7\">Diese Schutzausr\u00fcstung wird bei allen Arbeiten mit der Motors\u00e4ge verwendet.<\/span><\/p>\n<p class=\"brz-css-ojywb\"><span class=\"brz-cp-color7\">Sie besteht aus Waldarbeiterhelm mit Visier und Geh\u00f6rschutz, Schnittschutzjacke, Schnittschutzhose sowie Schnittschutzhandschuhen.<\/span><\/p>\n<\/div>\n<\/div>\n<\/div>\n<\/div>\n<\/div>\n<\/div>\n<\/div>\n<\/div>\n<\/div>\n<\/section>\n<section data-uid=\"grwugihaiivnocxmqdeebqrtkfwwaqsijnar\" id=\"grwugihaiivnocxmqdeebqrtkfwwaqsijnar\" class=\"brz-section brz-css-vsiqu\">\n<div class=\"brz-section__content brz-section--boxed brz-css-mpemz brz-css-apvng\" data-custom-id=\"eqohdsdnmoloyumrhoxpxnyrlekjbomnmbku\">\n<div class=\"brz-bg\">\n<div class=\"brz-bg-color\"><\/div>\n<\/div>\n<div class=\"brz-container brz-css-dvgih brz-css-lslnp\">\n<div class=\"brz-row__container brz-css-esmse brz-css-rdqqb\" data-custom-id=\"drcomaxzpcgsrszepkwfedhxdlkxcmxwdauz\">\n<div class=\"brz-row brz-css-msudc brz-css-yeror\">\n<div data-iteration-count=\"1\" class=\"brz-columns brz-css-jvwxr brz-css-ujthg brz-animated brz-css-pmini brz-css-fqbcg\" data-custom-id=\"aacpxtzrlkzrypbjlnjqnxhzoeroeekhzumm\">\n<div class=\"brz-bg\">\n<div class=\"brz-bg-color\"><\/div>\n<\/div>\n<div class=\"brz-column__items brz-css-mrzdn brz-css-iwrjh\">\n<div class=\"brz-css-bbpky brz-wrapper\">\n<div class=\"brz-rich-text brz-css-ikfue\" data-custom-id=\"qeqgdkdyijhmsiochwgakqdijqxdwuktlmky\">\n<div>\n<h3 class=\"brz-css-xgost\"><span>Imkerausr\u00fcstung<\/span><\/h3>\n<\/div>\n<\/div>\n<\/div>\n<div class=\"brz-css-bbpky brz-wrapper\">\n<div class=\"brz-rich-text brz-css-ikfue\" data-custom-id=\"qlmzqdzevakclptcvosieycehsgipyctyqfg\">\n<div>\n<p class=\"brz-css-pxqdx\"><span class=\"brz-cp-color7\">Diese Schutzausr\u00fcstung wird bei Eins\u00e4tzen mit Bienen und Wespen verwendet.<\/span><\/p>\n<\/div>\n<\/div>\n<\/div>\n<\/div>\n<\/div>\n<div data-iteration-count=\"1\" class=\"brz-columns brz-css-jvwxr brz-css-vjwke brz-animated brz-css-pmini brz-css-avfxk\" data-custom-id=\"euclnczgmgunequfgnbkgatxfoprmewrcnmt\">\n<div class=\"brz-column__items brz-css-mrzdn\">\n<div class=\"brz-css-bbpky brz-wrapper\">\n<div class=\"brz-image brz-image__lightbox brz-css-hredt\"><a class=\"brz-a\" href=\"https:\/\/ffbozen.it\/de\/wp-content\/uploads\/2021\/02\/FFBozen_Uniform_Insektenbekaempfung.jpg\" data-brz-link-type=\"lightBox\" id data-custom-id=\"idwqmnksjjnwkifqocitlwpeipcngnaqhods\"><img class=\"brz-img\" src=\"https:\/\/ffbozen.it\/de\/wp-content\/uploads\/brizy\/imgs\/FFBozen_Uniform_Insektenbekaempfung-368x817x0x41x368x654x1613987669.jpg\" alt=\"\" loading=\"lazy\" \/><\/a><\/div>\n<\/div>\n<\/div>\n<\/div>\n<\/div>\n<\/div>\n<\/div>\n<\/div>\n<\/section>\n<section data-uid=\"jkltuxtazesukedoxyohoxulanomegasabxi\" id=\"jkltuxtazesukedoxyohoxulanomegasabxi\" class=\"brz-section brz-css-vsiqu\">\n<div class=\"brz-slick-slider brz-slick-slider__section\" data-slides-to-show=\"1\" data-slides-to-scroll=\"1\" data-arrows=\"true\" data-dots=\"true\" data-dots-class=\"brz-slick-slider__dots brz-slick-slider__dots--circle\" data-fade=\"false\" data-vertical=\"false\" data-auto-play=\"false\" data-auto-play-speed=\"3000\" data-swipe=\"true\" data-responsive=\"%5B%7B%22breakpoint%22%3A767%2C%22settings%22%3A%7B%22slidesToShow%22%3A1%2C%22slidesToScroll%22%3A1%7D%7D%5D\">\n<div>\n<div class=\"brz-section__content brz-section--boxed brz-css-mpemz brz-css-nkdmg\" data-custom-id=\"fkrmjhojcoqspkneqvrdkzfukryqqeekfucl\">\n<div class=\"brz-bg\">\n<div class=\"brz-bg-color\"><\/div>\n<\/div>\n<div class=\"brz-container brz-css-dvgih brz-css-ulcsc\">\n<div class=\"brz-row__container brz-css-esmse brz-css-ngtom\" data-custom-id=\"eswrrzxdecjvhumjtzrkdqzfwobbhsovbnnp\">\n<div class=\"brz-row brz-css-msudc brz-css-yeror\">\n<div data-iteration-count=\"1\" class=\"brz-columns brz-css-jvwxr brz-css-tdihi brz-animated brz-css-pmini brz-css-dzxfm\" data-custom-id=\"dvschrwopwnjgapteeefajhxnfjnjqvpxgxk\">\n<div class=\"brz-column__items brz-css-mrzdn\">\n<div class=\"brz-css-bbpky brz-wrapper\">\n<div class=\"brz-image brz-image__lightbox brz-css-ykesy\"><a class=\"brz-a\" href=\"https:\/\/ffbozen.it\/de\/wp-content\/uploads\/2023\/09\/Schwimmweste-1-rotated.jpg\" data-brz-link-type=\"lightBox\" id data-custom-id=\"kpngtjbantmiaghpsyptfxijamjkbwlxnexf\"><img class=\"brz-img\" src=\"https:\/\/ffbozen.it\/de\/wp-content\/uploads\/brizy\/imgs\/Schwimmweste-1-rotated-368x551x0x0x368x551x1694620805.jpg\" alt=\"\" loading=\"lazy\" \/><\/a><\/div>\n<\/div>\n<\/div>\n<\/div>\n<div class=\"brz-columns brz-css-jvwxr brz-css-plarz\" data-custom-id=\"kepyidxquvmfcjkduvnlhxljeqcjjpuwrljc\">\n<div class=\"brz-bg\">\n<div class=\"brz-bg-color\"><\/div>\n<\/div>\n<div class=\"brz-column__items brz-css-mrzdn brz-css-uriky\">\n<div class=\"brz-css-bbpky brz-wrapper\">\n<div class=\"brz-rich-text brz-css-ikfue\" data-custom-id=\"fwgbmcpyemrutitplektfauqceccffhdsdoq\">\n<div>\n<h3 class=\"brz-css-uuqex\" data-uniq-id=\"trihc\" data-generated-css=\"brz-css-npxcf\"><span>Ausr\u00fcstung f\u00fcr Eins\u00e4tze in Ufern\u00e4he<\/span><\/h3>\n<\/div>\n<\/div>\n<\/div>\n<div class=\"brz-css-bbpky brz-wrapper\">\n<div class=\"brz-rich-text brz-css-ikfue\" data-custom-id=\"bnustqlewlmaxkjsyaparpzizamjghkdzoww\">\n<div>\n<p class=\"brz-css-tcupu\" data-generated-css=\"brz-css-jbblp\" data-uniq-id=\"qnnbf\"><span class=\"brz-cp-color7\">Diese Schutzausr\u00fcstung mit Schwimmweste wird bei Eins\u00e4tzen in Ufern\u00e4he verwendet.<\/span><\/p>\n<\/div>\n<\/div>\n<\/div>\n<\/div>\n<\/div>\n<\/div>\n<\/div>\n<\/div>\n<\/div>\n<\/div>\n<div>\n<div class=\"brz-section__content brz-section--boxed brz-css-mpemz brz-css-jdchu\" data-custom-id=\"zeudxvppaxlrrvjpgvgiyqsbqgtduhhddeog\">\n<div class=\"brz-bg\">\n<div class=\"brz-bg-color\"><\/div>\n<\/div>\n<div class=\"brz-container brz-css-dvgih brz-css-lvdtx\">\n<div class=\"brz-row__container brz-css-esmse brz-css-zluim\" data-custom-id=\"nuimdtptkmpryiavdnxixpctblkmpcxeuouc\">\n<div class=\"brz-row brz-css-msudc brz-css-yeror\">\n<div data-iteration-count=\"1\" class=\"brz-columns brz-css-jvwxr brz-css-tqoea brz-animated brz-css-pmini brz-css-wajun\" data-custom-id=\"ktqevvjlyzvupqkgwcxogbdkcslzudwncitk\">\n<div class=\"brz-column__items brz-css-mrzdn\">\n<div class=\"brz-css-bbpky brz-wrapper\">\n<div class=\"brz-image brz-image__lightbox brz-css-oicac\"><a class=\"brz-a\" href=\"https:\/\/ffbozen.it\/de\/wp-content\/uploads\/2023\/09\/Schwimmweste-2-rotated.jpg\" data-brz-link-type=\"lightBox\" id data-custom-id=\"fmsoggvpajdmpieujlrxflqnpvvnkhbdazkc\"><img class=\"brz-img\" src=\"https:\/\/ffbozen.it\/de\/wp-content\/uploads\/brizy\/imgs\/Schwimmweste-2-rotated-368x551x0x0x368x551x1694620812.jpg\" alt=\"\" loading=\"lazy\" \/><\/a><\/div>\n<\/div>\n<\/div>\n<\/div>\n<div class=\"brz-columns brz-css-jvwxr brz-css-pqdwd\" data-custom-id=\"qnkbucqwfvfufpiodkivrgdemegzcauesxpo\">\n<div class=\"brz-bg\">\n<div class=\"brz-bg-color\"><\/div>\n<\/div>\n<div class=\"brz-column__items brz-css-mrzdn brz-css-mqxvj\">\n<div class=\"brz-css-bbpky brz-wrapper\">\n<div class=\"brz-rich-text brz-css-ikfue\" data-custom-id=\"yxucnaceelqtpqjcuubjupxlhpprzrxblwvi\">\n<div>\n<h3 class=\"brz-css-znkse\" data-uniq-id=\"mgazi\" data-generated-css=\"brz-css-bqjon\"><span>Ausr\u00fcstung f\u00fcr Eins\u00e4tze in Ufern\u00e4he<\/span><\/h3>\n<\/div>\n<\/div>\n<\/div>\n<div class=\"brz-css-bbpky brz-wrapper\">\n<div class=\"brz-rich-text brz-css-ikfue\" data-custom-id=\"gvukvfrwfiwboftglawappyqhjqctwbpuuga\">\n<div>\n<p class=\"brz-css-rqdrm\" data-generated-css=\"brz-css-xuemq\" data-uniq-id=\"wsvnh\"><span class=\"brz-cp-color7\">Diese Schutzausr\u00fcstung mit Schwimmweste wird bei Eins\u00e4tzen in Ufern\u00e4he verwendet.<\/span><\/p>\n<\/div>\n<\/div>\n<\/div>\n<\/div>\n<\/div>\n<\/div>\n<\/div>\n<\/div>\n<\/div>\n<\/div>\n<p><title>thin<\/title>\n<\/div>\n<\/section>\n<\/div>\n<p><!-- version:1774477189 --><\/p>\n","protected":false},"excerpt":{"rendered":"<p>Uniform &amp; Schutzausr\u00fcstung Paradeuniform Diese Uniform wird f\u00fcr repr\u00e4sentative Zwecke und \u00f6ffentliche Veranstaltungen verwendet, u. a. f\u00fcr Brandverh\u00fctungsdienste. Dienstuniform Diese Uniform stellt die Grundausr\u00fcstung eines jeden Feuerwehrmitgliedes dar und wird v. a. f\u00fcr kleine technische Hilfeleistungen, sowie der Brandbek\u00e4mpfung im Freien, eingesetzt. Dienstuniform Diese Uniform stellt die Grundausr\u00fcstung eines jeden Feuerwehrmitgliedes dar und wird v.&nbsp;&hellip;<\/p>\n","protected":false},"author":5,"featured_media":0,"parent":1159,"menu_order":0,"comment_status":"closed","ping_status":"closed","template":"","meta":[],"yoast_head":"<!-- This site is optimized with the Yoast SEO plugin v20.4 - https:\/\/yoast.com\/wordpress\/plugins\/seo\/ -->\n<title>Schutzkleidung2 - Freiwillige Feuerwehr Bozen EO<\/title>\n<meta name=\"robots\" content=\"index, follow, max-snippet:-1, max-image-preview:large, max-video-preview:-1\" \/>\n<link rel=\"canonical\" href=\"https:\/\/ffbozen.it\/de\/ausruestung\/schutzkleidung2\/\" \/>\n<meta property=\"og:locale\" content=\"de_DE\" \/>\n<meta property=\"og:type\" content=\"article\" \/>\n<meta property=\"og:title\" content=\"Schutzkleidung2 - Freiwillige Feuerwehr Bozen EO\" \/>\n<meta property=\"og:description\" content=\"Uniform &amp; Schutzausr\u00fcstung Paradeuniform Diese Uniform wird f\u00fcr repr\u00e4sentative Zwecke und \u00f6ffentliche Veranstaltungen verwendet, u. a. f\u00fcr Brandverh\u00fctungsdienste. Dienstuniform Diese Uniform stellt die Grundausr\u00fcstung eines jeden Feuerwehrmitgliedes dar und wird v. a. f\u00fcr kleine technische Hilfeleistungen, sowie der Brandbek\u00e4mpfung im Freien, eingesetzt. Dienstuniform Diese Uniform stellt die Grundausr\u00fcstung eines jeden Feuerwehrmitgliedes dar und wird v.&nbsp;&hellip;\" \/>\n<meta property=\"og:url\" content=\"https:\/\/ffbozen.it\/de\/ausruestung\/schutzkleidung2\/\" \/>\n<meta property=\"og:site_name\" content=\"Freiwillige Feuerwehr Bozen EO\" \/>\n<meta property=\"article:publisher\" content=\"https:\/\/www.facebook.com\/ff.bozen\" \/>\n<meta property=\"article:modified_time\" content=\"2026-03-25T22:19:49+00:00\" \/>\n<meta property=\"og:image\" content=\"https:\/\/ffbozen.it\/de\/wp-content\/uploads\/brizy\/imgs\/FFBozen_Uniform_Paradeuniform-368x817x0x41x368x736x1613987673.jpg\" \/>\n<meta name=\"twitter:card\" content=\"summary_large_image\" \/>\n<meta name=\"twitter:label1\" content=\"Gesch\u00e4tzte Lesezeit\" \/>\n\t<meta name=\"twitter:data1\" content=\"3\u00a0Minuten\" \/>\n<script type=\"application\/ld+json\" class=\"yoast-schema-graph\">{\"@context\":\"https:\/\/schema.org\",\"@graph\":[{\"@type\":\"WebPage\",\"@id\":\"https:\/\/ffbozen.it\/de\/ausruestung\/schutzkleidung2\/\",\"url\":\"https:\/\/ffbozen.it\/de\/ausruestung\/schutzkleidung2\/\",\"name\":\"Schutzkleidung2 - Freiwillige Feuerwehr Bozen EO\",\"isPartOf\":{\"@id\":\"https:\/\/ffbozen.it\/de\/#website\"},\"datePublished\":\"2023-09-13T15:25:38+00:00\",\"dateModified\":\"2026-03-25T22:19:49+00:00\",\"breadcrumb\":{\"@id\":\"https:\/\/ffbozen.it\/de\/ausruestung\/schutzkleidung2\/#breadcrumb\"},\"inLanguage\":\"de\",\"potentialAction\":[{\"@type\":\"ReadAction\",\"target\":[\"https:\/\/ffbozen.it\/de\/ausruestung\/schutzkleidung2\/\"]}]},{\"@type\":\"BreadcrumbList\",\"@id\":\"https:\/\/ffbozen.it\/de\/ausruestung\/schutzkleidung2\/#breadcrumb\",\"itemListElement\":[{\"@type\":\"ListItem\",\"position\":1,\"name\":\"Startseite\",\"item\":\"https:\/\/ffbozen.it\/de\/\"},{\"@type\":\"ListItem\",\"position\":2,\"name\":\"Ausr\u00fcstung\",\"item\":\"https:\/\/ffbozen.it\/de\/ausruestung\/\"},{\"@type\":\"ListItem\",\"position\":3,\"name\":\"Schutzkleidung2\"}]},{\"@type\":\"WebSite\",\"@id\":\"https:\/\/ffbozen.it\/de\/#website\",\"url\":\"https:\/\/ffbozen.it\/de\/\",\"name\":\"Freiwillige Feuerwehr Bozen EO\",\"description\":\"\",\"publisher\":{\"@id\":\"https:\/\/ffbozen.it\/de\/#organization\"},\"potentialAction\":[{\"@type\":\"SearchAction\",\"target\":{\"@type\":\"EntryPoint\",\"urlTemplate\":\"https:\/\/ffbozen.it\/de\/?s={search_term_string}\"},\"query-input\":\"required name=search_term_string\"}],\"inLanguage\":\"de\"},{\"@type\":\"Organization\",\"@id\":\"https:\/\/ffbozen.it\/de\/#organization\",\"name\":\"Freiwillige Feuerwehr Bozen\",\"url\":\"https:\/\/ffbozen.it\/de\/\",\"logo\":{\"@type\":\"ImageObject\",\"inLanguage\":\"de\",\"@id\":\"https:\/\/ffbozen.it\/de\/#\/schema\/logo\/image\/\",\"url\":\"https:\/\/ffbozen.it\/de\/wp-content\/uploads\/2020\/11\/Logo-ohne-Text-scaled-e1606231422963.jpg\",\"contentUrl\":\"https:\/\/ffbozen.it\/de\/wp-content\/uploads\/2020\/11\/Logo-ohne-Text-scaled-e1606231422963.jpg\",\"width\":350,\"height\":140,\"caption\":\"Freiwillige Feuerwehr Bozen\"},\"image\":{\"@id\":\"https:\/\/ffbozen.it\/de\/#\/schema\/logo\/image\/\"},\"sameAs\":[\"https:\/\/www.facebook.com\/ff.bozen\",\"https:\/\/www.instagram.com\/ff.bozen\/\"]}]}<\/script>\n<!-- \/ Yoast SEO plugin. -->","yoast_head_json":{"title":"Schutzkleidung2 - Freiwillige Feuerwehr Bozen EO","robots":{"index":"index","follow":"follow","max-snippet":"max-snippet:-1","max-image-preview":"max-image-preview:large","max-video-preview":"max-video-preview:-1"},"canonical":"https:\/\/ffbozen.it\/de\/ausruestung\/schutzkleidung2\/","og_locale":"de_DE","og_type":"article","og_title":"Schutzkleidung2 - Freiwillige Feuerwehr Bozen EO","og_description":"Uniform &amp; Schutzausr\u00fcstung Paradeuniform Diese Uniform wird f\u00fcr repr\u00e4sentative Zwecke und \u00f6ffentliche Veranstaltungen verwendet, u. a. f\u00fcr Brandverh\u00fctungsdienste. Dienstuniform Diese Uniform stellt die Grundausr\u00fcstung eines jeden Feuerwehrmitgliedes dar und wird v. a. f\u00fcr kleine technische Hilfeleistungen, sowie der Brandbek\u00e4mpfung im Freien, eingesetzt. Dienstuniform Diese Uniform stellt die Grundausr\u00fcstung eines jeden Feuerwehrmitgliedes dar und wird v.&nbsp;&hellip;","og_url":"https:\/\/ffbozen.it\/de\/ausruestung\/schutzkleidung2\/","og_site_name":"Freiwillige Feuerwehr Bozen EO","article_publisher":"https:\/\/www.facebook.com\/ff.bozen","article_modified_time":"2026-03-25T22:19:49+00:00","og_image":[{"url":"https:\/\/ffbozen.it\/de\/wp-content\/uploads\/brizy\/imgs\/FFBozen_Uniform_Paradeuniform-368x817x0x41x368x736x1613987673.jpg"}],"twitter_card":"summary_large_image","twitter_misc":{"Gesch\u00e4tzte Lesezeit":"3\u00a0Minuten"},"schema":{"@context":"https:\/\/schema.org","@graph":[{"@type":"WebPage","@id":"https:\/\/ffbozen.it\/de\/ausruestung\/schutzkleidung2\/","url":"https:\/\/ffbozen.it\/de\/ausruestung\/schutzkleidung2\/","name":"Schutzkleidung2 - Freiwillige Feuerwehr Bozen EO","isPartOf":{"@id":"https:\/\/ffbozen.it\/de\/#website"},"datePublished":"2023-09-13T15:25:38+00:00","dateModified":"2026-03-25T22:19:49+00:00","breadcrumb":{"@id":"https:\/\/ffbozen.it\/de\/ausruestung\/schutzkleidung2\/#breadcrumb"},"inLanguage":"de","potentialAction":[{"@type":"ReadAction","target":["https:\/\/ffbozen.it\/de\/ausruestung\/schutzkleidung2\/"]}]},{"@type":"BreadcrumbList","@id":"https:\/\/ffbozen.it\/de\/ausruestung\/schutzkleidung2\/#breadcrumb","itemListElement":[{"@type":"ListItem","position":1,"name":"Startseite","item":"https:\/\/ffbozen.it\/de\/"},{"@type":"ListItem","position":2,"name":"Ausr\u00fcstung","item":"https:\/\/ffbozen.it\/de\/ausruestung\/"},{"@type":"ListItem","position":3,"name":"Schutzkleidung2"}]},{"@type":"WebSite","@id":"https:\/\/ffbozen.it\/de\/#website","url":"https:\/\/ffbozen.it\/de\/","name":"Freiwillige Feuerwehr Bozen EO","description":"","publisher":{"@id":"https:\/\/ffbozen.it\/de\/#organization"},"potentialAction":[{"@type":"SearchAction","target":{"@type":"EntryPoint","urlTemplate":"https:\/\/ffbozen.it\/de\/?s={search_term_string}"},"query-input":"required name=search_term_string"}],"inLanguage":"de"},{"@type":"Organization","@id":"https:\/\/ffbozen.it\/de\/#organization","name":"Freiwillige Feuerwehr Bozen","url":"https:\/\/ffbozen.it\/de\/","logo":{"@type":"ImageObject","inLanguage":"de","@id":"https:\/\/ffbozen.it\/de\/#\/schema\/logo\/image\/","url":"https:\/\/ffbozen.it\/de\/wp-content\/uploads\/2020\/11\/Logo-ohne-Text-scaled-e1606231422963.jpg","contentUrl":"https:\/\/ffbozen.it\/de\/wp-content\/uploads\/2020\/11\/Logo-ohne-Text-scaled-e1606231422963.jpg","width":350,"height":140,"caption":"Freiwillige Feuerwehr Bozen"},"image":{"@id":"https:\/\/ffbozen.it\/de\/#\/schema\/logo\/image\/"},"sameAs":["https:\/\/www.facebook.com\/ff.bozen","https:\/\/www.instagram.com\/ff.bozen\/"]}]}},"_links":{"self":[{"href":"https:\/\/ffbozen.it\/de\/wp-json\/wp\/v2\/pages\/23889"}],"collection":[{"href":"https:\/\/ffbozen.it\/de\/wp-json\/wp\/v2\/pages"}],"about":[{"href":"https:\/\/ffbozen.it\/de\/wp-json\/wp\/v2\/types\/page"}],"author":[{"embeddable":true,"href":"https:\/\/ffbozen.it\/de\/wp-json\/wp\/v2\/users\/5"}],"replies":[{"embeddable":true,"href":"https:\/\/ffbozen.it\/de\/wp-json\/wp\/v2\/comments?post=23889"}],"version-history":[{"count":10,"href":"https:\/\/ffbozen.it\/de\/wp-json\/wp\/v2\/pages\/23889\/revisions"}],"predecessor-version":[{"id":24102,"href":"https:\/\/ffbozen.it\/de\/wp-json\/wp\/v2\/pages\/23889\/revisions\/24102"}],"up":[{"embeddable":true,"href":"https:\/\/ffbozen.it\/de\/wp-json\/wp\/v2\/pages\/1159"}],"wp:attachment":[{"href":"https:\/\/ffbozen.it\/de\/wp-json\/wp\/v2\/media?parent=23889"}],"curies":[{"name":"wp","href":"https:\/\/api.w.org\/{rel}","templated":true}]}}