{"id":31,"date":"2020-11-17T08:11:27","date_gmt":"2020-11-17T07:11:27","guid":{"rendered":"http:\/\/ffbozen.it\/de\/?page_id=31"},"modified":"2026-03-25T20:53:45","modified_gmt":"2026-03-25T19:53:45","slug":"feuerwehrjugend","status":"publish","type":"page","link":"https:\/\/ffbozen.it\/de\/feuerwehrjugend\/","title":{"rendered":"Feuerwehrjugend"},"content":{"rendered":"<div class=\"brz-root__container brz-reset-all\">\n<section data-uid=\"wcqnovmtynzdinotkpmxibyeuasehrmsnhxb\" id=\"wcqnovmtynzdinotkpmxibyeuasehrmsnhxb\" class=\"brz-section brz-css-mnfpl\">\n<div class=\"brz-section__content brz-section--fullWidth brz-css-dhbse brz-css-ekxpw\" data-custom-id=\"czuesvshsmfytvcpqfxhofvyzrsygxamjmie\">\n<div class=\"brz-container brz-css-rqgnr brz-css-dnste\">\n<div class=\"brz-row__container brz-css-xjvfl\" data-custom-id=\"cxajgmyqefwgntwpjywaubcjmgaobakicrtd\">\n<div class=\"brz-row brz-css-fjvwa\">\n<div class=\"brz-columns brz-css-vxaty brz-css-fsyto\" data-custom-id=\"vkaflgtunmgmpuiacdzzkyfitlcjljizqylf\">\n<div class=\"brz-column__items brz-css-bxjju brz-css-rdbgm\">\n<div class=\"brz-css-ksgqp brz-css-qpxkq brz-wrapper\">\n<div class=\"brz-rich-text brz-css-tubfm\" data-custom-id=\"qnclkefpwmgrfpuzxmdxakfznfccdobccofe\">\n<div>\n<p class=\"brz-css-hrcwo\"><span>Wir sind die Jugend von heute und die Retter von morgen !<\/span><\/p>\n<\/div>\n<\/div>\n<\/div>\n<div class=\"brz-css-ksgqp brz-wrapper\">\n<div class=\"brz-rich-text brz-css-tubfm\" data-custom-id=\"xmvccvwadflzyubxsuttwvtvgtmgxahmiwfm\">\n<div>\n<p class=\"brz-css-kpane\"><span class=\"brz-cp-color7\">Bei der <\/span><a href=\"\/de\" class=\"link--external\" data-brz-link-type=\"external\">Freiwilligen Feuerwehr Bozen<\/a><span class=\"brz-cp-color7\"> wird die Jugendarbeit sehr gro\u00df geschrieben, denn sie soll den Nachwuchs und damit auch den Fortbestand unserer Feuerwehr sichern. Die Jugendlichen zwischen 10 und 17 Jahren werden in regelm\u00e4\u00dfigen Proben auf den aktiven Dienst bei der Feuerwehr vorbereitet und somit stehen \u00dcbungen wie ein simulierter Verkehrsunfall oder Brandeinsatz auch auf dem Ausbildungsprogramm.<\/span><\/p>\n<\/div>\n<\/div>\n<\/div>\n<\/div>\n<\/div>\n<div class=\"brz-columns brz-css-vxaty brz-css-cvhoc\" data-custom-id=\"vpbtkaacbdpvydoyoqeiwybsxiqoitdzhtri\">\n<div class=\"brz-bg\">\n<div class=\"brz-bg-image\"><\/div>\n<\/div>\n<div class=\"brz-column__items brz-css-bxjju brz-css-lpzrk\"><\/div>\n<\/div>\n<\/div>\n<\/div>\n<\/div>\n<\/div>\n<\/section>\n<section data-uid=\"ixudrzlsexgogoselbqsnfxmyzbwtvskaskn\" id=\"ixudrzlsexgogoselbqsnfxmyzbwtvskaskn\" class=\"brz-section brz-css-mnfpl\">\n<div class=\"brz-section__content brz-section--fullWidth brz-css-dhbse brz-css-qsxwd\" data-custom-id=\"tmbsbjkognrmxgiftiohlfxaifhdkyxcwrkn\">\n<div class=\"brz-bg\">\n<div class=\"brz-bg-color\"><\/div>\n<\/div>\n<div class=\"brz-container brz-css-rqgnr brz-css-fdzox\">\n<div class=\"brz-row__container brz-css-xjvfl\" data-custom-id=\"idkddfucfliglvtximlnytdlxrehltswxvcc\">\n<div class=\"brz-row brz-css-fjvwa brz-css-rvewb\">\n<div data-iteration-count=\"1\" class=\"brz-columns brz-css-vxaty brz-css-qpbhv brz-animated brz-css-viqfe brz-css-pqgwn\" data-custom-id=\"gxcshqalqechfjmtfzjclnhrbitxexiukjbr\">\n<div class=\"brz-bg\">\n<div class=\"brz-bg-color\"><\/div>\n<\/div>\n<div class=\"brz-column__items brz-css-bxjju brz-css-gtozk\">\n<div class=\"brz-css-ksgqp brz-wrapper\">\n<div class=\"brz-rich-text brz-css-tubfm\" data-custom-id=\"lusmffudunoitguqckasgsvrljffsqvfwbia\">\n<div>\n<h4 class=\"brz-css-zrfyq\"><span class=\"brz-cp-color1\">\u201eI bin ba der Feierwehr, weil men olm a Hetz hot und i a viele Verwondte dorbei hon.\u201c <\/span><\/h4>\n<\/div>\n<\/div>\n<\/div>\n<div class=\"brz-css-ksgqp brz-css-yvufz brz-css-jmhnh brz-wrapper\">\n<div class=\"brz-spacer brz-css-xsfup brz-css-zvgrv\"><\/div>\n<\/div>\n<div class=\"brz-row__container brz-css-xjvfl\" data-custom-id=\"qgqadlvrwegxrcmhmwuyafuzpkkcpagqwnqc\">\n<div class=\"brz-row brz-row--inner brz-css-fjvwa brz-css-rvewb\">\n<div class=\"brz-columns brz-css-vxaty brz-css-vgwrb\" data-custom-id=\"nizrrtfyczkrrwgcvqhyumiziizjftqibebp\">\n<div class=\"brz-column__items brz-css-bxjju brz-css-fygod\">\n<div class=\"brz-css-ksgqp brz-css-joyba brz-wrapper\">\n<div class=\"brz-rich-text brz-css-tubfm\" data-custom-id=\"heuotbjxhktxkrebaimniqrlgummhekdlnvv\">\n<div>\n<p class=\"brz-css-mbqsi\"><em class=\"brz-cp-color8\">  Joachim<\/em><em class=\"brz-cp-color3\"> <\/em><\/p>\n<p class=\"brz-css-nrwrp\"><em class=\"brz-cp-color3\"> <\/em><\/p>\n<p class=\"brz-css-nvbps\"><em class=\"brz-cp-color3\"> <\/em><\/p>\n<p class=\"brz-css-lknou\"><em class=\"brz-cp-color3\"> <\/em><\/p>\n<\/div>\n<\/div>\n<\/div>\n<\/div>\n<\/div>\n<\/div>\n<\/div>\n<div class=\"brz-css-ksgqp brz-wrapper\">\n<div class=\"brz-image brz-css-bxbud\"><img class=\"brz-img\" src=\"https:\/\/ffbozen.it\/de\/wp-content\/uploads\/brizy\/imgs\/FFBozen_Feuerwehrjugend_Joachim-593x791x45x269x539x300x1627299059.jpg\" alt=\"\" loading=\"lazy\" \/><\/div>\n<\/div>\n<\/div>\n<\/div>\n<div data-iteration-count=\"1\" class=\"brz-columns brz-css-vxaty brz-css-kiqtt brz-animated brz-css-viqfe brz-css-akqex\" data-custom-id=\"jmgspxiwnjxwvviderubzqbdclfxfwystbba\">\n<div class=\"brz-bg\">\n<div class=\"brz-bg-color\"><\/div>\n<\/div>\n<div class=\"brz-column__items brz-css-bxjju brz-css-vfhkq\">\n<div class=\"brz-css-ksgqp brz-wrapper\">\n<div class=\"brz-rich-text brz-css-tubfm\" data-custom-id=\"dgupkoihjdwriqbtsxsykhucglxyqcqjmzkn\">\n<div>\n<h4 class=\"brz-css-enkcg\"><span class=\"brz-cp-color1\">\u201eIch bin bei der Feuerwehr, da man immer was zu lachen hat und nebenbei was lernt. Ich kann Menschen helfen und Zeit mit meinen Freunden verbringen!\u201c <\/span><\/h4>\n<\/div>\n<\/div>\n<\/div>\n<div class=\"brz-css-ksgqp brz-css-yvufz brz-css-qhcau brz-wrapper\">\n<div class=\"brz-spacer brz-css-xsfup brz-css-xogmp\"><\/div>\n<\/div>\n<div class=\"brz-row__container brz-css-xjvfl\" data-custom-id=\"jrdspqeszxcegttlcubjdglodhqmzqdifeub\">\n<div class=\"brz-row brz-row--inner brz-css-fjvwa brz-css-rvewb\">\n<div class=\"brz-columns brz-css-vxaty brz-css-mbebs\" data-custom-id=\"xpeoopvlzshupnzotkveartpsdbckbwdkhhp\">\n<div class=\"brz-column__items brz-css-bxjju brz-css-eswtc\">\n<div class=\"brz-css-ksgqp brz-css-fndvs brz-wrapper\">\n<div class=\"brz-rich-text brz-css-tubfm\" data-custom-id=\"svadbgdswwbmckzoucyrtjwxyuqevjwhonye\">\n<div>\n<p class=\"brz-css-yusai\"><em class=\"brz-cp-color8\">Leah<\/em><em class=\"brz-cp-color3\"> <\/em><\/p>\n<\/div>\n<\/div>\n<\/div>\n<\/div>\n<\/div>\n<\/div>\n<\/div>\n<div class=\"brz-css-ksgqp brz-wrapper\">\n<div class=\"brz-image brz-css-xmepv\"><img class=\"brz-img\" src=\"https:\/\/ffbozen.it\/de\/wp-content\/uploads\/brizy\/imgs\/FFBozen_Feuerwehrjugend_Leah-485x863x27x316x539x300x1627299060.jpg\" alt=\"\" loading=\"lazy\" \/><\/div>\n<\/div>\n<\/div>\n<\/div>\n<div data-iteration-count=\"1\" class=\"brz-columns brz-css-vxaty brz-css-waznv brz-animated brz-css-viqfe brz-css-aydgi\" data-custom-id=\"fnwbhovulrfpzevsawcjpqzegykufemvbsku\">\n<div class=\"brz-bg\">\n<div class=\"brz-bg-color\"><\/div>\n<\/div>\n<div class=\"brz-column__items brz-css-bxjju brz-css-sbzzb\">\n<div class=\"brz-css-ksgqp brz-wrapper\">\n<div class=\"brz-rich-text brz-css-tubfm\" data-custom-id=\"toygcjsjmaxdhbuprdjbisigsljwzaotdtju\">\n<div>\n<h4 class=\"brz-css-clnor\"><span class=\"brz-cp-color1\">\u201eI bin pa dr freiwilligen Fuiorwehr, weils mi motiviert ondere Leit zu helfen.\u201c <\/span><\/h4>\n<\/div>\n<\/div>\n<\/div>\n<div class=\"brz-css-ksgqp brz-css-yvufz brz-css-lzzuq brz-wrapper\">\n<div class=\"brz-spacer brz-css-xsfup brz-css-aiycf\"><\/div>\n<\/div>\n<div class=\"brz-row__container brz-css-xjvfl\" data-custom-id=\"pzcmrajiaykgrhuqwvecstxbtahmyfhoconr\">\n<div class=\"brz-row brz-row--inner brz-css-fjvwa brz-css-rvewb\">\n<div class=\"brz-columns brz-css-vxaty brz-css-zjwii\" data-custom-id=\"lwwbzaehmhozpvaxoynutogfnihqpggyyapk\">\n<div class=\"brz-column__items brz-css-bxjju brz-css-imqvo\">\n<div class=\"brz-css-ksgqp brz-css-taanw brz-wrapper\">\n<div class=\"brz-rich-text brz-css-tubfm\" data-custom-id=\"vxsbjnoxidptqrsxnxuhzlhfdrvalqquznrh\">\n<div>\n<p class=\"brz-css-puqjz\"><em class=\"brz-cp-color8\">Lisa<\/em><\/p>\n<p class=\"brz-css-jepmb\"><em class=\"brz-cp-color8\"> <\/em><\/p>\n<p class=\"brz-css-jxsap\"><em class=\"brz-cp-color8\"> <\/em><\/p>\n<p class=\"brz-css-ahhko\"><em class=\"brz-cp-color8\"> <\/em><\/p>\n<\/div>\n<\/div>\n<\/div>\n<\/div>\n<\/div>\n<\/div>\n<\/div>\n<div class=\"brz-css-ksgqp brz-wrapper\">\n<div class=\"brz-image brz-css-ajipv\"><img class=\"brz-img\" src=\"https:\/\/ffbozen.it\/de\/wp-content\/uploads\/brizy\/imgs\/FFBozen_Feuerwehrjugend_Lisa-433x770x54x158x541x300x1627299061.jpg\" alt=\"\" loading=\"lazy\" \/><\/div>\n<\/div>\n<\/div>\n<\/div>\n<\/div>\n<\/div>\n<\/div>\n<\/div>\n<\/section>\n<\/div>\n<p><!-- version:1774468425 --><\/p>\n","protected":false},"excerpt":{"rendered":"<p>Wir sind die Jugend von heute und die Retter von morgen ! Bei der Freiwilligen Feuerwehr Bozen wird die Jugendarbeit sehr gro\u00df geschrieben, denn sie soll den Nachwuchs und damit auch den Fortbestand unserer Feuerwehr sichern. Die Jugendlichen zwischen 10 und 17 Jahren werden in regelm\u00e4\u00dfigen Proben auf den aktiven Dienst bei der Feuerwehr vorbereitet&nbsp;&hellip;<\/p>\n","protected":false},"author":1,"featured_media":0,"parent":0,"menu_order":0,"comment_status":"closed","ping_status":"closed","template":"","meta":[],"yoast_head":"<!-- This site is optimized with the Yoast SEO plugin v20.4 - https:\/\/yoast.com\/wordpress\/plugins\/seo\/ -->\n<title>Feuerwehrjugend - Freiwillige Feuerwehr Bozen EO<\/title>\n<meta name=\"robots\" content=\"index, follow, max-snippet:-1, max-image-preview:large, max-video-preview:-1\" \/>\n<link rel=\"canonical\" href=\"https:\/\/ffbozen.it\/de\/feuerwehrjugend\/\" \/>\n<meta property=\"og:locale\" content=\"de_DE\" \/>\n<meta property=\"og:type\" content=\"article\" \/>\n<meta property=\"og:title\" content=\"Feuerwehrjugend - Freiwillige Feuerwehr Bozen EO\" \/>\n<meta property=\"og:description\" content=\"Wir sind die Jugend von heute und die Retter von morgen ! Bei der Freiwilligen Feuerwehr Bozen wird die Jugendarbeit sehr gro\u00df geschrieben, denn sie soll den Nachwuchs und damit auch den Fortbestand unserer Feuerwehr sichern. Die Jugendlichen zwischen 10 und 17 Jahren werden in regelm\u00e4\u00dfigen Proben auf den aktiven Dienst bei der Feuerwehr vorbereitet&nbsp;&hellip;\" \/>\n<meta property=\"og:url\" content=\"https:\/\/ffbozen.it\/de\/feuerwehrjugend\/\" \/>\n<meta property=\"og:site_name\" content=\"Freiwillige Feuerwehr Bozen EO\" \/>\n<meta property=\"article:publisher\" content=\"https:\/\/www.facebook.com\/ff.bozen\" \/>\n<meta property=\"article:modified_time\" content=\"2026-03-25T19:53:45+00:00\" \/>\n<meta property=\"og:image\" content=\"https:\/\/ffbozen.it\/de\/wp-content\/uploads\/brizy\/imgs\/FFBozen_Feuerwehrjugend_Joachim-593x791x45x269x539x300x1627299059.jpg\" \/>\n<meta name=\"twitter:card\" content=\"summary_large_image\" \/>\n<meta name=\"twitter:label1\" content=\"Gesch\u00e4tzte Lesezeit\" \/>\n\t<meta name=\"twitter:data1\" content=\"1\u00a0Minute\" \/>\n<script type=\"application\/ld+json\" class=\"yoast-schema-graph\">{\"@context\":\"https:\/\/schema.org\",\"@graph\":[{\"@type\":\"WebPage\",\"@id\":\"https:\/\/ffbozen.it\/de\/feuerwehrjugend\/\",\"url\":\"https:\/\/ffbozen.it\/de\/feuerwehrjugend\/\",\"name\":\"Feuerwehrjugend - Freiwillige Feuerwehr Bozen EO\",\"isPartOf\":{\"@id\":\"https:\/\/ffbozen.it\/de\/#website\"},\"datePublished\":\"2020-11-17T07:11:27+00:00\",\"dateModified\":\"2026-03-25T19:53:45+00:00\",\"breadcrumb\":{\"@id\":\"https:\/\/ffbozen.it\/de\/feuerwehrjugend\/#breadcrumb\"},\"inLanguage\":\"de\",\"potentialAction\":[{\"@type\":\"ReadAction\",\"target\":[\"https:\/\/ffbozen.it\/de\/feuerwehrjugend\/\"]}]},{\"@type\":\"BreadcrumbList\",\"@id\":\"https:\/\/ffbozen.it\/de\/feuerwehrjugend\/#breadcrumb\",\"itemListElement\":[{\"@type\":\"ListItem\",\"position\":1,\"name\":\"Startseite\",\"item\":\"https:\/\/ffbozen.it\/de\/\"},{\"@type\":\"ListItem\",\"position\":2,\"name\":\"Feuerwehrjugend\"}]},{\"@type\":\"WebSite\",\"@id\":\"https:\/\/ffbozen.it\/de\/#website\",\"url\":\"https:\/\/ffbozen.it\/de\/\",\"name\":\"Freiwillige Feuerwehr Bozen EO\",\"description\":\"\",\"publisher\":{\"@id\":\"https:\/\/ffbozen.it\/de\/#organization\"},\"potentialAction\":[{\"@type\":\"SearchAction\",\"target\":{\"@type\":\"EntryPoint\",\"urlTemplate\":\"https:\/\/ffbozen.it\/de\/?s={search_term_string}\"},\"query-input\":\"required name=search_term_string\"}],\"inLanguage\":\"de\"},{\"@type\":\"Organization\",\"@id\":\"https:\/\/ffbozen.it\/de\/#organization\",\"name\":\"Freiwillige Feuerwehr Bozen\",\"url\":\"https:\/\/ffbozen.it\/de\/\",\"logo\":{\"@type\":\"ImageObject\",\"inLanguage\":\"de\",\"@id\":\"https:\/\/ffbozen.it\/de\/#\/schema\/logo\/image\/\",\"url\":\"https:\/\/ffbozen.it\/de\/wp-content\/uploads\/2020\/11\/Logo-ohne-Text-scaled-e1606231422963.jpg\",\"contentUrl\":\"https:\/\/ffbozen.it\/de\/wp-content\/uploads\/2020\/11\/Logo-ohne-Text-scaled-e1606231422963.jpg\",\"width\":350,\"height\":140,\"caption\":\"Freiwillige Feuerwehr Bozen\"},\"image\":{\"@id\":\"https:\/\/ffbozen.it\/de\/#\/schema\/logo\/image\/\"},\"sameAs\":[\"https:\/\/www.facebook.com\/ff.bozen\",\"https:\/\/www.instagram.com\/ff.bozen\/\"]}]}<\/script>\n<!-- \/ Yoast SEO plugin. -->","yoast_head_json":{"title":"Feuerwehrjugend - Freiwillige Feuerwehr Bozen EO","robots":{"index":"index","follow":"follow","max-snippet":"max-snippet:-1","max-image-preview":"max-image-preview:large","max-video-preview":"max-video-preview:-1"},"canonical":"https:\/\/ffbozen.it\/de\/feuerwehrjugend\/","og_locale":"de_DE","og_type":"article","og_title":"Feuerwehrjugend - Freiwillige Feuerwehr Bozen EO","og_description":"Wir sind die Jugend von heute und die Retter von morgen ! Bei der Freiwilligen Feuerwehr Bozen wird die Jugendarbeit sehr gro\u00df geschrieben, denn sie soll den Nachwuchs und damit auch den Fortbestand unserer Feuerwehr sichern. Die Jugendlichen zwischen 10 und 17 Jahren werden in regelm\u00e4\u00dfigen Proben auf den aktiven Dienst bei der Feuerwehr vorbereitet&nbsp;&hellip;","og_url":"https:\/\/ffbozen.it\/de\/feuerwehrjugend\/","og_site_name":"Freiwillige Feuerwehr Bozen EO","article_publisher":"https:\/\/www.facebook.com\/ff.bozen","article_modified_time":"2026-03-25T19:53:45+00:00","og_image":[{"url":"https:\/\/ffbozen.it\/de\/wp-content\/uploads\/brizy\/imgs\/FFBozen_Feuerwehrjugend_Joachim-593x791x45x269x539x300x1627299059.jpg"}],"twitter_card":"summary_large_image","twitter_misc":{"Gesch\u00e4tzte Lesezeit":"1\u00a0Minute"},"schema":{"@context":"https:\/\/schema.org","@graph":[{"@type":"WebPage","@id":"https:\/\/ffbozen.it\/de\/feuerwehrjugend\/","url":"https:\/\/ffbozen.it\/de\/feuerwehrjugend\/","name":"Feuerwehrjugend - Freiwillige Feuerwehr Bozen EO","isPartOf":{"@id":"https:\/\/ffbozen.it\/de\/#website"},"datePublished":"2020-11-17T07:11:27+00:00","dateModified":"2026-03-25T19:53:45+00:00","breadcrumb":{"@id":"https:\/\/ffbozen.it\/de\/feuerwehrjugend\/#breadcrumb"},"inLanguage":"de","potentialAction":[{"@type":"ReadAction","target":["https:\/\/ffbozen.it\/de\/feuerwehrjugend\/"]}]},{"@type":"BreadcrumbList","@id":"https:\/\/ffbozen.it\/de\/feuerwehrjugend\/#breadcrumb","itemListElement":[{"@type":"ListItem","position":1,"name":"Startseite","item":"https:\/\/ffbozen.it\/de\/"},{"@type":"ListItem","position":2,"name":"Feuerwehrjugend"}]},{"@type":"WebSite","@id":"https:\/\/ffbozen.it\/de\/#website","url":"https:\/\/ffbozen.it\/de\/","name":"Freiwillige Feuerwehr Bozen EO","description":"","publisher":{"@id":"https:\/\/ffbozen.it\/de\/#organization"},"potentialAction":[{"@type":"SearchAction","target":{"@type":"EntryPoint","urlTemplate":"https:\/\/ffbozen.it\/de\/?s={search_term_string}"},"query-input":"required name=search_term_string"}],"inLanguage":"de"},{"@type":"Organization","@id":"https:\/\/ffbozen.it\/de\/#organization","name":"Freiwillige Feuerwehr Bozen","url":"https:\/\/ffbozen.it\/de\/","logo":{"@type":"ImageObject","inLanguage":"de","@id":"https:\/\/ffbozen.it\/de\/#\/schema\/logo\/image\/","url":"https:\/\/ffbozen.it\/de\/wp-content\/uploads\/2020\/11\/Logo-ohne-Text-scaled-e1606231422963.jpg","contentUrl":"https:\/\/ffbozen.it\/de\/wp-content\/uploads\/2020\/11\/Logo-ohne-Text-scaled-e1606231422963.jpg","width":350,"height":140,"caption":"Freiwillige Feuerwehr Bozen"},"image":{"@id":"https:\/\/ffbozen.it\/de\/#\/schema\/logo\/image\/"},"sameAs":["https:\/\/www.facebook.com\/ff.bozen","https:\/\/www.instagram.com\/ff.bozen\/"]}]}},"_links":{"self":[{"href":"https:\/\/ffbozen.it\/de\/wp-json\/wp\/v2\/pages\/31"}],"collection":[{"href":"https:\/\/ffbozen.it\/de\/wp-json\/wp\/v2\/pages"}],"about":[{"href":"https:\/\/ffbozen.it\/de\/wp-json\/wp\/v2\/types\/page"}],"author":[{"embeddable":true,"href":"https:\/\/ffbozen.it\/de\/wp-json\/wp\/v2\/users\/1"}],"replies":[{"embeddable":true,"href":"https:\/\/ffbozen.it\/de\/wp-json\/wp\/v2\/comments?post=31"}],"version-history":[{"count":10,"href":"https:\/\/ffbozen.it\/de\/wp-json\/wp\/v2\/pages\/31\/revisions"}],"predecessor-version":[{"id":24138,"href":"https:\/\/ffbozen.it\/de\/wp-json\/wp\/v2\/pages\/31\/revisions\/24138"}],"wp:attachment":[{"href":"https:\/\/ffbozen.it\/de\/wp-json\/wp\/v2\/media?parent=31"}],"curies":[{"name":"wp","href":"https:\/\/api.w.org\/{rel}","templated":true}]}}